{"id":4405157,"date":"2024-12-16T09:03:11","date_gmt":"2024-12-16T09:03:11","guid":{"rendered":"https:\/\/retouch-nexus.eu\/?page_id=4405157"},"modified":"2024-12-16T09:04:43","modified_gmt":"2024-12-16T09:04:43","slug":"all-events","status":"publish","type":"page","link":"https:\/\/retouch-nexus.eu\/sk\/all-events\/","title":{"rendered":"All Events"},"content":{"rendered":"<p>[et_pb_section fb_built=&#8221;1&#8243; admin_label=&#8221;Hero&#8221; _builder_version=&#8221;4.25.1&#8243; _module_preset=&#8221;default&#8221; background_image=&#8221;https:\/\/retouch-nexus.eu\/wp-content\/uploads\/2024\/06\/0-e2722425-cd85-4842-9239-eff3cea77e0d-800&#215;800.jpg&#8221; background_enable_mask_style=&#8221;on&#8221; background_mask_style=&#8221;corner-blob&#8221; locked=&#8221;off&#8221; collapsed=&#8221;off&#8221; global_colors_info=&#8221;{}&#8221; theme_builder_area=&#8221;post_content&#8221;][et_pb_row column_structure=&#8221;2_5,3_5&#8243; _builder_version=&#8221;4.27.4&#8243; _module_preset=&#8221;5138c454-be54-4233-bd3b-f8e6a8747976&#8243; hover_enabled=&#8221;0&#8243; locked=&#8221;off&#8221; global_colors_info=&#8221;{}&#8221; theme_builder_area=&#8221;post_content&#8221; sticky_enabled=&#8221;0&#8243;][et_pb_column type=&#8221;2_5&#8243; _builder_version=&#8221;4.23.1&#8243; _module_preset=&#8221;73121f80-a3ef-4484-8763-c3f18e3c56d2&#8243; global_colors_info=&#8221;{}&#8221; theme_builder_area=&#8221;post_content&#8221;][et_pb_heading title=&#8221;Ensuring Resilient Water Governance&#8221; _builder_version=&#8221;4.25.1&#8243; _module_preset=&#8221;f0c675ea-2574-4d0e-b725-30f8550a8550&#8243; title_level=&#8221;h4&#8243; title_font=&#8221;Proza Libre|Cormorant Garamond_weight||on|||||&#8221; title_text_align=&#8221;left&#8221; title_text_color=&#8221;#22577a&#8221; title_font_size=&#8221;14px&#8221; title_letter_spacing=&#8221;1px&#8221; title_line_height=&#8221;1.4em&#8221; custom_margin=&#8221;||10px||false|false&#8221; title_font_size_tablet=&#8221;13px&#8221; title_font_size_phone=&#8221;13px&#8221; title_font_size_last_edited=&#8221;on|desktop&#8221; locked=&#8221;off&#8221; global_colors_info=&#8221;{%22#22577a%22:%91%22title_text_color%22%93}&#8221; theme_builder_area=&#8221;post_content&#8221;][\/et_pb_heading][et_pb_heading title=&#8221;RETOUCH NEXUS: Discover All Our Events&#8221; _builder_version=&#8221;4.27.4&#8243; _module_preset=&#8221;ddeb8c09-9078-4424-bc15-2efb6572e28e&#8221; title_level=&#8221;h3&#8243; title_font=&#8221;&#8211;et_global_heading_font|Cormorant Garamond_weight|||||||&#8221; title_text_align=&#8221;left&#8221; title_text_color=&#8221;#0e0c19&#8243; title_font_size=&#8221;32px&#8221; title_line_height=&#8221;1.15em&#8221; module_alignment=&#8221;left&#8221; custom_margin=&#8221;||5px||false|false&#8221; hover_enabled=&#8221;0&#8243; title_font_size_tablet=&#8221;40px&#8221; title_font_size_phone=&#8221;24px&#8221; title_font_size_last_edited=&#8221;on|phone&#8221; locked=&#8221;off&#8221; global_colors_info=&#8221;{%22#22577a%22:%91%22title_text_color%22%93}&#8221; theme_builder_area=&#8221;post_content&#8221; sticky_enabled=&#8221;0&#8243;][\/et_pb_heading][et_pb_text _builder_version=&#8221;4.27.4&#8243; _module_preset=&#8221;default&#8221; theme_builder_area=&#8221;post_content&#8221; hover_enabled=&#8221;0&#8243; sticky_enabled=&#8221;0&#8243;]<\/p>\n<p>Explore all the events attended and organised by our partners, showcasing the RETOUCH NEXUS project.<\/p>\n<p>[\/et_pb_text][et_pb_search placeholder=&#8221;Use the search bar to find one of our events&#8221; _builder_version=&#8221;4.25.1&#8243; _module_preset=&#8221;default&#8221; global_colors_info=&#8221;{}&#8221; theme_builder_area=&#8221;post_content&#8221;][\/et_pb_search][\/et_pb_column][et_pb_column type=&#8221;3_5&#8243; _builder_version=&#8221;4.23.1&#8243; _module_preset=&#8221;73121f80-a3ef-4484-8763-c3f18e3c56d2&#8243; global_colors_info=&#8221;{}&#8221; theme_builder_area=&#8221;post_content&#8221;][\/et_pb_column][\/et_pb_row][\/et_pb_section][et_pb_section fb_built=&#8221;1&#8243; admin_label=&#8221;Gallery&#8221; module_id=&#8221;past-events&#8221; _builder_version=&#8221;4.27.4&#8243; _module_preset=&#8221;default&#8221; background_color=&#8221;#093E50&#8243; hover_enabled=&#8221;0&#8243; locked=&#8221;off&#8221; collapsed=&#8221;on&#8221; global_colors_info=&#8221;{}&#8221; theme_builder_area=&#8221;post_content&#8221; sticky_enabled=&#8221;0&#8243;][et_pb_row use_custom_gutter=&#8221;on&#8221; gutter_width=&#8221;4&#8243; _builder_version=&#8221;4.27.4&#8243; _module_preset=&#8221;5138c454-be54-4233-bd3b-f8e6a8747976&#8243; global_colors_info=&#8221;{}&#8221; theme_builder_area=&#8221;post_content&#8221;][et_pb_column type=&#8221;4_4&#8243; _builder_version=&#8221;4.17.4&#8243; _module_preset=&#8221;73121f80-a3ef-4484-8763-c3f18e3c56d2&#8243; global_colors_info=&#8221;{}&#8221; theme_builder_area=&#8221;post_content&#8221;][et_pb_heading title=&#8221;Conferences attended&#8221; _builder_version=&#8221;4.27.4&#8243; _module_preset=&#8221;f0c675ea-2574-4d0e-b725-30f8550a8550&#8243; title_level=&#8221;h4&#8243; title_font=&#8221;Proza Libre|Cormorant Garamond_weight||on|||||&#8221; title_text_align=&#8221;center&#8221; title_text_color=&#8221;#B7D983&#8243; title_font_size=&#8221;14px&#8221; title_letter_spacing=&#8221;1px&#8221; title_line_height=&#8221;1.4em&#8221; custom_margin=&#8221;||10px||false|false&#8221; title_font_size_tablet=&#8221;13px&#8221; title_font_size_phone=&#8221;13px&#8221; title_font_size_last_edited=&#8221;on|desktop&#8221; global_colors_info=&#8221;{%22#003566%22:%91%22title_text_color%22%93}&#8221; theme_builder_area=&#8221;post_content&#8221;][\/et_pb_heading][dsm_blog_carousel posts_number=&#8221;50&#8243; include_categories=&#8221;67&#8243; excerpt_length=&#8221;20&#8243; use_author=&#8221;off&#8221; use_readmore=&#8221;on&#8221; columns=&#8221;4&#8243; multiple_slide_row=&#8221;on&#8221; slide_row=&#8221;4&#8243; autoplay=&#8221;off&#8221; _builder_version=&#8221;4.27.4&#8243; _module_preset=&#8221;default&#8221; hover_enabled=&#8221;0&#8243; global_colors_info=&#8221;{}&#8221; theme_builder_area=&#8221;post_content&#8221; sticky_enabled=&#8221;0&#8243;][\/dsm_blog_carousel][\/et_pb_column][\/et_pb_row][\/et_pb_section][et_pb_section fb_built=&#8221;1&#8243; theme_builder_area=&#8221;post_content&#8221; _builder_version=&#8221;4.27.4&#8243; _module_preset=&#8221;default&#8221;][et_pb_row use_custom_gutter=&#8221;on&#8221; gutter_width=&#8221;4&#8243; _builder_version=&#8221;4.27.4&#8243; _module_preset=&#8221;5138c454-be54-4233-bd3b-f8e6a8747976&#8243; hover_enabled=&#8221;0&#8243; global_colors_info=&#8221;{}&#8221; theme_builder_area=&#8221;post_content&#8221; sticky_enabled=&#8221;0&#8243;][et_pb_column type=&#8221;4_4&#8243; _builder_version=&#8221;4.17.4&#8243; _module_preset=&#8221;73121f80-a3ef-4484-8763-c3f18e3c56d2&#8243; global_colors_info=&#8221;{}&#8221; theme_builder_area=&#8221;post_content&#8221;][et_pb_heading title=&#8221;Case study workshops&#8221; _builder_version=&#8221;4.27.4&#8243; _module_preset=&#8221;f0c675ea-2574-4d0e-b725-30f8550a8550&#8243; title_level=&#8221;h4&#8243; title_font=&#8221;Proza Libre|Cormorant Garamond_weight||on|||||&#8221; title_text_align=&#8221;center&#8221; title_text_color=&#8221;#B7D983&#8243; title_font_size=&#8221;14px&#8221; title_letter_spacing=&#8221;1px&#8221; title_line_height=&#8221;1.4em&#8221; custom_margin=&#8221;||10px||false|false&#8221; title_font_size_tablet=&#8221;13px&#8221; title_font_size_phone=&#8221;13px&#8221; title_font_size_last_edited=&#8221;on|desktop&#8221; global_colors_info=&#8221;{%22#003566%22:%91%22title_text_color%22%93}&#8221; theme_builder_area=&#8221;post_content&#8221;][\/et_pb_heading][dsm_blog_carousel posts_number=&#8221;50&#8243; include_categories=&#8221;65&#8243; excerpt_length=&#8221;20&#8243; use_author=&#8221;off&#8221; use_readmore=&#8221;on&#8221; columns=&#8221;4&#8243; autoplay=&#8221;off&#8221; _builder_version=&#8221;4.27.4&#8243; _module_preset=&#8221;default&#8221; hover_enabled=&#8221;0&#8243; global_colors_info=&#8221;{}&#8221; theme_builder_area=&#8221;post_content&#8221; sticky_enabled=&#8221;0&#8243; multiple_slide_row=&#8221;on&#8221; slide_row=&#8221;4&#8243;][\/dsm_blog_carousel][\/et_pb_column][\/et_pb_row][\/et_pb_section][et_pb_section fb_built=&#8221;1&#8243; theme_builder_area=&#8221;post_content&#8221; _builder_version=&#8221;4.27.4&#8243; _module_preset=&#8221;default&#8221; background_color=&#8221;#093E50&#8243; hover_enabled=&#8221;0&#8243; sticky_enabled=&#8221;0&#8243;][et_pb_row use_custom_gutter=&#8221;on&#8221; gutter_width=&#8221;4&#8243; _builder_version=&#8221;4.27.4&#8243; _module_preset=&#8221;5138c454-be54-4233-bd3b-f8e6a8747976&#8243; hover_enabled=&#8221;0&#8243; global_colors_info=&#8221;{}&#8221; theme_builder_area=&#8221;post_content&#8221; sticky_enabled=&#8221;0&#8243;][et_pb_column type=&#8221;4_4&#8243; _builder_version=&#8221;4.17.4&#8243; _module_preset=&#8221;73121f80-a3ef-4484-8763-c3f18e3c56d2&#8243; global_colors_info=&#8221;{}&#8221; theme_builder_area=&#8221;post_content&#8221;][et_pb_heading title=&#8221;Our Project meetings&#8221; _builder_version=&#8221;4.27.4&#8243; _module_preset=&#8221;f0c675ea-2574-4d0e-b725-30f8550a8550&#8243; title_level=&#8221;h4&#8243; title_font=&#8221;Proza Libre|Cormorant Garamond_weight||on|||||&#8221; title_text_align=&#8221;center&#8221; title_text_color=&#8221;#B7D983&#8243; title_font_size=&#8221;14px&#8221; title_letter_spacing=&#8221;1px&#8221; title_line_height=&#8221;1.4em&#8221; custom_margin=&#8221;||10px||false|false&#8221; title_font_size_tablet=&#8221;13px&#8221; title_font_size_phone=&#8221;13px&#8221; title_font_size_last_edited=&#8221;on|desktop&#8221; global_colors_info=&#8221;{%22#003566%22:%91%22title_text_color%22%93}&#8221; theme_builder_area=&#8221;post_content&#8221;][\/et_pb_heading][dsm_blog_carousel posts_number=&#8221;50&#8243; include_categories=&#8221;22&#8243; excerpt_length=&#8221;25&#8243; use_author=&#8221;off&#8221; use_readmore=&#8221;on&#8221; columns=&#8221;4&#8243; autoplay=&#8221;off&#8221; _builder_version=&#8221;4.27.4&#8243; _module_preset=&#8221;default&#8221; hover_enabled=&#8221;0&#8243; global_colors_info=&#8221;{}&#8221; theme_builder_area=&#8221;post_content&#8221; multiple_slide_row=&#8221;on&#8221; slide_row=&#8221;3&#8243; sticky_enabled=&#8221;0&#8243;][\/dsm_blog_carousel][et_pb_button button_url=&#8221;@ET-DC@eyJkeW5hbWljIjp0cnVlLCJjb250ZW50IjoicG9zdF9saW5rX3VybF9wYWdlIiwic2V0dGluZ3MiOnsicG9zdF9pZCI6IjQ0MDIzMjMifX0=@&#8221; button_text=&#8221;Meet Our Team&#8221; button_alignment=&#8221;center&#8221; _builder_version=&#8221;4.27.4&#8243; _dynamic_attributes=&#8221;button_url&#8221; _module_preset=&#8221;default&#8221; global_colors_info=&#8221;{}&#8221; theme_builder_area=&#8221;post_content&#8221;][\/et_pb_button][\/et_pb_column][\/et_pb_row][\/et_pb_section][et_pb_section fb_built=&#8221;1&#8243; admin_label=&#8221;Newsletter&#8221; module_id=&#8221;newsletter&#8221; _builder_version=&#8221;4.27.4&#8243; _module_preset=&#8221;default&#8221; background_color=&#8221;#B7D983&#8243; locked=&#8221;off&#8221; collapsed=&#8221;on&#8221; global_colors_info=&#8221;{%22#003566%22:%91%22background_color%22%93}&#8221; theme_builder_area=&#8221;post_content&#8221;][et_pb_row column_structure=&#8221;1_2,1_2&#8243; _builder_version=&#8221;4.17.6&#8243; _module_preset=&#8221;5138c454-be54-4233-bd3b-f8e6a8747976&#8243; global_colors_info=&#8221;{}&#8221; theme_builder_area=&#8221;post_content&#8221;][et_pb_column type=&#8221;1_2&#8243; _builder_version=&#8221;4.17.3&#8243; _module_preset=&#8221;73121f80-a3ef-4484-8763-c3f18e3c56d2&#8243; custom_padding_tablet=&#8221;||30px||false|false&#8221; custom_padding_phone=&#8221;||30px||false|false&#8221; custom_padding_last_edited=&#8221;on|tablet&#8221; global_colors_info=&#8221;{}&#8221; theme_builder_area=&#8221;post_content&#8221;][et_pb_heading title=&#8221;Stay Updated with Our Newsletter&#8221; _builder_version=&#8221;4.25.1&#8243; _module_preset=&#8221;c33f07d9-41e0-421a-8799-5799df695cce&#8221; title_font=&#8221;&#8211;et_global_heading_font|Cormorant Garamond_weight|||||||&#8221; title_text_color=&#8221;#FFFFFF&#8221; title_font_size=&#8221;32px&#8221; title_line_height=&#8221;1.2em&#8221; custom_margin=&#8221;||10px||false|false&#8221; title_font_size_tablet=&#8221;28px&#8221; title_font_size_phone=&#8221;20px&#8221; title_font_size_last_edited=&#8221;on|phone&#8221; locked=&#8221;off&#8221; global_colors_info=&#8221;{}&#8221; theme_builder_area=&#8221;post_content&#8221;][\/et_pb_heading][et_pb_text quote_border_color=&#8221;#FFFFFF&#8221; _builder_version=&#8221;4.27.0&#8243; _module_preset=&#8221;0504de1e-f5ff-4281-ba60-cbbe4edf98bc&#8221; text_font=&#8221;&#8211;et_global_body_font|Proza Libre_weight|||||||&#8221; text_text_color=&#8221;#FFFFFF&#8221; link_font=&#8221;||||on||||&#8221; link_text_color=&#8221;#FFFFFF&#8221; quote_font=&#8221;Cormorant Garamond|Cormorant Garamond_weight|||||||&#8221; quote_text_color=&#8221;#FFFFFF&#8221; header_font=&#8221;&#8211;et_global_body_font|Cormorant Garamond_weight|||||||&#8221; header_text_color=&#8221;#FFFFFF&#8221; header_font_size=&#8221;72px&#8221; header_line_height=&#8221;1.15em&#8221; header_2_font=&#8221;Cormorant Garamond|Cormorant Garamond_weight|||||||&#8221; header_2_text_color=&#8221;#FFFFFF&#8221; header_2_font_size=&#8221;50px&#8221; header_2_line_height=&#8221;1.2em&#8221; header_3_font=&#8221;Cormorant Garamond|Cormorant Garamond_weight|||||||&#8221; header_3_text_color=&#8221;#FFFFFF&#8221; header_3_font_size=&#8221;32px&#8221; header_3_line_height=&#8221;1.3em&#8221; header_4_font=&#8221;Cormorant Garamond|Cormorant Garamond_weight|||||||&#8221; header_4_text_color=&#8221;#FFFFFF&#8221; header_4_font_size=&#8221;24px&#8221; header_4_line_height=&#8221;1.4em&#8221; header_5_font=&#8221;Cormorant Garamond|Cormorant Garamond_weight|||||||&#8221; header_5_text_color=&#8221;#FFFFFF&#8221; header_5_font_size=&#8221;18px&#8221; header_5_line_height=&#8221;1.4em&#8221; header_6_font=&#8221;Cormorant Garamond|Cormorant Garamond_weight|||||||&#8221; header_6_text_color=&#8221;#FFFFFF&#8221; header_6_line_height=&#8221;1.5em&#8221; custom_margin=&#8221;||30px||false|false&#8221; text_font_size_tablet=&#8221;15px&#8221; text_font_size_phone=&#8221;14px&#8221; text_font_size_last_edited=&#8221;on|phone&#8221; header_font_size_tablet=&#8221;40px&#8221; header_font_size_phone=&#8221;24px&#8221; header_font_size_last_edited=&#8221;on|desktop&#8221; header_2_font_size_tablet=&#8221;28px&#8221; header_2_font_size_phone=&#8221;20px&#8221; header_2_font_size_last_edited=&#8221;on|phone&#8221; header_3_font_size_tablet=&#8221;22px&#8221; header_3_font_size_phone=&#8221;17px&#8221; header_3_font_size_last_edited=&#8221;on|phone&#8221; header_4_font_size_tablet=&#8221;18px&#8221; header_4_font_size_phone=&#8221;15px&#8221; header_4_font_size_last_edited=&#8221;on|tablet&#8221; header_5_font_size_tablet=&#8221;15px&#8221; header_5_font_size_phone=&#8221;14px&#8221; header_5_font_size_last_edited=&#8221;on|desktop&#8221; header_6_font_size_tablet=&#8221;13px&#8221; header_6_font_size_phone=&#8221;13px&#8221; header_6_font_size_last_edited=&#8221;on|desktop&#8221; locked=&#8221;off&#8221; global_colors_info=&#8221;{%22gcid-36fd78a7-34bc-404d-873c-dafa34efaae5%22:%91%22icon_color%22,%22icon_color%22,%22icon_color%22,%22icon_color%22,%22link_text_color%22,%22icon_color%22,%22icon_color%22,%22icon_color%22,%22icon_color%22,%22link_text_color%22%93}&#8221; theme_builder_area=&#8221;post_content&#8221;]<\/p>\n<p>Subscribe to the Retouch-Nexus newsletter to receive the latest updates on our events, research findings, and initiatives. Be the first to know about upcoming webinars, conferences, and workshops dedicated to smart water governance.<\/p>\n<p>[\/et_pb_text][et_pb_signup mailchimp_list=&#8221;RETOUCH_NEXUS|8454b592aa&#8221; layout=&#8221;top_bottom&#8221; first_name_field=&#8221;off&#8221; last_name_field=&#8221;off&#8221; _builder_version=&#8221;4.25.1&#8243; _module_preset=&#8221;9eb953e9-ab90-4e8c-b6ac-9daa4b421b28&#8243; form_field_background_color=&#8221;RGBA(255,255,255,0)&#8221; form_field_text_color=&#8221;rgba(255,255,255,0.8)&#8221; form_field_focus_text_color=&#8221;#FFFFFF&#8221; form_field_custom_padding=&#8221;18px||18px||true|false&#8221; header_level=&#8221;h3&#8243; header_font=&#8221;Cormorant Garamond|Cormorant Garamond_weight|||||||&#8221; header_text_color=&#8221;#FFFFFF&#8221; header_font_size=&#8221;32px&#8221; body_font=&#8221;Proza Libre|Proza Libre_weight|||||||&#8221; body_text_color=&#8221;#FFFFFF&#8221; body_line_height=&#8221;1.75em&#8221; result_message_text_color=&#8221;#FFFFFF&#8221; form_field_font=&#8221;Proza Libre|Proza Libre_weight|||||||&#8221; form_field_font_size=&#8221;14px&#8221; body_link_text_color=&#8221;#FFFFFF&#8221; use_background_color=&#8221;off&#8221; custom_button=&#8221;on&#8221; button_text_size=&#8221;14px&#8221; button_text_color=&#8221;#003566&#8243; button_bg_color=&#8221;#FFFFFF&#8221; button_border_width=&#8221;0px&#8221; button_border_radius=&#8221;100px&#8221; button_font=&#8221;Proza Libre|700|||||||&#8221; button_custom_margin=&#8221;||||false|false&#8221; button_custom_padding=&#8221;12px|24px|12px|24px|true|true&#8221; header_font_size_tablet=&#8221;22px&#8221; header_font_size_phone=&#8221;17px&#8221; header_font_size_last_edited=&#8221;on|tablet&#8221; body_font_size_tablet=&#8221;15px&#8221; body_font_size_phone=&#8221;14px&#8221; body_font_size_last_edited=&#8221;on|tablet&#8221; border_radii_fields=&#8221;on|6px|6px|6px|6px&#8221; border_width_all_fields=&#8221;2px&#8221; border_color_all_fields=&#8221;rgba(255,255,255,0.4)&#8221; locked=&#8221;off&#8221; global_colors_info=&#8221;{}&#8221; theme_builder_area=&#8221;post_content&#8221;][\/et_pb_signup][\/et_pb_column][et_pb_column type=&#8221;1_2&#8243; _builder_version=&#8221;4.17.3&#8243; _module_preset=&#8221;73121f80-a3ef-4484-8763-c3f18e3c56d2&#8243; global_colors_info=&#8221;{}&#8221; theme_builder_area=&#8221;post_content&#8221;][et_pb_heading title=&#8221;Follow Us on Social Media&#8221; _builder_version=&#8221;4.25.1&#8243; _module_preset=&#8221;8c21dae4-c59d-4c2b-958c-0e045c7f06d6&#8243; title_level=&#8221;h4&#8243; title_font=&#8221;&#8211;et_global_body_font|Cormorant Garamond_weight|||||||&#8221; title_text_color=&#8221;#FFFFFF&#8221; title_font_size=&#8221;24px&#8221; title_line_height=&#8221;1.4em&#8221; custom_margin=&#8221;||10px||false|false&#8221; title_font_size_tablet=&#8221;18px&#8221; title_font_size_phone=&#8221;15px&#8221; title_font_size_last_edited=&#8221;on|desktop&#8221; locked=&#8221;off&#8221; global_colors_info=&#8221;{}&#8221; theme_builder_area=&#8221;post_content&#8221;][\/et_pb_heading][et_pb_social_media_follow icon_color=&#8221;#003566&#8243; _builder_version=&#8221;4.25.1&#8243; _module_preset=&#8221;e9882b0e-291f-4df4-a33a-fa2ec5e42c4a&#8221; custom_css_social_icon=&#8221;background: #fff;&#8221; border_radii=&#8221;on|40px|40px|40px|40px&#8221; locked=&#8221;off&#8221; global_colors_info=&#8221;{}&#8221; theme_builder_area=&#8221;post_content&#8221;][et_pb_social_media_follow_network social_network=&#8221;twitter&#8221; url=&#8221;https:\/\/x.com\/RetouchNexus&#8221; _builder_version=&#8221;4.25.1&#8243; _module_preset=&#8221;7157d47b-1430-4c96-a27f-da782814b26a&#8221; background_color=&#8221;#FFFFFF&#8221; background_enable_color=&#8221;on&#8221; global_colors_info=&#8221;{}&#8221; theme_builder_area=&#8221;post_content&#8221; follow_button=&#8221;off&#8221; url_new_window=&#8221;on&#8221;]Join our Twitter community for real-time news and discussions.[\/et_pb_social_media_follow_network][et_pb_social_media_follow_network social_network=&#8221;linkedin&#8221; url=&#8221;https:\/\/www.linkedin.com\/company\/retouch-nexus-heu\/&#8221; _builder_version=&#8221;4.25.1&#8243; _module_preset=&#8221;7157d47b-1430-4c96-a27f-da782814b26a&#8221; background_color=&#8221;#FFFFFF&#8221; background_enable_color=&#8221;on&#8221; global_colors_info=&#8221;{}&#8221; theme_builder_area=&#8221;post_content&#8221; follow_button=&#8221;off&#8221; url_new_window=&#8221;on&#8221;]Connect with us on LinkedIn for professional networking and project updates.[\/et_pb_social_media_follow_network][\/et_pb_social_media_follow][dsm_blog_carousel include_categories=&#8221;51&#8243; use_title=&#8221;off&#8221; use_excerpt=&#8221;off&#8221; use_date=&#8221;off&#8221; use_author=&#8221;off&#8221; columns=&#8221;1&#8243; _builder_version=&#8221;4.27.0&#8243; _module_preset=&#8221;default&#8221; global_colors_info=&#8221;{}&#8221; theme_builder_area=&#8221;post_content&#8221;][\/dsm_blog_carousel][\/et_pb_column][\/et_pb_row][\/et_pb_section]<\/p>\n","protected":false},"excerpt":{"rendered":"<p>Explore all the events attended and organised by our partners, showcasing the RETOUCH NEXUS project.<div class=\"et_pb_module dsm_blog_carousel dsm_blog_carousel_0\">\n\t\t\t\t\n\t\t\t\t\n\t\t\t\t\n\t\t\t\t\n\t\t\t\t\n\t\t\t\t\n\t\t\t\t<div class=\"et_pb_module_inner\">\n\t\t\t\t\t<div class=\"dsm-blog-carousel\" data-loop='' data-speed='500' data-columnsdesktop='4' data-columnsphone='4' data-columnstablet='4' data-autoplay='off' data-autoplayspeed='5000' data-ordernumber='0' data-spacing='30' data-spacingtablet='30' data-spacingphone='30' data-effect='default' data-effect-shadows='off' data-effect-coverflow-rotate='30' data-effect-coverflow-depth='100' data-centered='off' data-multi-row='on' data-row='4' data-pagi-button-style='bullets' data-pause-on-hover='off' data-touch-move='off' data-grab='on'>\n\t\t\t\t<div class=\"swiper-container\" dir=\"ltr\">\n\t\t\t\t\t<div class=\"dsm-blog-carousel-wrapper swiper-wrapper\">\n\t\t\t\t\t\t\n\t\t\t\t<article class=\"dsm-blog-carousel-item swiper-slide\">\n\t\t\t\t\t<div class=\"dsm-grid-post-holder-inner\">\n\t\t\t\t\t\t\t\t\t\t\t\t\t<div class=\"dsm-entry-image\">\n\t\t\t\t\t\t\t\t\t\t\t\t\t\t\t\t<div class=\"dsm-entry-thumbnail\">\n\t\t\t\t\t\t\t\t\t<a href=\"https:\/\/retouch-nexus.eu\/sk\/2026\/03\/17\/pricing-water-to-protect-nature-our-partner-safa-baccour-presents-at-the-international-conference-on-climate-impacts-in-a-changing-world-2026\/\">\n\t\t\t\t\t\t\t\t\t\t<img width=\"1000\" height=\"500\" src=\"https:\/\/retouch-nexus.eu\/wp-content\/uploads\/2026\/03\/CLIMES-2026.png\" class=\"attachment-1080x675 size-1080x675 wp-post-image\" alt=\"\" decoding=\"async\" loading=\"lazy\" srcset=\"https:\/\/retouch-nexus.eu\/wp-content\/uploads\/2026\/03\/CLIMES-2026.png 1000w, https:\/\/retouch-nexus.eu\/wp-content\/uploads\/2026\/03\/CLIMES-2026-980x490.png 980w, https:\/\/retouch-nexus.eu\/wp-content\/uploads\/2026\/03\/CLIMES-2026-480x240.png 480w\" sizes=\"(min-width: 0px) and (max-width: 480px) 480px, (min-width: 481px) and (max-width: 980px) 980px, (min-width: 981px) 1000px, 100vw\" \/>\t\t\t\t\t\t\t\t\t<\/a>\n\t\t\t\t\t\t\t\t<\/div>\n\t\t\t\t\t\t\t<\/div>\n\t\t\t\t\t\t\n\t\t\t\t\t\t<div class=\"dsm-entry-wrapper\">\n\t\t\t\t\t\t\t\t\t\t\t\t\t\t<header class=\"dsm-entry-header\">\n\t\t\t\t\t\t\t\t\t\t<h2 class=\"dsm-entry-title\">\n\t\t\t\t\t\t\t\t\t\t\t<a href=\"https:\/\/retouch-nexus.eu\/sk\/2026\/03\/17\/pricing-water-to-protect-nature-our-partner-safa-baccour-presents-at-the-international-conference-on-climate-impacts-in-a-changing-world-2026\/\" title=\"Pricing Water to Protect Nature: Our Partner Safa Baccour Presents at the International Conference on Climate Impacts in a Changing World 2026\">\n\t\t\t\t\t\t\t\t\t\t\t\tPricing Water to Protect Nature: Our Partner Safa Baccour Presents at the International Conference on Climate Impacts in a Changing World 2026\t\t\t\t\t\t\t\t\t\t\t<\/a>\n\t\t\t\t\t\t\t\t\t<\/h2>\n\t\t\t\t\t\t\t\t<\/header>\n\t\t\t\t\t\t\n\t\t\t\t\t\t\t\t\t\t\t\t\t<div class=\"dsm-entry-meta\">\n\t\t\t\t\t\t\t\t\t\t\t\t\t\t\t\t\t\t\t\t\t\t\t\t\t<span class=\"dsm-meta-seperator\">|<\/span>\n\t\t\t\t\t\t\t\t\t<span class=\"dsm-posted-on\"><time datetime=\"mar 17, 2026\">mar 17, 2026<\/time><\/span>\n\t\t\t\t\t\t\t\t\t\t\t\t\t\t\t\t\t\t\t\t\t\t\t<\/div>\n\t\t\t\t\t\t\t\n\t\t\t\t\t\t\t\t\t\t\t\t\t\t<div class=\"dsm-entry-content\">\n\t\t\t\t\t\t\t\t<div class=\"dsm-post-excerpt\">\n\t\t\t\t\t\t\t\t\t<p>&lt;p&gt;We are proud to highlight the participation of our partner Safa Baccour from the Universitat Polit&egrave;cnica de Val&egrave;ncia (UPV)<\/p>\n\t\t\t\t\t\t\t\t<\/div>\n\t\t\t\t\t\t\t<\/div>\n\t\t\t\t\t\t\t\n\t\t\t\t\t\t\t\t\t\t\t\t\t\t\t\t\t<div class=\"dsm-readmore-wrap et_pb_bg_layout_light\">\n\t\t\t\t\t\t\t\t\t\t<a href=\"https:\/\/retouch-nexus.eu\/sk\/2026\/03\/17\/pricing-water-to-protect-nature-our-partner-safa-baccour-presents-at-the-international-conference-on-climate-impacts-in-a-changing-world-2026\/\" class=\"dsm-readmore-btn  et_pb_custom_button_icon\" data-icon=\"5\" target=\"\">Seguir leyendo<\/a>\n\t\t\t\t\t\t\t\t\t<\/div>\n\t\t\t\t\t\t\t\t\n\t\t\t\t\t\t\t\t\t\t\t\t\t<\/div>\n\t\t\t\t\t<\/div>\n\t\t\t\t<\/article>\n\n\t\t\t\t\n\t\t\t\t<article class=\"dsm-blog-carousel-item swiper-slide\">\n\t\t\t\t\t<div class=\"dsm-grid-post-holder-inner\">\n\t\t\t\t\t\t\t\t\t\t\t\t\t<div class=\"dsm-entry-image\">\n\t\t\t\t\t\t\t\t\t\t\t\t\t\t\t\t<div class=\"dsm-entry-thumbnail\">\n\t\t\t\t\t\t\t\t\t<a href=\"https:\/\/retouch-nexus.eu\/sk\/2025\/11\/12\/strengthening-europes-water-resilience-three-projects-unite-at-brussels-forum\/\">\n\t\t\t\t\t\t\t\t\t\t<img width=\"1000\" height=\"500\" src=\"https:\/\/retouch-nexus.eu\/wp-content\/uploads\/2025\/11\/WG2027-Decembre-2025.png\" class=\"attachment-1080x675 size-1080x675 wp-post-image\" alt=\"\" decoding=\"async\" loading=\"lazy\" srcset=\"https:\/\/retouch-nexus.eu\/wp-content\/uploads\/2025\/11\/WG2027-Decembre-2025.png 1000w, https:\/\/retouch-nexus.eu\/wp-content\/uploads\/2025\/11\/WG2027-Decembre-2025-980x490.png 980w, https:\/\/retouch-nexus.eu\/wp-content\/uploads\/2025\/11\/WG2027-Decembre-2025-480x240.png 480w\" sizes=\"(min-width: 0px) and (max-width: 480px) 480px, (min-width: 481px) and (max-width: 980px) 980px, (min-width: 981px) 1000px, 100vw\" \/>\t\t\t\t\t\t\t\t\t<\/a>\n\t\t\t\t\t\t\t\t<\/div>\n\t\t\t\t\t\t\t<\/div>\n\t\t\t\t\t\t\n\t\t\t\t\t\t<div class=\"dsm-entry-wrapper\">\n\t\t\t\t\t\t\t\t\t\t\t\t\t\t<header class=\"dsm-entry-header\">\n\t\t\t\t\t\t\t\t\t\t<h2 class=\"dsm-entry-title\">\n\t\t\t\t\t\t\t\t\t\t\t<a href=\"https:\/\/retouch-nexus.eu\/sk\/2025\/11\/12\/strengthening-europes-water-resilience-three-projects-unite-at-brussels-forum\/\" title=\"Strengthening Europe&#8217;s Water Resilience: Three Projects Unite at Brussels Forum\">\n\t\t\t\t\t\t\t\t\t\t\t\tStrengthening Europe&#8217;s Water Resilience: Three Projects Unite at Brussels Forum\t\t\t\t\t\t\t\t\t\t\t<\/a>\n\t\t\t\t\t\t\t\t\t<\/h2>\n\t\t\t\t\t\t\t\t<\/header>\n\t\t\t\t\t\t\n\t\t\t\t\t\t\t\t\t\t\t\t\t<div class=\"dsm-entry-meta\">\n\t\t\t\t\t\t\t\t\t\t\t\t\t\t\t\t\t\t\t\t\t\t\t\t\t<span class=\"dsm-meta-seperator\">|<\/span>\n\t\t\t\t\t\t\t\t\t<span class=\"dsm-posted-on\"><time datetime=\"nov 12, 2025\">nov 12, 2025<\/time><\/span>\n\t\t\t\t\t\t\t\t\t\t\t\t\t\t\t\t\t\t\t\t\t\t\t<\/div>\n\t\t\t\t\t\t\t\n\t\t\t\t\t\t\t\t\t\t\t\t\t\t<div class=\"dsm-entry-content\">\n\t\t\t\t\t\t\t\t<div class=\"dsm-post-excerpt\">\n\t\t\t\t\t\t\t\t\t<p>&lt;p&gt;Brussels, Belgium &ndash; December 4, 2025 RETOUCH NEXUS joins InnWater and GOVAQUA to present unified recommendations on economic dimensions<\/p>\n\t\t\t\t\t\t\t\t<\/div>\n\t\t\t\t\t\t\t<\/div>\n\t\t\t\t\t\t\t\n\t\t\t\t\t\t\t\t\t\t\t\t\t\t\t\t\t<div class=\"dsm-readmore-wrap et_pb_bg_layout_light\">\n\t\t\t\t\t\t\t\t\t\t<a href=\"https:\/\/retouch-nexus.eu\/sk\/2025\/11\/12\/strengthening-europes-water-resilience-three-projects-unite-at-brussels-forum\/\" class=\"dsm-readmore-btn  et_pb_custom_button_icon\" data-icon=\"5\" target=\"\">Seguir leyendo<\/a>\n\t\t\t\t\t\t\t\t\t<\/div>\n\t\t\t\t\t\t\t\t\n\t\t\t\t\t\t\t\t\t\t\t\t\t<\/div>\n\t\t\t\t\t<\/div>\n\t\t\t\t<\/article>\n\n\t\t\t\t\n\t\t\t\t<article class=\"dsm-blog-carousel-item swiper-slide\">\n\t\t\t\t\t<div class=\"dsm-grid-post-holder-inner\">\n\t\t\t\t\t\t\t\t\t\t\t\t\t<div class=\"dsm-entry-image\">\n\t\t\t\t\t\t\t\t\t\t\t\t\t\t\t\t<div class=\"dsm-entry-thumbnail\">\n\t\t\t\t\t\t\t\t\t<a href=\"https:\/\/retouch-nexus.eu\/sk\/2025\/09\/26\/join-us-at-the-10th-international-conference-on-island-sustainability-organized-by-the-gti-foundation\/\">\n\t\t\t\t\t\t\t\t\t\t<img width=\"1080\" height=\"675\" src=\"https:\/\/retouch-nexus.eu\/wp-content\/uploads\/2025\/09\/GTI-International-Conference-2025-1080x675.png\" class=\"attachment-1080x675 size-1080x675 wp-post-image\" alt=\"\" decoding=\"async\" loading=\"lazy\" srcset=\"https:\/\/retouch-nexus.eu\/wp-content\/uploads\/2025\/09\/GTI-International-Conference-2025-980x408.png 980w, https:\/\/retouch-nexus.eu\/wp-content\/uploads\/2025\/09\/GTI-International-Conference-2025-480x200.png 480w\" sizes=\"(min-width: 0px) and (max-width: 480px) 480px, (min-width: 481px) and (max-width: 980px) 980px, (min-width: 981px) 1080px, 100vw\" \/>\t\t\t\t\t\t\t\t\t<\/a>\n\t\t\t\t\t\t\t\t<\/div>\n\t\t\t\t\t\t\t<\/div>\n\t\t\t\t\t\t\n\t\t\t\t\t\t<div class=\"dsm-entry-wrapper\">\n\t\t\t\t\t\t\t\t\t\t\t\t\t\t<header class=\"dsm-entry-header\">\n\t\t\t\t\t\t\t\t\t\t<h2 class=\"dsm-entry-title\">\n\t\t\t\t\t\t\t\t\t\t\t<a href=\"https:\/\/retouch-nexus.eu\/sk\/2025\/09\/26\/join-us-at-the-10th-international-conference-on-island-sustainability-organized-by-the-gti-foundation\/\" title=\"Join us at the 10th International Conference on Island Sustainability organized by the GTI Foundation\">\n\t\t\t\t\t\t\t\t\t\t\t\tJoin us at the 10th International Conference on Island Sustainability organized by the GTI Foundation\t\t\t\t\t\t\t\t\t\t\t<\/a>\n\t\t\t\t\t\t\t\t\t<\/h2>\n\t\t\t\t\t\t\t\t<\/header>\n\t\t\t\t\t\t\n\t\t\t\t\t\t\t\t\t\t\t\t\t<div class=\"dsm-entry-meta\">\n\t\t\t\t\t\t\t\t\t\t\t\t\t\t\t\t\t\t\t\t\t\t\t\t\t<span class=\"dsm-meta-seperator\">|<\/span>\n\t\t\t\t\t\t\t\t\t<span class=\"dsm-posted-on\"><time datetime=\"sep 26, 2025\">sep 26, 2025<\/time><\/span>\n\t\t\t\t\t\t\t\t\t\t\t\t\t\t\t\t\t\t\t\t\t\t\t<\/div>\n\t\t\t\t\t\t\t\n\t\t\t\t\t\t\t\t\t\t\t\t\t\t<div class=\"dsm-entry-content\">\n\t\t\t\t\t\t\t\t<div class=\"dsm-post-excerpt\">\n\t\t\t\t\t\t\t\t\t<p>&lt;p&gt;Gozo, Malta | October 29-31, 2025Expanding Holistic Island-led Solutions to Drive Global Sustainability and Climate Action&nbsp;The RETOUCH NEXUS project<\/p>\n\t\t\t\t\t\t\t\t<\/div>\n\t\t\t\t\t\t\t<\/div>\n\t\t\t\t\t\t\t\n\t\t\t\t\t\t\t\t\t\t\t\t\t\t\t\t\t<div class=\"dsm-readmore-wrap et_pb_bg_layout_light\">\n\t\t\t\t\t\t\t\t\t\t<a href=\"https:\/\/retouch-nexus.eu\/sk\/2025\/09\/26\/join-us-at-the-10th-international-conference-on-island-sustainability-organized-by-the-gti-foundation\/\" class=\"dsm-readmore-btn  et_pb_custom_button_icon\" data-icon=\"5\" target=\"\">Seguir leyendo<\/a>\n\t\t\t\t\t\t\t\t\t<\/div>\n\t\t\t\t\t\t\t\t\n\t\t\t\t\t\t\t\t\t\t\t\t\t<\/div>\n\t\t\t\t\t<\/div>\n\t\t\t\t<\/article>\n\n\t\t\t\t\n\t\t\t\t<article class=\"dsm-blog-carousel-item swiper-slide\">\n\t\t\t\t\t<div class=\"dsm-grid-post-holder-inner\">\n\t\t\t\t\t\t\t\t\t\t\t\t\t<div class=\"dsm-entry-image\">\n\t\t\t\t\t\t\t\t\t\t\t\t\t\t\t\t<div class=\"dsm-entry-thumbnail\">\n\t\t\t\t\t\t\t\t\t<a href=\"https:\/\/retouch-nexus.eu\/sk\/2025\/09\/09\/retouch-nexus-at-seam-2025-advancing-water-energy-food-ecosystem-governance-in-slovakia\/\">\n\t\t\t\t\t\t\t\t\t\t<img width=\"1080\" height=\"675\" src=\"https:\/\/retouch-nexus.eu\/wp-content\/uploads\/2025\/09\/SEAM-2025-1080x675.png\" class=\"attachment-1080x675 size-1080x675 wp-post-image\" alt=\"\" decoding=\"async\" loading=\"lazy\" srcset=\"https:\/\/retouch-nexus.eu\/wp-content\/uploads\/2025\/09\/SEAM-2025-980x408.png 980w, https:\/\/retouch-nexus.eu\/wp-content\/uploads\/2025\/09\/SEAM-2025-480x200.png 480w\" sizes=\"(min-width: 0px) and (max-width: 480px) 480px, (min-width: 481px) and (max-width: 980px) 980px, (min-width: 981px) 1080px, 100vw\" \/>\t\t\t\t\t\t\t\t\t<\/a>\n\t\t\t\t\t\t\t\t<\/div>\n\t\t\t\t\t\t\t<\/div>\n\t\t\t\t\t\t\n\t\t\t\t\t\t<div class=\"dsm-entry-wrapper\">\n\t\t\t\t\t\t\t\t\t\t\t\t\t\t<header class=\"dsm-entry-header\">\n\t\t\t\t\t\t\t\t\t\t<h2 class=\"dsm-entry-title\">\n\t\t\t\t\t\t\t\t\t\t\t<a href=\"https:\/\/retouch-nexus.eu\/sk\/2025\/09\/09\/retouch-nexus-at-seam-2025-advancing-water-energy-food-ecosystem-governance-in-slovakia\/\" title=\"RETOUCH NEXUS at SEAM 2025 &#8211; Advancing Water-Energy-Food-Ecosystem Governance in Slovakia\">\n\t\t\t\t\t\t\t\t\t\t\t\tRETOUCH NEXUS at SEAM 2025 &#8211; Advancing Water-Energy-Food-Ecosystem Governance in Slovakia\t\t\t\t\t\t\t\t\t\t\t<\/a>\n\t\t\t\t\t\t\t\t\t<\/h2>\n\t\t\t\t\t\t\t\t<\/header>\n\t\t\t\t\t\t\n\t\t\t\t\t\t\t\t\t\t\t\t\t<div class=\"dsm-entry-meta\">\n\t\t\t\t\t\t\t\t\t\t\t\t\t\t\t\t\t\t\t\t\t\t\t\t\t<span class=\"dsm-meta-seperator\">|<\/span>\n\t\t\t\t\t\t\t\t\t<span class=\"dsm-posted-on\"><time datetime=\"sep 9, 2025\">sep 9, 2025<\/time><\/span>\n\t\t\t\t\t\t\t\t\t\t\t\t\t\t\t\t\t\t\t\t\t\t\t<\/div>\n\t\t\t\t\t\t\t\n\t\t\t\t\t\t\t\t\t\t\t\t\t\t<div class=\"dsm-entry-content\">\n\t\t\t\t\t\t\t\t<div class=\"dsm-post-excerpt\">\n\t\t\t\t\t\t\t\t\t<p>&lt;p&gt;Nitra, Slovakia | September 11-12, 2025&nbsp;The RETOUCH NEXUS project is proud to participate in the Slovak Economic Association Meeting<\/p>\n\t\t\t\t\t\t\t\t<\/div>\n\t\t\t\t\t\t\t<\/div>\n\t\t\t\t\t\t\t\n\t\t\t\t\t\t\t\t\t\t\t\t\t\t\t\t\t<div class=\"dsm-readmore-wrap et_pb_bg_layout_light\">\n\t\t\t\t\t\t\t\t\t\t<a href=\"https:\/\/retouch-nexus.eu\/sk\/2025\/09\/09\/retouch-nexus-at-seam-2025-advancing-water-energy-food-ecosystem-governance-in-slovakia\/\" class=\"dsm-readmore-btn  et_pb_custom_button_icon\" data-icon=\"5\" target=\"\">Seguir leyendo<\/a>\n\t\t\t\t\t\t\t\t\t<\/div>\n\t\t\t\t\t\t\t\t\n\t\t\t\t\t\t\t\t\t\t\t\t\t<\/div>\n\t\t\t\t\t<\/div>\n\t\t\t\t<\/article>\n\n\t\t\t\t\n\t\t\t\t<article class=\"dsm-blog-carousel-item swiper-slide\">\n\t\t\t\t\t<div class=\"dsm-grid-post-holder-inner\">\n\t\t\t\t\t\t\t\t\t\t\t\t\t<div class=\"dsm-entry-image\">\n\t\t\t\t\t\t\t\t\t\t\t\t\t\t\t\t<div class=\"dsm-entry-thumbnail\">\n\t\t\t\t\t\t\t\t\t<a href=\"https:\/\/retouch-nexus.eu\/sk\/2025\/04\/29\/retouch-nexus-at-the-dresden-nexus-conference-2025-driving-innovation-in-nexus-smart-water-governance\/\">\n\t\t\t\t\t\t\t\t\t\t<img width=\"1080\" height=\"675\" src=\"https:\/\/retouch-nexus.eu\/wp-content\/uploads\/2025\/04\/DNC-RETOUCH-NEXUS-website-cover-1080x675.png\" class=\"attachment-1080x675 size-1080x675 wp-post-image\" alt=\"\" decoding=\"async\" loading=\"lazy\" srcset=\"https:\/\/retouch-nexus.eu\/wp-content\/uploads\/2025\/04\/DNC-RETOUCH-NEXUS-website-cover-980x408.png 980w, https:\/\/retouch-nexus.eu\/wp-content\/uploads\/2025\/04\/DNC-RETOUCH-NEXUS-website-cover-480x200.png 480w\" sizes=\"(min-width: 0px) and (max-width: 480px) 480px, (min-width: 481px) and (max-width: 980px) 980px, (min-width: 981px) 1080px, 100vw\" \/>\t\t\t\t\t\t\t\t\t<\/a>\n\t\t\t\t\t\t\t\t<\/div>\n\t\t\t\t\t\t\t<\/div>\n\t\t\t\t\t\t\n\t\t\t\t\t\t<div class=\"dsm-entry-wrapper\">\n\t\t\t\t\t\t\t\t\t\t\t\t\t\t<header class=\"dsm-entry-header\">\n\t\t\t\t\t\t\t\t\t\t<h2 class=\"dsm-entry-title\">\n\t\t\t\t\t\t\t\t\t\t\t<a href=\"https:\/\/retouch-nexus.eu\/sk\/2025\/04\/29\/retouch-nexus-at-the-dresden-nexus-conference-2025-driving-innovation-in-nexus-smart-water-governance\/\" title=\"RETOUCH NEXUS at the Dresden NEXUS Conference 2025: Driving Innovation in Nexus-Smart Water Governance\">\n\t\t\t\t\t\t\t\t\t\t\t\tRETOUCH NEXUS at the Dresden NEXUS Conference 2025: Driving Innovation in Nexus-Smart Water Governance\t\t\t\t\t\t\t\t\t\t\t<\/a>\n\t\t\t\t\t\t\t\t\t<\/h2>\n\t\t\t\t\t\t\t\t<\/header>\n\t\t\t\t\t\t\n\t\t\t\t\t\t\t\t\t\t\t\t\t<div class=\"dsm-entry-meta\">\n\t\t\t\t\t\t\t\t\t\t\t\t\t\t\t\t\t\t\t\t\t\t\t\t\t<span class=\"dsm-meta-seperator\">|<\/span>\n\t\t\t\t\t\t\t\t\t<span class=\"dsm-posted-on\"><time datetime=\"apr 29, 2025\">apr 29, 2025<\/time><\/span>\n\t\t\t\t\t\t\t\t\t\t\t\t\t\t\t\t\t\t\t\t\t\t\t<\/div>\n\t\t\t\t\t\t\t\n\t\t\t\t\t\t\t\t\t\t\t\t\t\t<div class=\"dsm-entry-content\">\n\t\t\t\t\t\t\t\t<div class=\"dsm-post-excerpt\">\n\t\t\t\t\t\t\t\t\t<p>&lt;p&gt;The Dresden NEXUS Conference 2025, held from April 8&ndash;10, brought together global thought leaders, researchers, and practitioners to explore<\/p>\n\t\t\t\t\t\t\t\t<\/div>\n\t\t\t\t\t\t\t<\/div>\n\t\t\t\t\t\t\t\n\t\t\t\t\t\t\t\t\t\t\t\t\t\t\t\t\t<div class=\"dsm-readmore-wrap et_pb_bg_layout_light\">\n\t\t\t\t\t\t\t\t\t\t<a href=\"https:\/\/retouch-nexus.eu\/sk\/2025\/04\/29\/retouch-nexus-at-the-dresden-nexus-conference-2025-driving-innovation-in-nexus-smart-water-governance\/\" class=\"dsm-readmore-btn  et_pb_custom_button_icon\" data-icon=\"5\" target=\"\">Seguir leyendo<\/a>\n\t\t\t\t\t\t\t\t\t<\/div>\n\t\t\t\t\t\t\t\t\n\t\t\t\t\t\t\t\t\t\t\t\t\t<\/div>\n\t\t\t\t\t<\/div>\n\t\t\t\t<\/article>\n\n\t\t\t\t\n\t\t\t\t<article class=\"dsm-blog-carousel-item swiper-slide\">\n\t\t\t\t\t<div class=\"dsm-grid-post-holder-inner\">\n\t\t\t\t\t\t\t\t\t\t\t\t\t<div class=\"dsm-entry-image\">\n\t\t\t\t\t\t\t\t\t\t\t\t\t\t\t\t<div class=\"dsm-entry-thumbnail\">\n\t\t\t\t\t\t\t\t\t<a href=\"https:\/\/retouch-nexus.eu\/sk\/2025\/03\/22\/lets-celebrate-world-water-day-2025-glacier-preservation\/\">\n\t\t\t\t\t\t\t\t\t\t<img width=\"1000\" height=\"500\" src=\"https:\/\/retouch-nexus.eu\/wp-content\/uploads\/2025\/03\/World-Water-Day-2.png\" class=\"attachment-1080x675 size-1080x675 wp-post-image\" alt=\"\" decoding=\"async\" loading=\"lazy\" srcset=\"https:\/\/retouch-nexus.eu\/wp-content\/uploads\/2025\/03\/World-Water-Day-2.png 1000w, https:\/\/retouch-nexus.eu\/wp-content\/uploads\/2025\/03\/World-Water-Day-2-980x490.png 980w, https:\/\/retouch-nexus.eu\/wp-content\/uploads\/2025\/03\/World-Water-Day-2-480x240.png 480w\" sizes=\"(min-width: 0px) and (max-width: 480px) 480px, (min-width: 481px) and (max-width: 980px) 980px, (min-width: 981px) 1000px, 100vw\" \/>\t\t\t\t\t\t\t\t\t<\/a>\n\t\t\t\t\t\t\t\t<\/div>\n\t\t\t\t\t\t\t<\/div>\n\t\t\t\t\t\t\n\t\t\t\t\t\t<div class=\"dsm-entry-wrapper\">\n\t\t\t\t\t\t\t\t\t\t\t\t\t\t<header class=\"dsm-entry-header\">\n\t\t\t\t\t\t\t\t\t\t<h2 class=\"dsm-entry-title\">\n\t\t\t\t\t\t\t\t\t\t\t<a href=\"https:\/\/retouch-nexus.eu\/sk\/2025\/03\/22\/lets-celebrate-world-water-day-2025-glacier-preservation\/\" title=\"Let&#8217;s Celebrate World Water Day 2025 | Glacier Preservation\">\n\t\t\t\t\t\t\t\t\t\t\t\tLet&#8217;s Celebrate World Water Day 2025 | Glacier Preservation\t\t\t\t\t\t\t\t\t\t\t<\/a>\n\t\t\t\t\t\t\t\t\t<\/h2>\n\t\t\t\t\t\t\t\t<\/header>\n\t\t\t\t\t\t\n\t\t\t\t\t\t\t\t\t\t\t\t\t<div class=\"dsm-entry-meta\">\n\t\t\t\t\t\t\t\t\t\t\t\t\t\t\t\t\t\t\t\t\t\t\t\t\t<span class=\"dsm-meta-seperator\">|<\/span>\n\t\t\t\t\t\t\t\t\t<span class=\"dsm-posted-on\"><time datetime=\"mar 22, 2025\">mar 22, 2025<\/time><\/span>\n\t\t\t\t\t\t\t\t\t\t\t\t\t\t\t\t\t\t\t\t\t\t\t<\/div>\n\t\t\t\t\t\t\t\n\t\t\t\t\t\t\t\t\t\t\t\t\t\t<div class=\"dsm-entry-content\">\n\t\t\t\t\t\t\t\t<div class=\"dsm-post-excerpt\">\n\t\t\t\t\t\t\t\t\t<p>&lt;p&gt;Come celebrate World Water Day 2025 &#039;Save Our Glacier&#039;&nbsp;with the RETOUCH NEXUS project!* Every year, World Water Day (on<\/p>\n\t\t\t\t\t\t\t\t<\/div>\n\t\t\t\t\t\t\t<\/div>\n\t\t\t\t\t\t\t\n\t\t\t\t\t\t\t\t\t\t\t\t\t\t\t\t\t<div class=\"dsm-readmore-wrap et_pb_bg_layout_light\">\n\t\t\t\t\t\t\t\t\t\t<a href=\"https:\/\/retouch-nexus.eu\/sk\/2025\/03\/22\/lets-celebrate-world-water-day-2025-glacier-preservation\/\" class=\"dsm-readmore-btn  et_pb_custom_button_icon\" data-icon=\"5\" target=\"\">Seguir leyendo<\/a>\n\t\t\t\t\t\t\t\t\t<\/div>\n\t\t\t\t\t\t\t\t\n\t\t\t\t\t\t\t\t\t\t\t\t\t<\/div>\n\t\t\t\t\t<\/div>\n\t\t\t\t<\/article>\n\n\t\t\t\t\n\t\t\t\t<article class=\"dsm-blog-carousel-item swiper-slide\">\n\t\t\t\t\t<div class=\"dsm-grid-post-holder-inner\">\n\t\t\t\t\t\t\t\t\t\t\t\t\t<div class=\"dsm-entry-image\">\n\t\t\t\t\t\t\t\t\t\t\t\t\t\t\t\t<div class=\"dsm-entry-thumbnail\">\n\t\t\t\t\t\t\t\t\t<a href=\"https:\/\/retouch-nexus.eu\/sk\/2024\/06\/28\/retouch-nexus-presentation-at-the-european-workshop-on-efficiency-and-productivity-analysis-ewepa-2024-2\/\">\n\t\t\t\t\t\t\t\t\t\t<img width=\"1000\" height=\"500\" src=\"https:\/\/retouch-nexus.eu\/wp-content\/uploads\/2024\/08\/NexusNet-Regional-stakeholder-forum-May-2024-4.png\" class=\"attachment-1080x675 size-1080x675 wp-post-image\" alt=\"\" decoding=\"async\" loading=\"lazy\" srcset=\"https:\/\/retouch-nexus.eu\/wp-content\/uploads\/2024\/08\/NexusNet-Regional-stakeholder-forum-May-2024-4.png 1000w, https:\/\/retouch-nexus.eu\/wp-content\/uploads\/2024\/08\/NexusNet-Regional-stakeholder-forum-May-2024-4-980x490.png 980w, https:\/\/retouch-nexus.eu\/wp-content\/uploads\/2024\/08\/NexusNet-Regional-stakeholder-forum-May-2024-4-480x240.png 480w\" sizes=\"(min-width: 0px) and (max-width: 480px) 480px, (min-width: 481px) and (max-width: 980px) 980px, (min-width: 981px) 1000px, 100vw\" \/>\t\t\t\t\t\t\t\t\t<\/a>\n\t\t\t\t\t\t\t\t<\/div>\n\t\t\t\t\t\t\t<\/div>\n\t\t\t\t\t\t\n\t\t\t\t\t\t<div class=\"dsm-entry-wrapper\">\n\t\t\t\t\t\t\t\t\t\t\t\t\t\t<header class=\"dsm-entry-header\">\n\t\t\t\t\t\t\t\t\t\t<h2 class=\"dsm-entry-title\">\n\t\t\t\t\t\t\t\t\t\t\t<a href=\"https:\/\/retouch-nexus.eu\/sk\/2024\/06\/28\/retouch-nexus-presentation-at-the-european-workshop-on-efficiency-and-productivity-analysis-ewepa-2024-2\/\" title=\"RETOUCH NEXUS presentation at the European Workshop on Efficiency and Productivity Analysis (EWEPA 2024)\">\n\t\t\t\t\t\t\t\t\t\t\t\tRETOUCH NEXUS presentation at the European Workshop on Efficiency and Productivity Analysis (EWEPA 2024)\t\t\t\t\t\t\t\t\t\t\t<\/a>\n\t\t\t\t\t\t\t\t\t<\/h2>\n\t\t\t\t\t\t\t\t<\/header>\n\t\t\t\t\t\t\n\t\t\t\t\t\t\t\t\t\t\t\t\t<div class=\"dsm-entry-meta\">\n\t\t\t\t\t\t\t\t\t\t\t\t\t\t\t\t\t\t\t\t\t\t\t\t\t<span class=\"dsm-meta-seperator\">|<\/span>\n\t\t\t\t\t\t\t\t\t<span class=\"dsm-posted-on\"><time datetime=\"j\u00fan 28, 2024\">j\u00fan 28, 2024<\/time><\/span>\n\t\t\t\t\t\t\t\t\t\t\t\t\t\t\t\t\t\t\t\t\t\t\t<\/div>\n\t\t\t\t\t\t\t\n\t\t\t\t\t\t\t\t\t\t\t\t\t\t<div class=\"dsm-entry-content\">\n\t\t\t\t\t\t\t\t<div class=\"dsm-post-excerpt\">\n\t\t\t\t\t\t\t\t\t<p>&lt;p&gt;Our coordinator, TUM (Technical University of Munich) was more than happy to host a presentation at EWEPA 2024, in<\/p>\n\t\t\t\t\t\t\t\t<\/div>\n\t\t\t\t\t\t\t<\/div>\n\t\t\t\t\t\t\t\n\t\t\t\t\t\t\t\t\t\t\t\t\t\t\t\t\t<div class=\"dsm-readmore-wrap et_pb_bg_layout_light\">\n\t\t\t\t\t\t\t\t\t\t<a href=\"https:\/\/retouch-nexus.eu\/sk\/2024\/06\/28\/retouch-nexus-presentation-at-the-european-workshop-on-efficiency-and-productivity-analysis-ewepa-2024-2\/\" class=\"dsm-readmore-btn  et_pb_custom_button_icon\" data-icon=\"5\" target=\"\">Seguir leyendo<\/a>\n\t\t\t\t\t\t\t\t\t<\/div>\n\t\t\t\t\t\t\t\t\n\t\t\t\t\t\t\t\t\t\t\t\t\t<\/div>\n\t\t\t\t\t<\/div>\n\t\t\t\t<\/article>\n\n\t\t\t\t\n\t\t\t\t<article class=\"dsm-blog-carousel-item swiper-slide\">\n\t\t\t\t\t<div class=\"dsm-grid-post-holder-inner\">\n\t\t\t\t\t\t\t\t\t\t\t\t\t<div class=\"dsm-entry-image\">\n\t\t\t\t\t\t\t\t\t\t\t\t\t\t\t\t<div class=\"dsm-entry-thumbnail\">\n\t\t\t\t\t\t\t\t\t<a href=\"https:\/\/retouch-nexus.eu\/sk\/2024\/05\/18\/nexusnet-regional-stakeholders-forum-on-resource-recovery-and-reuse-in-the-water-energy-food-nexus-for-a-low-carbon-economy\/\">\n\t\t\t\t\t\t\t\t\t\t<img width=\"1000\" height=\"500\" src=\"https:\/\/retouch-nexus.eu\/wp-content\/uploads\/2024\/07\/NexusNet-Regional-stakeholder-forum-May-2024.png\" class=\"attachment-1080x675 size-1080x675 wp-post-image\" alt=\"\" decoding=\"async\" loading=\"lazy\" srcset=\"https:\/\/retouch-nexus.eu\/wp-content\/uploads\/2024\/07\/NexusNet-Regional-stakeholder-forum-May-2024.png 1000w, https:\/\/retouch-nexus.eu\/wp-content\/uploads\/2024\/07\/NexusNet-Regional-stakeholder-forum-May-2024-980x490.png 980w, https:\/\/retouch-nexus.eu\/wp-content\/uploads\/2024\/07\/NexusNet-Regional-stakeholder-forum-May-2024-480x240.png 480w\" sizes=\"(min-width: 0px) and (max-width: 480px) 480px, (min-width: 481px) and (max-width: 980px) 980px, (min-width: 981px) 1000px, 100vw\" \/>\t\t\t\t\t\t\t\t\t<\/a>\n\t\t\t\t\t\t\t\t<\/div>\n\t\t\t\t\t\t\t<\/div>\n\t\t\t\t\t\t\n\t\t\t\t\t\t<div class=\"dsm-entry-wrapper\">\n\t\t\t\t\t\t\t\t\t\t\t\t\t\t<header class=\"dsm-entry-header\">\n\t\t\t\t\t\t\t\t\t\t<h2 class=\"dsm-entry-title\">\n\t\t\t\t\t\t\t\t\t\t\t<a href=\"https:\/\/retouch-nexus.eu\/sk\/2024\/05\/18\/nexusnet-regional-stakeholders-forum-on-resource-recovery-and-reuse-in-the-water-energy-food-nexus-for-a-low-carbon-economy\/\" title=\"NexusNet Regional Stakeholders Forum on \u201cResource Recovery and Reuse in the Water-Energy-Food Nexus for a Low-Carbon Economy\u201d\">\n\t\t\t\t\t\t\t\t\t\t\t\tNexusNet Regional Stakeholders Forum on \u201cResource Recovery and Reuse in the Water-Energy-Food Nexus for a Low-Carbon Economy\u201d\t\t\t\t\t\t\t\t\t\t\t<\/a>\n\t\t\t\t\t\t\t\t\t<\/h2>\n\t\t\t\t\t\t\t\t<\/header>\n\t\t\t\t\t\t\n\t\t\t\t\t\t\t\t\t\t\t\t\t<div class=\"dsm-entry-meta\">\n\t\t\t\t\t\t\t\t\t\t\t\t\t\t\t\t\t\t\t\t\t\t\t\t\t<span class=\"dsm-meta-seperator\">|<\/span>\n\t\t\t\t\t\t\t\t\t<span class=\"dsm-posted-on\"><time datetime=\"m\u00e1j 18, 2024\">m\u00e1j 18, 2024<\/time><\/span>\n\t\t\t\t\t\t\t\t\t\t\t\t\t\t\t\t\t\t\t\t\t\t\t<\/div>\n\t\t\t\t\t\t\t\n\t\t\t\t\t\t\t\t\t\t\t\t\t\t<div class=\"dsm-entry-content\">\n\t\t\t\t\t\t\t\t<div class=\"dsm-post-excerpt\">\n\t\t\t\t\t\t\t\t\t<p>&lt;p&gt;On May 14, our coordinator Maria Vrachioli (from TUM) joined the NexusNet Regional Stakeholders Forum on &ldquo;Resource Recovery and<\/p>\n\t\t\t\t\t\t\t\t<\/div>\n\t\t\t\t\t\t\t<\/div>\n\t\t\t\t\t\t\t\n\t\t\t\t\t\t\t\t\t\t\t\t\t\t\t\t\t<div class=\"dsm-readmore-wrap et_pb_bg_layout_light\">\n\t\t\t\t\t\t\t\t\t\t<a href=\"https:\/\/retouch-nexus.eu\/sk\/2024\/05\/18\/nexusnet-regional-stakeholders-forum-on-resource-recovery-and-reuse-in-the-water-energy-food-nexus-for-a-low-carbon-economy\/\" class=\"dsm-readmore-btn  et_pb_custom_button_icon\" data-icon=\"5\" target=\"\">Seguir leyendo<\/a>\n\t\t\t\t\t\t\t\t\t<\/div>\n\t\t\t\t\t\t\t\t\n\t\t\t\t\t\t\t\t\t\t\t\t\t<\/div>\n\t\t\t\t\t<\/div>\n\t\t\t\t<\/article>\n\n\t\t\t\t\n\t\t\t\t<article class=\"dsm-blog-carousel-item swiper-slide\">\n\t\t\t\t\t<div class=\"dsm-grid-post-holder-inner\">\n\t\t\t\t\t\t\t\t\t\t\t\t\t<div class=\"dsm-entry-image\">\n\t\t\t\t\t\t\t\t\t\t\t\t\t\t\t\t<div class=\"dsm-entry-thumbnail\">\n\t\t\t\t\t\t\t\t\t<a href=\"https:\/\/retouch-nexus.eu\/sk\/2024\/04\/16\/egu24-general-assembly-session-hs5-1-1\/\">\n\t\t\t\t\t\t\t\t\t\t<img width=\"1000\" height=\"500\" src=\"https:\/\/retouch-nexus.eu\/wp-content\/uploads\/2024\/04\/RETOUCH-NEXUS-EGU-General-Assembly-2024-session-HS5.1.11.png\" class=\"attachment-1080x675 size-1080x675 wp-post-image\" alt=\"\" decoding=\"async\" loading=\"lazy\" srcset=\"https:\/\/retouch-nexus.eu\/wp-content\/uploads\/2024\/04\/RETOUCH-NEXUS-EGU-General-Assembly-2024-session-HS5.1.11.png 1000w, https:\/\/retouch-nexus.eu\/wp-content\/uploads\/2024\/04\/RETOUCH-NEXUS-EGU-General-Assembly-2024-session-HS5.1.11-980x490.png 980w, https:\/\/retouch-nexus.eu\/wp-content\/uploads\/2024\/04\/RETOUCH-NEXUS-EGU-General-Assembly-2024-session-HS5.1.11-480x240.png 480w\" sizes=\"(min-width: 0px) and (max-width: 480px) 480px, (min-width: 481px) and (max-width: 980px) 980px, (min-width: 981px) 1000px, 100vw\" \/>\t\t\t\t\t\t\t\t\t<\/a>\n\t\t\t\t\t\t\t\t<\/div>\n\t\t\t\t\t\t\t<\/div>\n\t\t\t\t\t\t\n\t\t\t\t\t\t<div class=\"dsm-entry-wrapper\">\n\t\t\t\t\t\t\t\t\t\t\t\t\t\t<header class=\"dsm-entry-header\">\n\t\t\t\t\t\t\t\t\t\t<h2 class=\"dsm-entry-title\">\n\t\t\t\t\t\t\t\t\t\t\t<a href=\"https:\/\/retouch-nexus.eu\/sk\/2024\/04\/16\/egu24-general-assembly-session-hs5-1-1\/\" title=\"EGU24 &#8211; General Assembly: Water resources policy and management \u2013 System solutions for uncertain futures!\">\n\t\t\t\t\t\t\t\t\t\t\t\tEGU24 &#8211; General Assembly: Water resources policy and management \u2013 System solutions for uncertain futures!\t\t\t\t\t\t\t\t\t\t\t<\/a>\n\t\t\t\t\t\t\t\t\t<\/h2>\n\t\t\t\t\t\t\t\t<\/header>\n\t\t\t\t\t\t\n\t\t\t\t\t\t\t\t\t\t\t\t\t<div class=\"dsm-entry-meta\">\n\t\t\t\t\t\t\t\t\t\t\t\t\t\t\t\t\t\t\t\t\t\t\t\t\t<span class=\"dsm-meta-seperator\">|<\/span>\n\t\t\t\t\t\t\t\t\t<span class=\"dsm-posted-on\"><time datetime=\"apr 16, 2024\">apr 16, 2024<\/time><\/span>\n\t\t\t\t\t\t\t\t\t\t\t\t\t\t\t\t\t\t\t\t\t\t\t<\/div>\n\t\t\t\t\t\t\t\n\t\t\t\t\t\t\t\t\t\t\t\t\t\t<div class=\"dsm-entry-content\">\n\t\t\t\t\t\t\t\t<div class=\"dsm-post-excerpt\">\n\t\t\t\t\t\t\t\t\t<p>&lt;p&gt;The RETOUCH NEXUS project is proud to attend this year #EGU24 General Assembly organised by the European Geosciences Union<\/p>\n\t\t\t\t\t\t\t\t<\/div>\n\t\t\t\t\t\t\t<\/div>\n\t\t\t\t\t\t\t\n\t\t\t\t\t\t\t\t\t\t\t\t\t\t\t\t\t<div class=\"dsm-readmore-wrap et_pb_bg_layout_light\">\n\t\t\t\t\t\t\t\t\t\t<a href=\"https:\/\/retouch-nexus.eu\/sk\/2024\/04\/16\/egu24-general-assembly-session-hs5-1-1\/\" class=\"dsm-readmore-btn  et_pb_custom_button_icon\" data-icon=\"5\" target=\"\">Seguir leyendo<\/a>\n\t\t\t\t\t\t\t\t\t<\/div>\n\t\t\t\t\t\t\t\t\n\t\t\t\t\t\t\t\t\t\t\t\t\t<\/div>\n\t\t\t\t\t<\/div>\n\t\t\t\t<\/article>\n\n\t\t\t\t\n\t\t\t\t<article class=\"dsm-blog-carousel-item swiper-slide\">\n\t\t\t\t\t<div class=\"dsm-grid-post-holder-inner\">\n\t\t\t\t\t\t\t\t\t\t\t\t\t<div class=\"dsm-entry-image\">\n\t\t\t\t\t\t\t\t\t\t\t\t\t\t\t\t<div class=\"dsm-entry-thumbnail\">\n\t\t\t\t\t\t\t\t\t<a href=\"https:\/\/retouch-nexus.eu\/sk\/2024\/03\/20\/world-water-day-2024-lets-celebrate-water-for-peace\/\">\n\t\t\t\t\t\t\t\t\t\t<img width=\"1000\" height=\"500\" src=\"https:\/\/retouch-nexus.eu\/wp-content\/uploads\/2024\/07\/World-Water-day-World-Water-for-Peace-RETOUCH-NEXUS1.png\" class=\"attachment-1080x675 size-1080x675 wp-post-image\" alt=\"\" decoding=\"async\" loading=\"lazy\" srcset=\"https:\/\/retouch-nexus.eu\/wp-content\/uploads\/2024\/07\/World-Water-day-World-Water-for-Peace-RETOUCH-NEXUS1.png 1000w, https:\/\/retouch-nexus.eu\/wp-content\/uploads\/2024\/07\/World-Water-day-World-Water-for-Peace-RETOUCH-NEXUS1-980x490.png 980w, https:\/\/retouch-nexus.eu\/wp-content\/uploads\/2024\/07\/World-Water-day-World-Water-for-Peace-RETOUCH-NEXUS1-480x240.png 480w\" sizes=\"(min-width: 0px) and (max-width: 480px) 480px, (min-width: 481px) and (max-width: 980px) 980px, (min-width: 981px) 1000px, 100vw\" \/>\t\t\t\t\t\t\t\t\t<\/a>\n\t\t\t\t\t\t\t\t<\/div>\n\t\t\t\t\t\t\t<\/div>\n\t\t\t\t\t\t\n\t\t\t\t\t\t<div class=\"dsm-entry-wrapper\">\n\t\t\t\t\t\t\t\t\t\t\t\t\t\t<header class=\"dsm-entry-header\">\n\t\t\t\t\t\t\t\t\t\t<h2 class=\"dsm-entry-title\">\n\t\t\t\t\t\t\t\t\t\t\t<a href=\"https:\/\/retouch-nexus.eu\/sk\/2024\/03\/20\/world-water-day-2024-lets-celebrate-water-for-peace\/\" title=\"World Water Day 2024: let&#8217;s celebrate Water for Peace!\">\n\t\t\t\t\t\t\t\t\t\t\t\tWorld Water Day 2024: let&#8217;s celebrate Water for Peace!\t\t\t\t\t\t\t\t\t\t\t<\/a>\n\t\t\t\t\t\t\t\t\t<\/h2>\n\t\t\t\t\t\t\t\t<\/header>\n\t\t\t\t\t\t\n\t\t\t\t\t\t\t\t\t\t\t\t\t<div class=\"dsm-entry-meta\">\n\t\t\t\t\t\t\t\t\t\t\t\t\t\t\t\t\t\t\t\t\t\t\t\t\t<span class=\"dsm-meta-seperator\">|<\/span>\n\t\t\t\t\t\t\t\t\t<span class=\"dsm-posted-on\"><time datetime=\"mar 20, 2024\">mar 20, 2024<\/time><\/span>\n\t\t\t\t\t\t\t\t\t\t\t\t\t\t\t\t\t\t\t\t\t\t\t<\/div>\n\t\t\t\t\t\t\t\n\t\t\t\t\t\t\t\t\t\t\t\t\t\t<div class=\"dsm-entry-content\">\n\t\t\t\t\t\t\t\t<div class=\"dsm-post-excerpt\">\n\t\t\t\t\t\t\t\t\t<p>&lt;p&gt;Come celebrate World Water Day 2024 &lsquo;Leveraging water for peace&rsquo; with the RETOUCH NEXUS project! Water can be a<\/p>\n\t\t\t\t\t\t\t\t<\/div>\n\t\t\t\t\t\t\t<\/div>\n\t\t\t\t\t\t\t\n\t\t\t\t\t\t\t\t\t\t\t\t\t\t\t\t\t<div class=\"dsm-readmore-wrap et_pb_bg_layout_light\">\n\t\t\t\t\t\t\t\t\t\t<a href=\"https:\/\/retouch-nexus.eu\/sk\/2024\/03\/20\/world-water-day-2024-lets-celebrate-water-for-peace\/\" class=\"dsm-readmore-btn  et_pb_custom_button_icon\" data-icon=\"5\" target=\"\">Seguir leyendo<\/a>\n\t\t\t\t\t\t\t\t\t<\/div>\n\t\t\t\t\t\t\t\t\n\t\t\t\t\t\t\t\t\t\t\t\t\t<\/div>\n\t\t\t\t\t<\/div>\n\t\t\t\t<\/article>\n\n\t\t\t\t\n\t\t\t\t<article class=\"dsm-blog-carousel-item swiper-slide\">\n\t\t\t\t\t<div class=\"dsm-grid-post-holder-inner\">\n\t\t\t\t\t\t\t\t\t\t\t\t\t<div class=\"dsm-entry-image\">\n\t\t\t\t\t\t\t\t\t\t\t\t\t\t\t\t<div class=\"dsm-entry-thumbnail\">\n\t\t\t\t\t\t\t\t\t<a href=\"https:\/\/retouch-nexus.eu\/sk\/2024\/02\/23\/malta-makes-waves-highlights-from-the-islands-first-national-water-conference\/\">\n\t\t\t\t\t\t\t\t\t\t<img width=\"980\" height=\"411\" src=\"https:\/\/retouch-nexus.eu\/wp-content\/uploads\/2024\/02\/Malta-national-water-conference.png\" class=\"attachment-1080x675 size-1080x675 wp-post-image\" alt=\"\" decoding=\"async\" loading=\"lazy\" srcset=\"https:\/\/retouch-nexus.eu\/wp-content\/uploads\/2024\/02\/Malta-national-water-conference.png 980w, https:\/\/retouch-nexus.eu\/wp-content\/uploads\/2024\/02\/Malta-national-water-conference-480x201.png 480w\" sizes=\"(min-width: 0px) and (max-width: 480px) 480px, (min-width: 481px) 980px, 100vw\" \/>\t\t\t\t\t\t\t\t\t<\/a>\n\t\t\t\t\t\t\t\t<\/div>\n\t\t\t\t\t\t\t<\/div>\n\t\t\t\t\t\t\n\t\t\t\t\t\t<div class=\"dsm-entry-wrapper\">\n\t\t\t\t\t\t\t\t\t\t\t\t\t\t<header class=\"dsm-entry-header\">\n\t\t\t\t\t\t\t\t\t\t<h2 class=\"dsm-entry-title\">\n\t\t\t\t\t\t\t\t\t\t\t<a href=\"https:\/\/retouch-nexus.eu\/sk\/2024\/02\/23\/malta-makes-waves-highlights-from-the-islands-first-national-water-conference\/\" title=\"RETOUCH Nexus Unveiled at Malta\u2019s First National Water Conference\">\n\t\t\t\t\t\t\t\t\t\t\t\tRETOUCH Nexus Unveiled at Malta\u2019s First National Water Conference\t\t\t\t\t\t\t\t\t\t\t<\/a>\n\t\t\t\t\t\t\t\t\t<\/h2>\n\t\t\t\t\t\t\t\t<\/header>\n\t\t\t\t\t\t\n\t\t\t\t\t\t\t\t\t\t\t\t\t<div class=\"dsm-entry-meta\">\n\t\t\t\t\t\t\t\t\t\t\t\t\t\t\t\t\t\t\t\t\t\t\t\t\t<span class=\"dsm-meta-seperator\">|<\/span>\n\t\t\t\t\t\t\t\t\t<span class=\"dsm-posted-on\"><time datetime=\"feb 23, 2024\">feb 23, 2024<\/time><\/span>\n\t\t\t\t\t\t\t\t\t\t\t\t\t\t\t\t\t\t\t\t\t\t\t<\/div>\n\t\t\t\t\t\t\t\n\t\t\t\t\t\t\t\t\t\t\t\t\t\t<div class=\"dsm-entry-content\">\n\t\t\t\t\t\t\t\t<div class=\"dsm-post-excerpt\">\n\t\t\t\t\t\t\t\t\t<p>&lt;p&gt;Malta hosted its inaugural National Water Conference on Friday, February 16, 2024, marking a significant milestone in the island&#039;s<\/p>\n\t\t\t\t\t\t\t\t<\/div>\n\t\t\t\t\t\t\t<\/div>\n\t\t\t\t\t\t\t\n\t\t\t\t\t\t\t\t\t\t\t\t\t\t\t\t\t<div class=\"dsm-readmore-wrap et_pb_bg_layout_light\">\n\t\t\t\t\t\t\t\t\t\t<a href=\"https:\/\/retouch-nexus.eu\/sk\/2024\/02\/23\/malta-makes-waves-highlights-from-the-islands-first-national-water-conference\/\" class=\"dsm-readmore-btn  et_pb_custom_button_icon\" data-icon=\"5\" target=\"\">Seguir leyendo<\/a>\n\t\t\t\t\t\t\t\t\t<\/div>\n\t\t\t\t\t\t\t\t\n\t\t\t\t\t\t\t\t\t\t\t\t\t<\/div>\n\t\t\t\t\t<\/div>\n\t\t\t\t<\/article>\n\n\t\t\t\t\n\t\t\t\t<article class=\"dsm-blog-carousel-item swiper-slide\">\n\t\t\t\t\t<div class=\"dsm-grid-post-holder-inner\">\n\t\t\t\t\t\t\t\t\t\t\t\t\t<div class=\"dsm-entry-image\">\n\t\t\t\t\t\t\t\t\t\t\t\t\t\t\t\t<div class=\"dsm-entry-thumbnail\">\n\t\t\t\t\t\t\t\t\t<a href=\"https:\/\/retouch-nexus.eu\/sk\/2023\/11\/20\/wefe-nexus-community-of-practice-in-the-mediterranean-co-creation-workshop-and-wefe-nexus-award-ceremony\/\">\n\t\t\t\t\t\t\t\t\t\t<img width=\"1000\" height=\"500\" src=\"https:\/\/retouch-nexus.eu\/wp-content\/uploads\/2023\/11\/WEFE-Nexus-Community-of-Practice-in-the-Mediterranean-Co-Creation-Workshop-and-WEFE-Nexus-Award-ceremony.png\" class=\"attachment-1080x675 size-1080x675 wp-post-image\" alt=\"\" decoding=\"async\" loading=\"lazy\" srcset=\"https:\/\/retouch-nexus.eu\/wp-content\/uploads\/2023\/11\/WEFE-Nexus-Community-of-Practice-in-the-Mediterranean-Co-Creation-Workshop-and-WEFE-Nexus-Award-ceremony.png 1000w, https:\/\/retouch-nexus.eu\/wp-content\/uploads\/2023\/11\/WEFE-Nexus-Community-of-Practice-in-the-Mediterranean-Co-Creation-Workshop-and-WEFE-Nexus-Award-ceremony-980x490.png 980w, https:\/\/retouch-nexus.eu\/wp-content\/uploads\/2023\/11\/WEFE-Nexus-Community-of-Practice-in-the-Mediterranean-Co-Creation-Workshop-and-WEFE-Nexus-Award-ceremony-480x240.png 480w\" sizes=\"(min-width: 0px) and (max-width: 480px) 480px, (min-width: 481px) and (max-width: 980px) 980px, (min-width: 981px) 1000px, 100vw\" \/>\t\t\t\t\t\t\t\t\t<\/a>\n\t\t\t\t\t\t\t\t<\/div>\n\t\t\t\t\t\t\t<\/div>\n\t\t\t\t\t\t\n\t\t\t\t\t\t<div class=\"dsm-entry-wrapper\">\n\t\t\t\t\t\t\t\t\t\t\t\t\t\t<header class=\"dsm-entry-header\">\n\t\t\t\t\t\t\t\t\t\t<h2 class=\"dsm-entry-title\">\n\t\t\t\t\t\t\t\t\t\t\t<a href=\"https:\/\/retouch-nexus.eu\/sk\/2023\/11\/20\/wefe-nexus-community-of-practice-in-the-mediterranean-co-creation-workshop-and-wefe-nexus-award-ceremony\/\" title=\"WEFE Nexus Community of Practice in the Mediterranean Co-Creation Workshop and WEFE Nexus Award ceremony\">\n\t\t\t\t\t\t\t\t\t\t\t\tWEFE Nexus Community of Practice in the Mediterranean Co-Creation Workshop and WEFE Nexus Award ceremony\t\t\t\t\t\t\t\t\t\t\t<\/a>\n\t\t\t\t\t\t\t\t\t<\/h2>\n\t\t\t\t\t\t\t\t<\/header>\n\t\t\t\t\t\t\n\t\t\t\t\t\t\t\t\t\t\t\t\t<div class=\"dsm-entry-meta\">\n\t\t\t\t\t\t\t\t\t\t\t\t\t\t\t\t\t\t\t\t\t\t\t\t\t<span class=\"dsm-meta-seperator\">|<\/span>\n\t\t\t\t\t\t\t\t\t<span class=\"dsm-posted-on\"><time datetime=\"nov 20, 2023\">nov 20, 2023<\/time><\/span>\n\t\t\t\t\t\t\t\t\t\t\t\t\t\t\t\t\t\t\t\t\t\t\t<\/div>\n\t\t\t\t\t\t\t\n\t\t\t\t\t\t\t\t\t\t\t\t\t\t<div class=\"dsm-entry-content\">\n\t\t\t\t\t\t\t\t<div class=\"dsm-post-excerpt\">\n\t\t\t\t\t\t\t\t\t<p>&lt;p&gt;This Wednesday, our coordinator will have the opportunity to present the RETOUCH NEXUS and SIGMA Nexus projects at the<\/p>\n\t\t\t\t\t\t\t\t<\/div>\n\t\t\t\t\t\t\t<\/div>\n\t\t\t\t\t\t\t\n\t\t\t\t\t\t\t\t\t\t\t\t\t\t\t\t\t<div class=\"dsm-readmore-wrap et_pb_bg_layout_light\">\n\t\t\t\t\t\t\t\t\t\t<a href=\"https:\/\/retouch-nexus.eu\/sk\/2023\/11\/20\/wefe-nexus-community-of-practice-in-the-mediterranean-co-creation-workshop-and-wefe-nexus-award-ceremony\/\" class=\"dsm-readmore-btn  et_pb_custom_button_icon\" data-icon=\"5\" target=\"\">Seguir leyendo<\/a>\n\t\t\t\t\t\t\t\t\t<\/div>\n\t\t\t\t\t\t\t\t\n\t\t\t\t\t\t\t\t\t\t\t\t\t<\/div>\n\t\t\t\t\t<\/div>\n\t\t\t\t<\/article>\n\n\t\t\t\t\n\t\t\t\t<article class=\"dsm-blog-carousel-item swiper-slide\">\n\t\t\t\t\t<div class=\"dsm-grid-post-holder-inner\">\n\t\t\t\t\t\t\t\t\t\t\t\t\t<div class=\"dsm-entry-image\">\n\t\t\t\t\t\t\t\t\t\t\t\t\t\t\t\t<div class=\"dsm-entry-thumbnail\">\n\t\t\t\t\t\t\t\t\t<a href=\"https:\/\/retouch-nexus.eu\/sk\/2023\/10\/26\/call-for-a-new-and-comprehensive-water-strategy-for-europe-an-eu-blue-deal\/\">\n\t\t\t\t\t\t\t\t\t\t<img width=\"1000\" height=\"500\" src=\"https:\/\/retouch-nexus.eu\/wp-content\/uploads\/2023\/10\/Call-for-an-EU-blue-Deal1.png\" class=\"attachment-1080x675 size-1080x675 wp-post-image\" alt=\"\" decoding=\"async\" loading=\"lazy\" srcset=\"https:\/\/retouch-nexus.eu\/wp-content\/uploads\/2023\/10\/Call-for-an-EU-blue-Deal1.png 1000w, https:\/\/retouch-nexus.eu\/wp-content\/uploads\/2023\/10\/Call-for-an-EU-blue-Deal1-980x490.png 980w, https:\/\/retouch-nexus.eu\/wp-content\/uploads\/2023\/10\/Call-for-an-EU-blue-Deal1-480x240.png 480w\" sizes=\"(min-width: 0px) and (max-width: 480px) 480px, (min-width: 481px) and (max-width: 980px) 980px, (min-width: 981px) 1000px, 100vw\" \/>\t\t\t\t\t\t\t\t\t<\/a>\n\t\t\t\t\t\t\t\t<\/div>\n\t\t\t\t\t\t\t<\/div>\n\t\t\t\t\t\t\n\t\t\t\t\t\t<div class=\"dsm-entry-wrapper\">\n\t\t\t\t\t\t\t\t\t\t\t\t\t\t<header class=\"dsm-entry-header\">\n\t\t\t\t\t\t\t\t\t\t<h2 class=\"dsm-entry-title\">\n\t\t\t\t\t\t\t\t\t\t\t<a href=\"https:\/\/retouch-nexus.eu\/sk\/2023\/10\/26\/call-for-a-new-and-comprehensive-water-strategy-for-europe-an-eu-blue-deal\/\" title=\"Call for a new and comprehensive water strategy for Europe \u2013 an EU Blue Deal\">\n\t\t\t\t\t\t\t\t\t\t\t\tCall for a new and comprehensive water strategy for Europe \u2013 an EU Blue Deal\t\t\t\t\t\t\t\t\t\t\t<\/a>\n\t\t\t\t\t\t\t\t\t<\/h2>\n\t\t\t\t\t\t\t\t<\/header>\n\t\t\t\t\t\t\n\t\t\t\t\t\t\t\t\t\t\t\t\t<div class=\"dsm-entry-meta\">\n\t\t\t\t\t\t\t\t\t\t\t\t\t\t\t\t\t\t\t\t\t\t\t\t\t<span class=\"dsm-meta-seperator\">|<\/span>\n\t\t\t\t\t\t\t\t\t<span class=\"dsm-posted-on\"><time datetime=\"okt 26, 2023\">okt 26, 2023<\/time><\/span>\n\t\t\t\t\t\t\t\t\t\t\t\t\t\t\t\t\t\t\t\t\t\t\t<\/div>\n\t\t\t\t\t\t\t\n\t\t\t\t\t\t\t\t\t\t\t\t\t\t<div class=\"dsm-entry-content\">\n\t\t\t\t\t\t\t\t<div class=\"dsm-post-excerpt\">\n\t\t\t\t\t\t\t\t\t<p>&lt;p&gt;On October 26, 2023, the European Economic and Social Committee (EESC) adopted its call for a new comprehensive water<\/p>\n\t\t\t\t\t\t\t\t<\/div>\n\t\t\t\t\t\t\t<\/div>\n\t\t\t\t\t\t\t\n\t\t\t\t\t\t\t\t\t\t\t\t\t\t\t\t\t<div class=\"dsm-readmore-wrap et_pb_bg_layout_light\">\n\t\t\t\t\t\t\t\t\t\t<a href=\"https:\/\/retouch-nexus.eu\/sk\/2023\/10\/26\/call-for-a-new-and-comprehensive-water-strategy-for-europe-an-eu-blue-deal\/\" class=\"dsm-readmore-btn  et_pb_custom_button_icon\" data-icon=\"5\" target=\"\">Seguir leyendo<\/a>\n\t\t\t\t\t\t\t\t\t<\/div>\n\t\t\t\t\t\t\t\t\n\t\t\t\t\t\t\t\t\t\t\t\t\t<\/div>\n\t\t\t\t\t<\/div>\n\t\t\t\t<\/article>\n\n\t\t\t\t\n\t\t\t\t<article class=\"dsm-blog-carousel-item swiper-slide\">\n\t\t\t\t\t<div class=\"dsm-grid-post-holder-inner\">\n\t\t\t\t\t\t\t\t\t\t\t\t\t<div class=\"dsm-entry-image\">\n\t\t\t\t\t\t\t\t\t\t\t\t\t\t\t\t<div class=\"dsm-entry-thumbnail\">\n\t\t\t\t\t\t\t\t\t<a href=\"https:\/\/retouch-nexus.eu\/sk\/2023\/10\/13\/europe-inbo-international-conferences-for-the-implementation-of-the-european-union-water-directives\/\">\n\t\t\t\t\t\t\t\t\t\t<img width=\"1080\" height=\"675\" src=\"https:\/\/retouch-nexus.eu\/wp-content\/uploads\/2023\/10\/Europe-INBO-international-conferences-for-the-implementation-of-the-european-union-water-directives-1080x675.png\" class=\"attachment-1080x675 size-1080x675 wp-post-image\" alt=\"\" decoding=\"async\" loading=\"lazy\" srcset=\"https:\/\/retouch-nexus.eu\/wp-content\/uploads\/2023\/10\/Europe-INBO-international-conferences-for-the-implementation-of-the-european-union-water-directives-980x551.png 980w, https:\/\/retouch-nexus.eu\/wp-content\/uploads\/2023\/10\/Europe-INBO-international-conferences-for-the-implementation-of-the-european-union-water-directives-480x270.png 480w\" sizes=\"(min-width: 0px) and (max-width: 480px) 480px, (min-width: 481px) and (max-width: 980px) 980px, (min-width: 981px) 1080px, 100vw\" \/>\t\t\t\t\t\t\t\t\t<\/a>\n\t\t\t\t\t\t\t\t<\/div>\n\t\t\t\t\t\t\t<\/div>\n\t\t\t\t\t\t\n\t\t\t\t\t\t<div class=\"dsm-entry-wrapper\">\n\t\t\t\t\t\t\t\t\t\t\t\t\t\t<header class=\"dsm-entry-header\">\n\t\t\t\t\t\t\t\t\t\t<h2 class=\"dsm-entry-title\">\n\t\t\t\t\t\t\t\t\t\t\t<a href=\"https:\/\/retouch-nexus.eu\/sk\/2023\/10\/13\/europe-inbo-international-conferences-for-the-implementation-of-the-european-union-water-directives\/\" title=\"Europe-INBO International Conferences for the Implementation of the European Union water directives\">\n\t\t\t\t\t\t\t\t\t\t\t\tEurope-INBO International Conferences for the Implementation of the European Union water directives\t\t\t\t\t\t\t\t\t\t\t<\/a>\n\t\t\t\t\t\t\t\t\t<\/h2>\n\t\t\t\t\t\t\t\t<\/header>\n\t\t\t\t\t\t\n\t\t\t\t\t\t\t\t\t\t\t\t\t<div class=\"dsm-entry-meta\">\n\t\t\t\t\t\t\t\t\t\t\t\t\t\t\t\t\t\t\t\t\t\t\t\t\t<span class=\"dsm-meta-seperator\">|<\/span>\n\t\t\t\t\t\t\t\t\t<span class=\"dsm-posted-on\"><time datetime=\"okt 13, 2023\">okt 13, 2023<\/time><\/span>\n\t\t\t\t\t\t\t\t\t\t\t\t\t\t\t\t\t\t\t\t\t\t\t<\/div>\n\t\t\t\t\t\t\t\n\t\t\t\t\t\t\t\t\t\t\t\t\t\t<div class=\"dsm-entry-content\">\n\t\t\t\t\t\t\t\t<div class=\"dsm-post-excerpt\">\n\t\t\t\t\t\t\t\t\t<p>&lt;p&gt;This week, RETOUCH NEXUS partners, along with the Water Governance 2027 synergy group, were thrilled to attend the 20th<\/p>\n\t\t\t\t\t\t\t\t<\/div>\n\t\t\t\t\t\t\t<\/div>\n\t\t\t\t\t\t\t\n\t\t\t\t\t\t\t\t\t\t\t\t\t\t\t\t\t<div class=\"dsm-readmore-wrap et_pb_bg_layout_light\">\n\t\t\t\t\t\t\t\t\t\t<a href=\"https:\/\/retouch-nexus.eu\/sk\/2023\/10\/13\/europe-inbo-international-conferences-for-the-implementation-of-the-european-union-water-directives\/\" class=\"dsm-readmore-btn  et_pb_custom_button_icon\" data-icon=\"5\" target=\"\">Seguir leyendo<\/a>\n\t\t\t\t\t\t\t\t\t<\/div>\n\t\t\t\t\t\t\t\t\n\t\t\t\t\t\t\t\t\t\t\t\t\t<\/div>\n\t\t\t\t\t<\/div>\n\t\t\t\t<\/article>\n\n\t\t\t\t\n\t\t\t\t<article class=\"dsm-blog-carousel-item swiper-slide\">\n\t\t\t\t\t<div class=\"dsm-grid-post-holder-inner\">\n\t\t\t\t\t\t\t\t\t\t\t\t\t<div class=\"dsm-entry-image\">\n\t\t\t\t\t\t\t\t\t\t\t\t\t\t\t\t<div class=\"dsm-entry-thumbnail\">\n\t\t\t\t\t\t\t\t\t<a href=\"https:\/\/retouch-nexus.eu\/sk\/2023\/09\/29\/nexus-regional-forum-of-stakeholders\/\">\n\t\t\t\t\t\t\t\t\t\t<img width=\"1080\" height=\"675\" src=\"https:\/\/retouch-nexus.eu\/wp-content\/uploads\/2024\/07\/Maria-at-NexusNet-stakeholder-forum-1080x675.jpg\" class=\"attachment-1080x675 size-1080x675 wp-post-image\" alt=\"\" decoding=\"async\" loading=\"lazy\" srcset=\"https:\/\/retouch-nexus.eu\/wp-content\/uploads\/2024\/07\/Maria-at-NexusNet-stakeholder-forum-980x551.jpg 980w, https:\/\/retouch-nexus.eu\/wp-content\/uploads\/2024\/07\/Maria-at-NexusNet-stakeholder-forum-480x270.jpg 480w\" sizes=\"(min-width: 0px) and (max-width: 480px) 480px, (min-width: 481px) and (max-width: 980px) 980px, (min-width: 981px) 1080px, 100vw\" \/>\t\t\t\t\t\t\t\t\t<\/a>\n\t\t\t\t\t\t\t\t<\/div>\n\t\t\t\t\t\t\t<\/div>\n\t\t\t\t\t\t\n\t\t\t\t\t\t<div class=\"dsm-entry-wrapper\">\n\t\t\t\t\t\t\t\t\t\t\t\t\t\t<header class=\"dsm-entry-header\">\n\t\t\t\t\t\t\t\t\t\t<h2 class=\"dsm-entry-title\">\n\t\t\t\t\t\t\t\t\t\t\t<a href=\"https:\/\/retouch-nexus.eu\/sk\/2023\/09\/29\/nexus-regional-forum-of-stakeholders\/\" title=\"RETOUCH NEXUS participated in the NexusNet Cost Action Stakeholder\u2019s Forum on Nexus implementation in Europe\">\n\t\t\t\t\t\t\t\t\t\t\t\tRETOUCH NEXUS participated in the NexusNet Cost Action Stakeholder\u2019s Forum on Nexus implementation in Europe\t\t\t\t\t\t\t\t\t\t\t<\/a>\n\t\t\t\t\t\t\t\t\t<\/h2>\n\t\t\t\t\t\t\t\t<\/header>\n\t\t\t\t\t\t\n\t\t\t\t\t\t\t\t\t\t\t\t\t<div class=\"dsm-entry-meta\">\n\t\t\t\t\t\t\t\t\t\t\t\t\t\t\t\t\t\t\t\t\t\t\t\t\t<span class=\"dsm-meta-seperator\">|<\/span>\n\t\t\t\t\t\t\t\t\t<span class=\"dsm-posted-on\"><time datetime=\"sep 29, 2023\">sep 29, 2023<\/time><\/span>\n\t\t\t\t\t\t\t\t\t\t\t\t\t\t\t\t\t\t\t\t\t\t\t<\/div>\n\t\t\t\t\t\t\t\n\t\t\t\t\t\t\t\t\t\t\t\t\t\t<div class=\"dsm-entry-content\">\n\t\t\t\t\t\t\t\t<div class=\"dsm-post-excerpt\">\n\t\t\t\t\t\t\t\t\t<p>&lt;p&gt;As Project Coordinator of the RETOUCH NEXUS project, TUM (Technical University of Munich) participated in the Nexus Regional Forum<\/p>\n\t\t\t\t\t\t\t\t<\/div>\n\t\t\t\t\t\t\t<\/div>\n\t\t\t\t\t\t\t\n\t\t\t\t\t\t\t\t\t\t\t\t\t\t\t\t\t<div class=\"dsm-readmore-wrap et_pb_bg_layout_light\">\n\t\t\t\t\t\t\t\t\t\t<a href=\"https:\/\/retouch-nexus.eu\/sk\/2023\/09\/29\/nexus-regional-forum-of-stakeholders\/\" class=\"dsm-readmore-btn  et_pb_custom_button_icon\" data-icon=\"5\" target=\"\">Seguir leyendo<\/a>\n\t\t\t\t\t\t\t\t\t<\/div>\n\t\t\t\t\t\t\t\t\n\t\t\t\t\t\t\t\t\t\t\t\t\t<\/div>\n\t\t\t\t\t<\/div>\n\t\t\t\t<\/article>\n\n\t\t\t\t\n\t\t\t\t<article class=\"dsm-blog-carousel-item swiper-slide\">\n\t\t\t\t\t<div class=\"dsm-grid-post-holder-inner\">\n\t\t\t\t\t\t\t\t\t\t\t\t\t<div class=\"dsm-entry-image\">\n\t\t\t\t\t\t\t\t\t\t\t\t\t\t\t\t<div class=\"dsm-entry-thumbnail\">\n\t\t\t\t\t\t\t\t\t<a href=\"https:\/\/retouch-nexus.eu\/sk\/2023\/04\/19\/international-conference-on-climate-risk-vulnerability-and-resilience-building\/\">\n\t\t\t\t\t\t\t\t\t\t<img width=\"1000\" height=\"500\" src=\"https:\/\/retouch-nexus.eu\/wp-content\/uploads\/2023\/04\/UNESCO-conference3.png\" class=\"attachment-1080x675 size-1080x675 wp-post-image\" alt=\"\" decoding=\"async\" loading=\"lazy\" srcset=\"https:\/\/retouch-nexus.eu\/wp-content\/uploads\/2023\/04\/UNESCO-conference3.png 1000w, https:\/\/retouch-nexus.eu\/wp-content\/uploads\/2023\/04\/UNESCO-conference3-980x490.png 980w, https:\/\/retouch-nexus.eu\/wp-content\/uploads\/2023\/04\/UNESCO-conference3-480x240.png 480w\" sizes=\"(min-width: 0px) and (max-width: 480px) 480px, (min-width: 481px) and (max-width: 980px) 980px, (min-width: 981px) 1000px, 100vw\" \/>\t\t\t\t\t\t\t\t\t<\/a>\n\t\t\t\t\t\t\t\t<\/div>\n\t\t\t\t\t\t\t<\/div>\n\t\t\t\t\t\t\n\t\t\t\t\t\t<div class=\"dsm-entry-wrapper\">\n\t\t\t\t\t\t\t\t\t\t\t\t\t\t<header class=\"dsm-entry-header\">\n\t\t\t\t\t\t\t\t\t\t<h2 class=\"dsm-entry-title\">\n\t\t\t\t\t\t\t\t\t\t\t<a href=\"https:\/\/retouch-nexus.eu\/sk\/2023\/04\/19\/international-conference-on-climate-risk-vulnerability-and-resilience-building\/\" title=\"UNESCO &#8211; International Conference on Climate Risk, Vulnerability and Resilience Building\">\n\t\t\t\t\t\t\t\t\t\t\t\tUNESCO &#8211; International Conference on Climate Risk, Vulnerability and Resilience Building\t\t\t\t\t\t\t\t\t\t\t<\/a>\n\t\t\t\t\t\t\t\t\t<\/h2>\n\t\t\t\t\t\t\t\t<\/header>\n\t\t\t\t\t\t\n\t\t\t\t\t\t\t\t\t\t\t\t\t<div class=\"dsm-entry-meta\">\n\t\t\t\t\t\t\t\t\t\t\t\t\t\t\t\t\t\t\t\t\t\t\t\t\t<span class=\"dsm-meta-seperator\">|<\/span>\n\t\t\t\t\t\t\t\t\t<span class=\"dsm-posted-on\"><time datetime=\"apr 19, 2023\">apr 19, 2023<\/time><\/span>\n\t\t\t\t\t\t\t\t\t\t\t\t\t\t\t\t\t\t\t\t\t\t\t<\/div>\n\t\t\t\t\t\t\t\n\t\t\t\t\t\t\t\t\t\t\t\t\t\t<div class=\"dsm-entry-content\">\n\t\t\t\t\t\t\t\t<div class=\"dsm-post-excerpt\">\n\t\t\t\t\t\t\t\t\t<p>&lt;p&gt;The RETOUCH NEXUS project is very proud to be part of the International Conference on Climate Risk, Vulnerability and<\/p>\n\t\t\t\t\t\t\t\t<\/div>\n\t\t\t\t\t\t\t<\/div>\n\t\t\t\t\t\t\t\n\t\t\t\t\t\t\t\t\t\t\t\t\t\t\t\t\t<div class=\"dsm-readmore-wrap et_pb_bg_layout_light\">\n\t\t\t\t\t\t\t\t\t\t<a href=\"https:\/\/retouch-nexus.eu\/sk\/2023\/04\/19\/international-conference-on-climate-risk-vulnerability-and-resilience-building\/\" class=\"dsm-readmore-btn  et_pb_custom_button_icon\" data-icon=\"5\" target=\"\">Seguir leyendo<\/a>\n\t\t\t\t\t\t\t\t\t<\/div>\n\t\t\t\t\t\t\t\t\n\t\t\t\t\t\t\t\t\t\t\t\t\t<\/div>\n\t\t\t\t\t<\/div>\n\t\t\t\t<\/article>\n\n\t\t\t\t\n\t\t\t\t<article class=\"dsm-blog-carousel-item swiper-slide\">\n\t\t\t\t\t<div class=\"dsm-grid-post-holder-inner\">\n\t\t\t\t\t\t\t\t\t\t\t\t\t<div class=\"dsm-entry-image\">\n\t\t\t\t\t\t\t\t\t\t\t\t\t\t\t\t<div class=\"dsm-entry-thumbnail\">\n\t\t\t\t\t\t\t\t\t<a href=\"https:\/\/retouch-nexus.eu\/sk\/2023\/04\/17\/seminar-on-synergies-and-trade-offs-between-water-energy-food-ecosytems-nexus-and-sustainable-development-goals-in-the-european-union\/\">\n\t\t\t\t\t\t\t\t\t\t<img width=\"1000\" height=\"500\" src=\"https:\/\/retouch-nexus.eu\/wp-content\/uploads\/2023\/04\/CIEP-INTA-internal-seminar1.png\" class=\"attachment-1080x675 size-1080x675 wp-post-image\" alt=\"\" decoding=\"async\" loading=\"lazy\" srcset=\"https:\/\/retouch-nexus.eu\/wp-content\/uploads\/2023\/04\/CIEP-INTA-internal-seminar1.png 1000w, https:\/\/retouch-nexus.eu\/wp-content\/uploads\/2023\/04\/CIEP-INTA-internal-seminar1-980x490.png 980w, https:\/\/retouch-nexus.eu\/wp-content\/uploads\/2023\/04\/CIEP-INTA-internal-seminar1-480x240.png 480w\" sizes=\"(min-width: 0px) and (max-width: 480px) 480px, (min-width: 481px) and (max-width: 980px) 980px, (min-width: 981px) 1000px, 100vw\" \/>\t\t\t\t\t\t\t\t\t<\/a>\n\t\t\t\t\t\t\t\t<\/div>\n\t\t\t\t\t\t\t<\/div>\n\t\t\t\t\t\t\n\t\t\t\t\t\t<div class=\"dsm-entry-wrapper\">\n\t\t\t\t\t\t\t\t\t\t\t\t\t\t<header class=\"dsm-entry-header\">\n\t\t\t\t\t\t\t\t\t\t<h2 class=\"dsm-entry-title\">\n\t\t\t\t\t\t\t\t\t\t\t<a href=\"https:\/\/retouch-nexus.eu\/sk\/2023\/04\/17\/seminar-on-synergies-and-trade-offs-between-water-energy-food-ecosytems-nexus-and-sustainable-development-goals-in-the-european-union\/\" title=\"Seminar on synergies and trade-offs between Water Energy Food Ecosytems Nexus and Sustainable Development Goals in the European Union\">\n\t\t\t\t\t\t\t\t\t\t\t\tSeminar on synergies and trade-offs between Water Energy Food Ecosytems Nexus and Sustainable Development Goals in the European Union\t\t\t\t\t\t\t\t\t\t\t<\/a>\n\t\t\t\t\t\t\t\t\t<\/h2>\n\t\t\t\t\t\t\t\t<\/header>\n\t\t\t\t\t\t\n\t\t\t\t\t\t\t\t\t\t\t\t\t<div class=\"dsm-entry-meta\">\n\t\t\t\t\t\t\t\t\t\t\t\t\t\t\t\t\t\t\t\t\t\t\t\t\t<span class=\"dsm-meta-seperator\">|<\/span>\n\t\t\t\t\t\t\t\t\t<span class=\"dsm-posted-on\"><time datetime=\"apr 17, 2023\">apr 17, 2023<\/time><\/span>\n\t\t\t\t\t\t\t\t\t\t\t\t\t\t\t\t\t\t\t\t\t\t\t<\/div>\n\t\t\t\t\t\t\t\n\t\t\t\t\t\t\t\t\t\t\t\t\t\t<div class=\"dsm-entry-content\">\n\t\t\t\t\t\t\t\t<div class=\"dsm-post-excerpt\">\n\t\t\t\t\t\t\t\t\t<p>&lt;p&gt;Today, the RETOUCH NEXUS project was presented by Pr. Maria Vrachioli, from the Technical University of Munich (project coordinator)<\/p>\n\t\t\t\t\t\t\t\t<\/div>\n\t\t\t\t\t\t\t<\/div>\n\t\t\t\t\t\t\t\n\t\t\t\t\t\t\t\t\t\t\t\t\t\t\t\t\t<div class=\"dsm-readmore-wrap et_pb_bg_layout_light\">\n\t\t\t\t\t\t\t\t\t\t<a href=\"https:\/\/retouch-nexus.eu\/sk\/2023\/04\/17\/seminar-on-synergies-and-trade-offs-between-water-energy-food-ecosytems-nexus-and-sustainable-development-goals-in-the-european-union\/\" class=\"dsm-readmore-btn  et_pb_custom_button_icon\" data-icon=\"5\" target=\"\">Seguir leyendo<\/a>\n\t\t\t\t\t\t\t\t\t<\/div>\n\t\t\t\t\t\t\t\t\n\t\t\t\t\t\t\t\t\t\t\t\t\t<\/div>\n\t\t\t\t\t<\/div>\n\t\t\t\t<\/article>\n\n\t\t\t\t\n\t\t\t\t<article class=\"dsm-blog-carousel-item swiper-slide\">\n\t\t\t\t\t<div class=\"dsm-grid-post-holder-inner\">\n\t\t\t\t\t\t\t\t\t\t\t\t\t<div class=\"dsm-entry-image\">\n\t\t\t\t\t\t\t\t\t\t\t\t\t\t\t\t<div class=\"dsm-entry-thumbnail\">\n\t\t\t\t\t\t\t\t\t<a href=\"https:\/\/retouch-nexus.eu\/sk\/2023\/03\/22\/world-water-day-2023\/\">\n\t\t\t\t\t\t\t\t\t\t<img width=\"1000\" height=\"500\" src=\"https:\/\/retouch-nexus.eu\/wp-content\/uploads\/2023\/03\/World-Water-day-20231.png\" class=\"attachment-1080x675 size-1080x675 wp-post-image\" alt=\"\" decoding=\"async\" loading=\"lazy\" srcset=\"https:\/\/retouch-nexus.eu\/wp-content\/uploads\/2023\/03\/World-Water-day-20231.png 1000w, https:\/\/retouch-nexus.eu\/wp-content\/uploads\/2023\/03\/World-Water-day-20231-980x490.png 980w, https:\/\/retouch-nexus.eu\/wp-content\/uploads\/2023\/03\/World-Water-day-20231-480x240.png 480w\" sizes=\"(min-width: 0px) and (max-width: 480px) 480px, (min-width: 481px) and (max-width: 980px) 980px, (min-width: 981px) 1000px, 100vw\" \/>\t\t\t\t\t\t\t\t\t<\/a>\n\t\t\t\t\t\t\t\t<\/div>\n\t\t\t\t\t\t\t<\/div>\n\t\t\t\t\t\t\n\t\t\t\t\t\t<div class=\"dsm-entry-wrapper\">\n\t\t\t\t\t\t\t\t\t\t\t\t\t\t<header class=\"dsm-entry-header\">\n\t\t\t\t\t\t\t\t\t\t<h2 class=\"dsm-entry-title\">\n\t\t\t\t\t\t\t\t\t\t\t<a href=\"https:\/\/retouch-nexus.eu\/sk\/2023\/03\/22\/world-water-day-2023\/\" title=\"World Water Day 2023\">\n\t\t\t\t\t\t\t\t\t\t\t\tWorld Water Day 2023\t\t\t\t\t\t\t\t\t\t\t<\/a>\n\t\t\t\t\t\t\t\t\t<\/h2>\n\t\t\t\t\t\t\t\t<\/header>\n\t\t\t\t\t\t\n\t\t\t\t\t\t\t\t\t\t\t\t\t<div class=\"dsm-entry-meta\">\n\t\t\t\t\t\t\t\t\t\t\t\t\t\t\t\t\t\t\t\t\t\t\t\t\t<span class=\"dsm-meta-seperator\">|<\/span>\n\t\t\t\t\t\t\t\t\t<span class=\"dsm-posted-on\"><time datetime=\"mar 22, 2023\">mar 22, 2023<\/time><\/span>\n\t\t\t\t\t\t\t\t\t\t\t\t\t\t\t\t\t\t\t\t\t\t\t<\/div>\n\t\t\t\t\t\t\t\n\t\t\t\t\t\t\t\t\t\t\t\t\t\t<div class=\"dsm-entry-content\">\n\t\t\t\t\t\t\t\t<div class=\"dsm-post-excerpt\">\n\t\t\t\t\t\t\t\t\t<p>&lt;p&gt;The RETOUCH NEXUS project is proud to celebrate World Water Day 2023, organised by the UNESCO, AquaFed and World<\/p>\n\t\t\t\t\t\t\t\t<\/div>\n\t\t\t\t\t\t\t<\/div>\n\t\t\t\t\t\t\t\n\t\t\t\t\t\t\t\t\t\t\t\t\t\t\t\t\t<div class=\"dsm-readmore-wrap et_pb_bg_layout_light\">\n\t\t\t\t\t\t\t\t\t\t<a href=\"https:\/\/retouch-nexus.eu\/sk\/2023\/03\/22\/world-water-day-2023\/\" class=\"dsm-readmore-btn  et_pb_custom_button_icon\" data-icon=\"5\" target=\"\">Seguir leyendo<\/a>\n\t\t\t\t\t\t\t\t\t<\/div>\n\t\t\t\t\t\t\t\t\n\t\t\t\t\t\t\t\t\t\t\t\t\t<\/div>\n\t\t\t\t\t<\/div>\n\t\t\t\t<\/article>\n\n\t\t\t\t\n\t\t\t\t<article class=\"dsm-blog-carousel-item swiper-slide\">\n\t\t\t\t\t<div class=\"dsm-grid-post-holder-inner\">\n\t\t\t\t\t\t\t\t\t\t\t\t\t<div class=\"dsm-entry-image\">\n\t\t\t\t\t\t\t\t\t\t\t\t\t\t\t\t<div class=\"dsm-entry-thumbnail\">\n\t\t\t\t\t\t\t\t\t<a href=\"https:\/\/retouch-nexus.eu\/sk\/2023\/01\/31\/webinar-nexus-research-for-better-policy-support-water-scarcity-in-europe-cost-association\/\">\n\t\t\t\t\t\t\t\t\t\t<img width=\"1000\" height=\"500\" src=\"https:\/\/retouch-nexus.eu\/wp-content\/uploads\/2023\/01\/Webinar-Nexus-research-for-better-policy-support-water-scarcity-in-Europe-COST-Association1.png\" class=\"attachment-1080x675 size-1080x675 wp-post-image\" alt=\"\" decoding=\"async\" loading=\"lazy\" srcset=\"https:\/\/retouch-nexus.eu\/wp-content\/uploads\/2023\/01\/Webinar-Nexus-research-for-better-policy-support-water-scarcity-in-Europe-COST-Association1.png 1000w, https:\/\/retouch-nexus.eu\/wp-content\/uploads\/2023\/01\/Webinar-Nexus-research-for-better-policy-support-water-scarcity-in-Europe-COST-Association1-980x490.png 980w, https:\/\/retouch-nexus.eu\/wp-content\/uploads\/2023\/01\/Webinar-Nexus-research-for-better-policy-support-water-scarcity-in-Europe-COST-Association1-480x240.png 480w\" sizes=\"(min-width: 0px) and (max-width: 480px) 480px, (min-width: 481px) and (max-width: 980px) 980px, (min-width: 981px) 1000px, 100vw\" \/>\t\t\t\t\t\t\t\t\t<\/a>\n\t\t\t\t\t\t\t\t<\/div>\n\t\t\t\t\t\t\t<\/div>\n\t\t\t\t\t\t\n\t\t\t\t\t\t<div class=\"dsm-entry-wrapper\">\n\t\t\t\t\t\t\t\t\t\t\t\t\t\t<header class=\"dsm-entry-header\">\n\t\t\t\t\t\t\t\t\t\t<h2 class=\"dsm-entry-title\">\n\t\t\t\t\t\t\t\t\t\t\t<a href=\"https:\/\/retouch-nexus.eu\/sk\/2023\/01\/31\/webinar-nexus-research-for-better-policy-support-water-scarcity-in-europe-cost-association\/\" title=\"Webinar: &#8220;Nexus research for better policy support: water scarcity in Europe&#8221; | COST Association\">\n\t\t\t\t\t\t\t\t\t\t\t\tWebinar: &#8220;Nexus research for better policy support: water scarcity in Europe&#8221; | COST Association\t\t\t\t\t\t\t\t\t\t\t<\/a>\n\t\t\t\t\t\t\t\t\t<\/h2>\n\t\t\t\t\t\t\t\t<\/header>\n\t\t\t\t\t\t\n\t\t\t\t\t\t\t\t\t\t\t\t\t<div class=\"dsm-entry-meta\">\n\t\t\t\t\t\t\t\t\t\t\t\t\t\t\t\t\t\t\t\t\t\t\t\t\t<span class=\"dsm-meta-seperator\">|<\/span>\n\t\t\t\t\t\t\t\t\t<span class=\"dsm-posted-on\"><time datetime=\"jan 31, 2023\">jan 31, 2023<\/time><\/span>\n\t\t\t\t\t\t\t\t\t\t\t\t\t\t\t\t\t\t\t\t\t\t\t<\/div>\n\t\t\t\t\t\t\t\n\t\t\t\t\t\t\t\t\t\t\t\t\t\t<div class=\"dsm-entry-content\">\n\t\t\t\t\t\t\t\t<div class=\"dsm-post-excerpt\">\n\t\t\t\t\t\t\t\t\t<p>&lt;p&gt;Today, the RETOUCH NEXUS project will participate in the webinar: &quot;Nexus research for better policy support: water scarcity in<\/p>\n\t\t\t\t\t\t\t\t<\/div>\n\t\t\t\t\t\t\t<\/div>\n\t\t\t\t\t\t\t\n\t\t\t\t\t\t\t\t\t\t\t\t\t\t\t\t\t<div class=\"dsm-readmore-wrap et_pb_bg_layout_light\">\n\t\t\t\t\t\t\t\t\t\t<a href=\"https:\/\/retouch-nexus.eu\/sk\/2023\/01\/31\/webinar-nexus-research-for-better-policy-support-water-scarcity-in-europe-cost-association\/\" class=\"dsm-readmore-btn  et_pb_custom_button_icon\" data-icon=\"5\" target=\"\">Seguir leyendo<\/a>\n\t\t\t\t\t\t\t\t\t<\/div>\n\t\t\t\t\t\t\t\t\n\t\t\t\t\t\t\t\t\t\t\t\t\t<\/div>\n\t\t\t\t\t<\/div>\n\t\t\t\t<\/article>\n\n\t\t\t\t\n\t\t\t\t\t<\/div>\n\t\t\t\t<\/div>\n\t\t\t\t<div class=\"swiper-button-next swiper-arrow-button dsm-arrow-button-next0\" data-icon=\"5\"><\/div>\n\t\t\t\t<div class=\"swiper-button-prev swiper-arrow-button dsm-arrow-button-prev0\" data-icon=\"4\"><\/div>\n\t\t\t\t<div class=\"swiper-container-horizontal\">\n\t\t\t\t\t<div class=\"swiper-pagination dsm-pagination0\"><\/div>\n\t\t\t\t<\/div>\n\t\t\t<\/div>\n\t\t\t\t<\/div>\n\t\t\t<\/div><div class=\"et_pb_module dsm_blog_carousel dsm_blog_carousel_1\">\n\t\t\t\t\n\t\t\t\t\n\t\t\t\t\n\t\t\t\t\n\t\t\t\t\n\t\t\t\t\n\t\t\t\t<div class=\"et_pb_module_inner\">\n\t\t\t\t\t<div class=\"dsm-blog-carousel\" data-loop='' data-speed='500' data-columnsdesktop='4' data-columnsphone='4' data-columnstablet='4' data-autoplay='off' data-autoplayspeed='5000' data-ordernumber='1' data-spacing='30' data-spacingtablet='30' data-spacingphone='30' data-effect='default' data-effect-shadows='off' data-effect-coverflow-rotate='30' data-effect-coverflow-depth='100' data-centered='off' data-multi-row='on' data-row='4' data-pagi-button-style='bullets' data-pause-on-hover='off' data-touch-move='off' data-grab='on'>\n\t\t\t\t<div class=\"swiper-container\" dir=\"ltr\">\n\t\t\t\t\t<div class=\"dsm-blog-carousel-wrapper swiper-wrapper\">\n\t\t\t\t\t\t\n\t\t\t\t<article class=\"dsm-blog-carousel-item swiper-slide\">\n\t\t\t\t\t<div class=\"dsm-grid-post-holder-inner\">\n\t\t\t\t\t\t\t\t\t\t\t\t\t<div class=\"dsm-entry-image\">\n\t\t\t\t\t\t\t\t\t\t\t\t\t\t\t\t<div class=\"dsm-entry-thumbnail\">\n\t\t\t\t\t\t\t\t\t<a href=\"https:\/\/retouch-nexus.eu\/sk\/2026\/02\/18\/experts-convene-to-shape-slovakias-agricultural-future-workshop-on-new-eu-cap-2028-2034\/\">\n\t\t\t\t\t\t\t\t\t\t<img width=\"1000\" height=\"500\" src=\"https:\/\/retouch-nexus.eu\/wp-content\/uploads\/2026\/02\/Workshop-Slovakia-02.2026.png\" class=\"attachment-1080x675 size-1080x675 wp-post-image\" alt=\"\" decoding=\"async\" loading=\"lazy\" srcset=\"https:\/\/retouch-nexus.eu\/wp-content\/uploads\/2026\/02\/Workshop-Slovakia-02.2026.png 1000w, https:\/\/retouch-nexus.eu\/wp-content\/uploads\/2026\/02\/Workshop-Slovakia-02.2026-980x490.png 980w, https:\/\/retouch-nexus.eu\/wp-content\/uploads\/2026\/02\/Workshop-Slovakia-02.2026-480x240.png 480w\" sizes=\"(min-width: 0px) and (max-width: 480px) 480px, (min-width: 481px) and (max-width: 980px) 980px, (min-width: 981px) 1000px, 100vw\" \/>\t\t\t\t\t\t\t\t\t<\/a>\n\t\t\t\t\t\t\t\t<\/div>\n\t\t\t\t\t\t\t<\/div>\n\t\t\t\t\t\t\n\t\t\t\t\t\t<div class=\"dsm-entry-wrapper\">\n\t\t\t\t\t\t\t\t\t\t\t\t\t\t<header class=\"dsm-entry-header\">\n\t\t\t\t\t\t\t\t\t\t<h2 class=\"dsm-entry-title\">\n\t\t\t\t\t\t\t\t\t\t\t<a href=\"https:\/\/retouch-nexus.eu\/sk\/2026\/02\/18\/experts-convene-to-shape-slovakias-agricultural-future-workshop-on-new-eu-cap-2028-2034\/\" title=\"Experts Convene to Shape Slovakia&#8217;s Agricultural Future: Workshop on New EU CAP 2028\u20132034\">\n\t\t\t\t\t\t\t\t\t\t\t\tExperts Convene to Shape Slovakia&#8217;s Agricultural Future: Workshop on New EU CAP 2028\u20132034\t\t\t\t\t\t\t\t\t\t\t<\/a>\n\t\t\t\t\t\t\t\t\t<\/h2>\n\t\t\t\t\t\t\t\t<\/header>\n\t\t\t\t\t\t\n\t\t\t\t\t\t\t\t\t\t\t\t\t<div class=\"dsm-entry-meta\">\n\t\t\t\t\t\t\t\t\t\t\t\t\t\t\t\t\t\t\t\t\t\t\t\t\t<span class=\"dsm-meta-seperator\">|<\/span>\n\t\t\t\t\t\t\t\t\t<span class=\"dsm-posted-on\"><time datetime=\"feb 18, 2026\">feb 18, 2026<\/time><\/span>\n\t\t\t\t\t\t\t\t\t\t\t\t\t\t\t\t\t\t\t\t\t\t\t<\/div>\n\t\t\t\t\t\t\t\n\t\t\t\t\t\t\t\t\t\t\t\t\t\t<div class=\"dsm-entry-content\">\n\t\t\t\t\t\t\t\t<div class=\"dsm-post-excerpt\">\n\t\t\t\t\t\t\t\t\t<p>&lt;p&gt;Over 200 stakeholders gathered at the Slovak University of Agriculture in Nitra on February 5, 2026, for a landmark<\/p>\n\t\t\t\t\t\t\t\t<\/div>\n\t\t\t\t\t\t\t<\/div>\n\t\t\t\t\t\t\t\n\t\t\t\t\t\t\t\t\t\t\t\t\t\t\t\t\t<div class=\"dsm-readmore-wrap et_pb_bg_layout_light\">\n\t\t\t\t\t\t\t\t\t\t<a href=\"https:\/\/retouch-nexus.eu\/sk\/2026\/02\/18\/experts-convene-to-shape-slovakias-agricultural-future-workshop-on-new-eu-cap-2028-2034\/\" class=\"dsm-readmore-btn  et_pb_custom_button_icon\" data-icon=\"5\" target=\"\">Seguir leyendo<\/a>\n\t\t\t\t\t\t\t\t\t<\/div>\n\t\t\t\t\t\t\t\t\n\t\t\t\t\t\t\t\t\t\t\t\t\t<\/div>\n\t\t\t\t\t<\/div>\n\t\t\t\t<\/article>\n\n\t\t\t\t\n\t\t\t\t<article class=\"dsm-blog-carousel-item swiper-slide\">\n\t\t\t\t\t<div class=\"dsm-grid-post-holder-inner\">\n\t\t\t\t\t\t\t\t\t\t\t\t\t<div class=\"dsm-entry-image\">\n\t\t\t\t\t\t\t\t\t\t\t\t\t\t\t\t<div class=\"dsm-entry-thumbnail\">\n\t\t\t\t\t\t\t\t\t<a href=\"https:\/\/retouch-nexus.eu\/sk\/2026\/01\/28\/retouch-nexus-presented-at-the-international-workshop-weare-eaarn-ficotur-in-cordoba\/\">\n\t\t\t\t\t\t\t\t\t\t<img width=\"1000\" height=\"500\" src=\"https:\/\/retouch-nexus.eu\/wp-content\/uploads\/2026\/01\/Workshop-WEARE-EAARN-FICOTUR.png\" class=\"attachment-1080x675 size-1080x675 wp-post-image\" alt=\"\" decoding=\"async\" loading=\"lazy\" srcset=\"https:\/\/retouch-nexus.eu\/wp-content\/uploads\/2026\/01\/Workshop-WEARE-EAARN-FICOTUR.png 1000w, https:\/\/retouch-nexus.eu\/wp-content\/uploads\/2026\/01\/Workshop-WEARE-EAARN-FICOTUR-980x490.png 980w, https:\/\/retouch-nexus.eu\/wp-content\/uploads\/2026\/01\/Workshop-WEARE-EAARN-FICOTUR-480x240.png 480w\" sizes=\"(min-width: 0px) and (max-width: 480px) 480px, (min-width: 481px) and (max-width: 980px) 980px, (min-width: 981px) 1000px, 100vw\" \/>\t\t\t\t\t\t\t\t\t<\/a>\n\t\t\t\t\t\t\t\t<\/div>\n\t\t\t\t\t\t\t<\/div>\n\t\t\t\t\t\t\n\t\t\t\t\t\t<div class=\"dsm-entry-wrapper\">\n\t\t\t\t\t\t\t\t\t\t\t\t\t\t<header class=\"dsm-entry-header\">\n\t\t\t\t\t\t\t\t\t\t<h2 class=\"dsm-entry-title\">\n\t\t\t\t\t\t\t\t\t\t\t<a href=\"https:\/\/retouch-nexus.eu\/sk\/2026\/01\/28\/retouch-nexus-presented-at-the-international-workshop-weare-eaarn-ficotur-in-cordoba\/\" title=\"RETOUCH NEXUS Presented at the International Workshop WEARE-EAARN-FICOTUR in C\u00f3rdoba\">\n\t\t\t\t\t\t\t\t\t\t\t\tRETOUCH NEXUS Presented at the International Workshop WEARE-EAARN-FICOTUR in C\u00f3rdoba\t\t\t\t\t\t\t\t\t\t\t<\/a>\n\t\t\t\t\t\t\t\t\t<\/h2>\n\t\t\t\t\t\t\t\t<\/header>\n\t\t\t\t\t\t\n\t\t\t\t\t\t\t\t\t\t\t\t\t<div class=\"dsm-entry-meta\">\n\t\t\t\t\t\t\t\t\t\t\t\t\t\t\t\t\t\t\t\t\t\t\t\t\t<span class=\"dsm-meta-seperator\">|<\/span>\n\t\t\t\t\t\t\t\t\t<span class=\"dsm-posted-on\"><time datetime=\"jan 28, 2026\">jan 28, 2026<\/time><\/span>\n\t\t\t\t\t\t\t\t\t\t\t\t\t\t\t\t\t\t\t\t\t\t\t<\/div>\n\t\t\t\t\t\t\t\n\t\t\t\t\t\t\t\t\t\t\t\t\t\t<div class=\"dsm-entry-content\">\n\t\t\t\t\t\t\t\t<div class=\"dsm-post-excerpt\">\n\t\t\t\t\t\t\t\t\t<p>&lt;p&gt;RETOUCH NEXUS was represented at the&nbsp;International Workshop WEARE-EAARN-FICOTUR:&nbsp;Establishing&nbsp;Networks, held on&nbsp;22&ndash;23 January 2026 in C&oacute;rdoba, Spain, within the session&nbsp;&ldquo;Instruments and<\/p>\n\t\t\t\t\t\t\t\t<\/div>\n\t\t\t\t\t\t\t<\/div>\n\t\t\t\t\t\t\t\n\t\t\t\t\t\t\t\t\t\t\t\t\t\t\t\t\t<div class=\"dsm-readmore-wrap et_pb_bg_layout_light\">\n\t\t\t\t\t\t\t\t\t\t<a href=\"https:\/\/retouch-nexus.eu\/sk\/2026\/01\/28\/retouch-nexus-presented-at-the-international-workshop-weare-eaarn-ficotur-in-cordoba\/\" class=\"dsm-readmore-btn  et_pb_custom_button_icon\" data-icon=\"5\" target=\"\">Seguir leyendo<\/a>\n\t\t\t\t\t\t\t\t\t<\/div>\n\t\t\t\t\t\t\t\t\n\t\t\t\t\t\t\t\t\t\t\t\t\t<\/div>\n\t\t\t\t\t<\/div>\n\t\t\t\t<\/article>\n\n\t\t\t\t\n\t\t\t\t<article class=\"dsm-blog-carousel-item swiper-slide\">\n\t\t\t\t\t<div class=\"dsm-grid-post-holder-inner\">\n\t\t\t\t\t\t\t\t\t\t\t\t\t<div class=\"dsm-entry-image\">\n\t\t\t\t\t\t\t\t\t\t\t\t\t\t\t\t<div class=\"dsm-entry-thumbnail\">\n\t\t\t\t\t\t\t\t\t<a href=\"https:\/\/retouch-nexus.eu\/sk\/2025\/11\/13\/belgian-case-study-takes-center-stage-agnetenparks-innovative-water-system-featured-on-national-television\/\">\n\t\t\t\t\t\t\t\t\t\t<img width=\"1000\" height=\"500\" src=\"https:\/\/retouch-nexus.eu\/wp-content\/uploads\/2025\/11\/Belgium-CS-Trends-Z.png\" class=\"attachment-1080x675 size-1080x675 wp-post-image\" alt=\"\" decoding=\"async\" loading=\"lazy\" srcset=\"https:\/\/retouch-nexus.eu\/wp-content\/uploads\/2025\/11\/Belgium-CS-Trends-Z.png 1000w, https:\/\/retouch-nexus.eu\/wp-content\/uploads\/2025\/11\/Belgium-CS-Trends-Z-980x490.png 980w, https:\/\/retouch-nexus.eu\/wp-content\/uploads\/2025\/11\/Belgium-CS-Trends-Z-480x240.png 480w\" sizes=\"(min-width: 0px) and (max-width: 480px) 480px, (min-width: 481px) and (max-width: 980px) 980px, (min-width: 981px) 1000px, 100vw\" \/>\t\t\t\t\t\t\t\t\t<\/a>\n\t\t\t\t\t\t\t\t<\/div>\n\t\t\t\t\t\t\t<\/div>\n\t\t\t\t\t\t\n\t\t\t\t\t\t<div class=\"dsm-entry-wrapper\">\n\t\t\t\t\t\t\t\t\t\t\t\t\t\t<header class=\"dsm-entry-header\">\n\t\t\t\t\t\t\t\t\t\t<h2 class=\"dsm-entry-title\">\n\t\t\t\t\t\t\t\t\t\t\t<a href=\"https:\/\/retouch-nexus.eu\/sk\/2025\/11\/13\/belgian-case-study-takes-center-stage-agnetenparks-innovative-water-system-featured-on-national-television\/\" title=\"Belgian Case Study Takes Center Stage: Agnetenpark&#8217;s Innovative Water System Featured on National Television\">\n\t\t\t\t\t\t\t\t\t\t\t\tBelgian Case Study Takes Center Stage: Agnetenpark&#8217;s Innovative Water System Featured on National Television\t\t\t\t\t\t\t\t\t\t\t<\/a>\n\t\t\t\t\t\t\t\t\t<\/h2>\n\t\t\t\t\t\t\t\t<\/header>\n\t\t\t\t\t\t\n\t\t\t\t\t\t\t\t\t\t\t\t\t<div class=\"dsm-entry-meta\">\n\t\t\t\t\t\t\t\t\t\t\t\t\t\t\t\t\t\t\t\t\t\t\t\t\t<span class=\"dsm-meta-seperator\">|<\/span>\n\t\t\t\t\t\t\t\t\t<span class=\"dsm-posted-on\"><time datetime=\"nov 13, 2025\">nov 13, 2025<\/time><\/span>\n\t\t\t\t\t\t\t\t\t\t\t\t\t\t\t\t\t\t\t\t\t\t\t<\/div>\n\t\t\t\t\t\t\t\n\t\t\t\t\t\t\t\t\t\t\t\t\t\t<div class=\"dsm-entry-content\">\n\t\t\t\t\t\t\t\t<div class=\"dsm-post-excerpt\">\n\t\t\t\t\t\t\t\t\t<p>&lt;p&gt;RETOUCH NEXUS project demonstrates practical water solutions through media engagement. When most people think about saving water, they imagine<\/p>\n\t\t\t\t\t\t\t\t<\/div>\n\t\t\t\t\t\t\t<\/div>\n\t\t\t\t\t\t\t\n\t\t\t\t\t\t\t\t\t\t\t\t\t\t\t\t\t<div class=\"dsm-readmore-wrap et_pb_bg_layout_light\">\n\t\t\t\t\t\t\t\t\t\t<a href=\"https:\/\/retouch-nexus.eu\/sk\/2025\/11\/13\/belgian-case-study-takes-center-stage-agnetenparks-innovative-water-system-featured-on-national-television\/\" class=\"dsm-readmore-btn  et_pb_custom_button_icon\" data-icon=\"5\" target=\"\">Seguir leyendo<\/a>\n\t\t\t\t\t\t\t\t\t<\/div>\n\t\t\t\t\t\t\t\t\n\t\t\t\t\t\t\t\t\t\t\t\t\t<\/div>\n\t\t\t\t\t<\/div>\n\t\t\t\t<\/article>\n\n\t\t\t\t\n\t\t\t\t<article class=\"dsm-blog-carousel-item swiper-slide\">\n\t\t\t\t\t<div class=\"dsm-grid-post-holder-inner\">\n\t\t\t\t\t\t\t\t\t\t\t\t\t<div class=\"dsm-entry-image\">\n\t\t\t\t\t\t\t\t\t\t\t\t\t\t\t\t<div class=\"dsm-entry-thumbnail\">\n\t\t\t\t\t\t\t\t\t<a href=\"https:\/\/retouch-nexus.eu\/sk\/2025\/10\/23\/%f0%9f%92%a7-strengthening-stakeholder-engagement-in-malta-retouch-nexus-workshop-on-the-wefe-nexus-ranking-system\/\">\n\t\t\t\t\t\t\t\t\t\t<img width=\"1080\" height=\"675\" src=\"https:\/\/retouch-nexus.eu\/wp-content\/uploads\/2025\/10\/EWAs-Workshop-09.10.2025-1080x675.png\" class=\"attachment-1080x675 size-1080x675 wp-post-image\" alt=\"\" decoding=\"async\" loading=\"lazy\" srcset=\"https:\/\/retouch-nexus.eu\/wp-content\/uploads\/2025\/10\/EWAs-Workshop-09.10.2025-980x408.png 980w, https:\/\/retouch-nexus.eu\/wp-content\/uploads\/2025\/10\/EWAs-Workshop-09.10.2025-480x200.png 480w\" sizes=\"(min-width: 0px) and (max-width: 480px) 480px, (min-width: 481px) and (max-width: 980px) 980px, (min-width: 981px) 1080px, 100vw\" \/>\t\t\t\t\t\t\t\t\t<\/a>\n\t\t\t\t\t\t\t\t<\/div>\n\t\t\t\t\t\t\t<\/div>\n\t\t\t\t\t\t\n\t\t\t\t\t\t<div class=\"dsm-entry-wrapper\">\n\t\t\t\t\t\t\t\t\t\t\t\t\t\t<header class=\"dsm-entry-header\">\n\t\t\t\t\t\t\t\t\t\t<h2 class=\"dsm-entry-title\">\n\t\t\t\t\t\t\t\t\t\t\t<a href=\"https:\/\/retouch-nexus.eu\/sk\/2025\/10\/23\/%f0%9f%92%a7-strengthening-stakeholder-engagement-in-malta-retouch-nexus-workshop-on-the-wefe-nexus-ranking-system\/\" title=\"\ud83d\udca7 Strengthening Stakeholder Engagement in Malta &#8211; RETOUCH NEXUS Workshop on the WEFE Nexus Ranking System\">\n\t\t\t\t\t\t\t\t\t\t\t\t\ud83d\udca7 Strengthening Stakeholder Engagement in Malta &#8211; RETOUCH NEXUS Workshop on the WEFE Nexus Ranking System\t\t\t\t\t\t\t\t\t\t\t<\/a>\n\t\t\t\t\t\t\t\t\t<\/h2>\n\t\t\t\t\t\t\t\t<\/header>\n\t\t\t\t\t\t\n\t\t\t\t\t\t\t\t\t\t\t\t\t<div class=\"dsm-entry-meta\">\n\t\t\t\t\t\t\t\t\t\t\t\t\t\t\t\t\t\t\t\t\t\t\t\t\t<span class=\"dsm-meta-seperator\">|<\/span>\n\t\t\t\t\t\t\t\t\t<span class=\"dsm-posted-on\"><time datetime=\"okt 23, 2025\">okt 23, 2025<\/time><\/span>\n\t\t\t\t\t\t\t\t\t\t\t\t\t\t\t\t\t\t\t\t\t\t\t<\/div>\n\t\t\t\t\t\t\t\n\t\t\t\t\t\t\t\t\t\t\t\t\t\t<div class=\"dsm-entry-content\">\n\t\t\t\t\t\t\t\t<div class=\"dsm-post-excerpt\">\n\t\t\t\t\t\t\t\t\t<p>&lt;p&gt;In October 2025, the Energy and Water Agency (EWA) hosted a new RETOUCH NEXUS Stakeholder Project Meeting in Malta,<\/p>\n\t\t\t\t\t\t\t\t<\/div>\n\t\t\t\t\t\t\t<\/div>\n\t\t\t\t\t\t\t\n\t\t\t\t\t\t\t\t\t\t\t\t\t\t\t\t\t<div class=\"dsm-readmore-wrap et_pb_bg_layout_light\">\n\t\t\t\t\t\t\t\t\t\t<a href=\"https:\/\/retouch-nexus.eu\/sk\/2025\/10\/23\/%f0%9f%92%a7-strengthening-stakeholder-engagement-in-malta-retouch-nexus-workshop-on-the-wefe-nexus-ranking-system\/\" class=\"dsm-readmore-btn  et_pb_custom_button_icon\" data-icon=\"5\" target=\"\">Seguir leyendo<\/a>\n\t\t\t\t\t\t\t\t\t<\/div>\n\t\t\t\t\t\t\t\t\n\t\t\t\t\t\t\t\t\t\t\t\t\t<\/div>\n\t\t\t\t\t<\/div>\n\t\t\t\t<\/article>\n\n\t\t\t\t\n\t\t\t\t<article class=\"dsm-blog-carousel-item swiper-slide\">\n\t\t\t\t\t<div class=\"dsm-grid-post-holder-inner\">\n\t\t\t\t\t\t\t\t\t\t\t\t\t<div class=\"dsm-entry-image\">\n\t\t\t\t\t\t\t\t\t\t\t\t\t\t\t\t<div class=\"dsm-entry-thumbnail\">\n\t\t\t\t\t\t\t\t\t<a href=\"https:\/\/retouch-nexus.eu\/sk\/2025\/09\/19\/informative-evening-for-hhnks-freshwater-availability-programme\/\">\n\t\t\t\t\t\t\t\t\t\t<img width=\"1080\" height=\"675\" src=\"https:\/\/retouch-nexus.eu\/wp-content\/uploads\/2025\/09\/FWA-Event-Dutch-CS-2025-1080x675.png\" class=\"attachment-1080x675 size-1080x675 wp-post-image\" alt=\"\" decoding=\"async\" loading=\"lazy\" srcset=\"https:\/\/retouch-nexus.eu\/wp-content\/uploads\/2025\/09\/FWA-Event-Dutch-CS-2025-980x408.png 980w, https:\/\/retouch-nexus.eu\/wp-content\/uploads\/2025\/09\/FWA-Event-Dutch-CS-2025-480x200.png 480w\" sizes=\"(min-width: 0px) and (max-width: 480px) 480px, (min-width: 481px) and (max-width: 980px) 980px, (min-width: 981px) 1080px, 100vw\" \/>\t\t\t\t\t\t\t\t\t<\/a>\n\t\t\t\t\t\t\t\t<\/div>\n\t\t\t\t\t\t\t<\/div>\n\t\t\t\t\t\t\n\t\t\t\t\t\t<div class=\"dsm-entry-wrapper\">\n\t\t\t\t\t\t\t\t\t\t\t\t\t\t<header class=\"dsm-entry-header\">\n\t\t\t\t\t\t\t\t\t\t<h2 class=\"dsm-entry-title\">\n\t\t\t\t\t\t\t\t\t\t\t<a href=\"https:\/\/retouch-nexus.eu\/sk\/2025\/09\/19\/informative-evening-for-hhnks-freshwater-availability-programme\/\" title=\"Informative evening for HHNK\u2019s Freshwater Availability Programme\">\n\t\t\t\t\t\t\t\t\t\t\t\tInformative evening for HHNK\u2019s Freshwater Availability Programme\t\t\t\t\t\t\t\t\t\t\t<\/a>\n\t\t\t\t\t\t\t\t\t<\/h2>\n\t\t\t\t\t\t\t\t<\/header>\n\t\t\t\t\t\t\n\t\t\t\t\t\t\t\t\t\t\t\t\t<div class=\"dsm-entry-meta\">\n\t\t\t\t\t\t\t\t\t\t\t\t\t\t\t\t\t\t\t\t\t\t\t\t\t<span class=\"dsm-meta-seperator\">|<\/span>\n\t\t\t\t\t\t\t\t\t<span class=\"dsm-posted-on\"><time datetime=\"sep 19, 2025\">sep 19, 2025<\/time><\/span>\n\t\t\t\t\t\t\t\t\t\t\t\t\t\t\t\t\t\t\t\t\t\t\t<\/div>\n\t\t\t\t\t\t\t\n\t\t\t\t\t\t\t\t\t\t\t\t\t\t<div class=\"dsm-entry-content\">\n\t\t\t\t\t\t\t\t<div class=\"dsm-post-excerpt\">\n\t\t\t\t\t\t\t\t\t<p>&lt;p&gt;On Thursday, 11 September, the water authority Hoogheemraadschap Hollands Noorderkwartier (HHNK) held an information evening as part of the<\/p>\n\t\t\t\t\t\t\t\t<\/div>\n\t\t\t\t\t\t\t<\/div>\n\t\t\t\t\t\t\t\n\t\t\t\t\t\t\t\t\t\t\t\t\t\t\t\t\t<div class=\"dsm-readmore-wrap et_pb_bg_layout_light\">\n\t\t\t\t\t\t\t\t\t\t<a href=\"https:\/\/retouch-nexus.eu\/sk\/2025\/09\/19\/informative-evening-for-hhnks-freshwater-availability-programme\/\" class=\"dsm-readmore-btn  et_pb_custom_button_icon\" data-icon=\"5\" target=\"\">Seguir leyendo<\/a>\n\t\t\t\t\t\t\t\t\t<\/div>\n\t\t\t\t\t\t\t\t\n\t\t\t\t\t\t\t\t\t\t\t\t\t<\/div>\n\t\t\t\t\t<\/div>\n\t\t\t\t<\/article>\n\n\t\t\t\t\n\t\t\t\t<article class=\"dsm-blog-carousel-item swiper-slide\">\n\t\t\t\t\t<div class=\"dsm-grid-post-holder-inner\">\n\t\t\t\t\t\t\t\t\t\t\t\t\t<div class=\"dsm-entry-image\">\n\t\t\t\t\t\t\t\t\t\t\t\t\t\t\t\t<div class=\"dsm-entry-thumbnail\">\n\t\t\t\t\t\t\t\t\t<a href=\"https:\/\/retouch-nexus.eu\/sk\/2025\/09\/09\/retouch-nexus-at-seam-2025-advancing-water-energy-food-ecosystem-governance-in-slovakia\/\">\n\t\t\t\t\t\t\t\t\t\t<img width=\"1080\" height=\"675\" src=\"https:\/\/retouch-nexus.eu\/wp-content\/uploads\/2025\/09\/SEAM-2025-1080x675.png\" class=\"attachment-1080x675 size-1080x675 wp-post-image\" alt=\"\" decoding=\"async\" loading=\"lazy\" srcset=\"https:\/\/retouch-nexus.eu\/wp-content\/uploads\/2025\/09\/SEAM-2025-980x408.png 980w, https:\/\/retouch-nexus.eu\/wp-content\/uploads\/2025\/09\/SEAM-2025-480x200.png 480w\" sizes=\"(min-width: 0px) and (max-width: 480px) 480px, (min-width: 481px) and (max-width: 980px) 980px, (min-width: 981px) 1080px, 100vw\" \/>\t\t\t\t\t\t\t\t\t<\/a>\n\t\t\t\t\t\t\t\t<\/div>\n\t\t\t\t\t\t\t<\/div>\n\t\t\t\t\t\t\n\t\t\t\t\t\t<div class=\"dsm-entry-wrapper\">\n\t\t\t\t\t\t\t\t\t\t\t\t\t\t<header class=\"dsm-entry-header\">\n\t\t\t\t\t\t\t\t\t\t<h2 class=\"dsm-entry-title\">\n\t\t\t\t\t\t\t\t\t\t\t<a href=\"https:\/\/retouch-nexus.eu\/sk\/2025\/09\/09\/retouch-nexus-at-seam-2025-advancing-water-energy-food-ecosystem-governance-in-slovakia\/\" title=\"RETOUCH NEXUS at SEAM 2025 &#8211; Advancing Water-Energy-Food-Ecosystem Governance in Slovakia\">\n\t\t\t\t\t\t\t\t\t\t\t\tRETOUCH NEXUS at SEAM 2025 &#8211; Advancing Water-Energy-Food-Ecosystem Governance in Slovakia\t\t\t\t\t\t\t\t\t\t\t<\/a>\n\t\t\t\t\t\t\t\t\t<\/h2>\n\t\t\t\t\t\t\t\t<\/header>\n\t\t\t\t\t\t\n\t\t\t\t\t\t\t\t\t\t\t\t\t<div class=\"dsm-entry-meta\">\n\t\t\t\t\t\t\t\t\t\t\t\t\t\t\t\t\t\t\t\t\t\t\t\t\t<span class=\"dsm-meta-seperator\">|<\/span>\n\t\t\t\t\t\t\t\t\t<span class=\"dsm-posted-on\"><time datetime=\"sep 9, 2025\">sep 9, 2025<\/time><\/span>\n\t\t\t\t\t\t\t\t\t\t\t\t\t\t\t\t\t\t\t\t\t\t\t<\/div>\n\t\t\t\t\t\t\t\n\t\t\t\t\t\t\t\t\t\t\t\t\t\t<div class=\"dsm-entry-content\">\n\t\t\t\t\t\t\t\t<div class=\"dsm-post-excerpt\">\n\t\t\t\t\t\t\t\t\t<p>&lt;p&gt;Nitra, Slovakia | September 11-12, 2025&nbsp;The RETOUCH NEXUS project is proud to participate in the Slovak Economic Association Meeting<\/p>\n\t\t\t\t\t\t\t\t<\/div>\n\t\t\t\t\t\t\t<\/div>\n\t\t\t\t\t\t\t\n\t\t\t\t\t\t\t\t\t\t\t\t\t\t\t\t\t<div class=\"dsm-readmore-wrap et_pb_bg_layout_light\">\n\t\t\t\t\t\t\t\t\t\t<a href=\"https:\/\/retouch-nexus.eu\/sk\/2025\/09\/09\/retouch-nexus-at-seam-2025-advancing-water-energy-food-ecosystem-governance-in-slovakia\/\" class=\"dsm-readmore-btn  et_pb_custom_button_icon\" data-icon=\"5\" target=\"\">Seguir leyendo<\/a>\n\t\t\t\t\t\t\t\t\t<\/div>\n\t\t\t\t\t\t\t\t\n\t\t\t\t\t\t\t\t\t\t\t\t\t<\/div>\n\t\t\t\t\t<\/div>\n\t\t\t\t<\/article>\n\n\t\t\t\t\n\t\t\t\t<article class=\"dsm-blog-carousel-item swiper-slide\">\n\t\t\t\t\t<div class=\"dsm-grid-post-holder-inner\">\n\t\t\t\t\t\t\t\t\t\t\t\t\t<div class=\"dsm-entry-image\">\n\t\t\t\t\t\t\t\t\t\t\t\t\t\t\t\t<div class=\"dsm-entry-thumbnail\">\n\t\t\t\t\t\t\t\t\t<a href=\"https:\/\/retouch-nexus.eu\/sk\/2025\/07\/21\/%f0%9f%a4%9d-building-a-participatory-path-for-water-governance-in-north-holland\/\">\n\t\t\t\t\t\t\t\t\t\t<img width=\"1080\" height=\"675\" src=\"https:\/\/retouch-nexus.eu\/wp-content\/uploads\/2025\/07\/Dutch-CS-Workshop-series-2025-1080x675.png\" class=\"attachment-1080x675 size-1080x675 wp-post-image\" alt=\"\" decoding=\"async\" loading=\"lazy\" srcset=\"https:\/\/retouch-nexus.eu\/wp-content\/uploads\/2025\/07\/Dutch-CS-Workshop-series-2025-980x408.png 980w, https:\/\/retouch-nexus.eu\/wp-content\/uploads\/2025\/07\/Dutch-CS-Workshop-series-2025-480x200.png 480w\" sizes=\"(min-width: 0px) and (max-width: 480px) 480px, (min-width: 481px) and (max-width: 980px) 980px, (min-width: 981px) 1080px, 100vw\" \/>\t\t\t\t\t\t\t\t\t<\/a>\n\t\t\t\t\t\t\t\t<\/div>\n\t\t\t\t\t\t\t<\/div>\n\t\t\t\t\t\t\n\t\t\t\t\t\t<div class=\"dsm-entry-wrapper\">\n\t\t\t\t\t\t\t\t\t\t\t\t\t\t<header class=\"dsm-entry-header\">\n\t\t\t\t\t\t\t\t\t\t<h2 class=\"dsm-entry-title\">\n\t\t\t\t\t\t\t\t\t\t\t<a href=\"https:\/\/retouch-nexus.eu\/sk\/2025\/07\/21\/%f0%9f%a4%9d-building-a-participatory-path-for-water-governance-in-north-holland\/\" title=\"\ud83e\udd1d Building a Participatory Path for Water Governance in North Holland\">\n\t\t\t\t\t\t\t\t\t\t\t\t\ud83e\udd1d Building a Participatory Path for Water Governance in North Holland\t\t\t\t\t\t\t\t\t\t\t<\/a>\n\t\t\t\t\t\t\t\t\t<\/h2>\n\t\t\t\t\t\t\t\t<\/header>\n\t\t\t\t\t\t\n\t\t\t\t\t\t\t\t\t\t\t\t\t<div class=\"dsm-entry-meta\">\n\t\t\t\t\t\t\t\t\t\t\t\t\t\t\t\t\t\t\t\t\t\t\t\t\t<span class=\"dsm-meta-seperator\">|<\/span>\n\t\t\t\t\t\t\t\t\t<span class=\"dsm-posted-on\"><time datetime=\"j\u00fal 21, 2025\">j\u00fal 21, 2025<\/time><\/span>\n\t\t\t\t\t\t\t\t\t\t\t\t\t\t\t\t\t\t\t\t\t\t\t<\/div>\n\t\t\t\t\t\t\t\n\t\t\t\t\t\t\t\t\t\t\t\t\t\t<div class=\"dsm-entry-content\">\n\t\t\t\t\t\t\t\t<div class=\"dsm-post-excerpt\">\n\t\t\t\t\t\t\t\t\t<p>&lt;p&gt;RETOUCH NEXUS supports stakeholder engagement for the Freshwater Availability Program.In response to the growing threat of water scarcity in<\/p>\n\t\t\t\t\t\t\t\t<\/div>\n\t\t\t\t\t\t\t<\/div>\n\t\t\t\t\t\t\t\n\t\t\t\t\t\t\t\t\t\t\t\t\t\t\t\t\t<div class=\"dsm-readmore-wrap et_pb_bg_layout_light\">\n\t\t\t\t\t\t\t\t\t\t<a href=\"https:\/\/retouch-nexus.eu\/sk\/2025\/07\/21\/%f0%9f%a4%9d-building-a-participatory-path-for-water-governance-in-north-holland\/\" class=\"dsm-readmore-btn  et_pb_custom_button_icon\" data-icon=\"5\" target=\"\">Seguir leyendo<\/a>\n\t\t\t\t\t\t\t\t\t<\/div>\n\t\t\t\t\t\t\t\t\n\t\t\t\t\t\t\t\t\t\t\t\t\t<\/div>\n\t\t\t\t\t<\/div>\n\t\t\t\t<\/article>\n\n\t\t\t\t\n\t\t\t\t<article class=\"dsm-blog-carousel-item swiper-slide\">\n\t\t\t\t\t<div class=\"dsm-grid-post-holder-inner\">\n\t\t\t\t\t\t\t\t\t\t\t\t\t<div class=\"dsm-entry-image\">\n\t\t\t\t\t\t\t\t\t\t\t\t\t\t\t\t<div class=\"dsm-entry-thumbnail\">\n\t\t\t\t\t\t\t\t\t<a href=\"https:\/\/retouch-nexus.eu\/sk\/2025\/07\/09\/%f0%9f%8c%8a-achieving-water-benefits-at-business-parks-a-retouch-nexus-belgian-case-study-event\/\">\n\t\t\t\t\t\t\t\t\t\t<img width=\"1080\" height=\"675\" src=\"https:\/\/retouch-nexus.eu\/wp-content\/uploads\/2025\/07\/Belgian-CS-Workshop-June-2025-1080x675.png\" class=\"attachment-1080x675 size-1080x675 wp-post-image\" alt=\"\" decoding=\"async\" loading=\"lazy\" srcset=\"https:\/\/retouch-nexus.eu\/wp-content\/uploads\/2025\/07\/Belgian-CS-Workshop-June-2025-980x408.png 980w, https:\/\/retouch-nexus.eu\/wp-content\/uploads\/2025\/07\/Belgian-CS-Workshop-June-2025-480x200.png 480w\" sizes=\"(min-width: 0px) and (max-width: 480px) 480px, (min-width: 481px) and (max-width: 980px) 980px, (min-width: 981px) 1080px, 100vw\" \/>\t\t\t\t\t\t\t\t\t<\/a>\n\t\t\t\t\t\t\t\t<\/div>\n\t\t\t\t\t\t\t<\/div>\n\t\t\t\t\t\t\n\t\t\t\t\t\t<div class=\"dsm-entry-wrapper\">\n\t\t\t\t\t\t\t\t\t\t\t\t\t\t<header class=\"dsm-entry-header\">\n\t\t\t\t\t\t\t\t\t\t<h2 class=\"dsm-entry-title\">\n\t\t\t\t\t\t\t\t\t\t\t<a href=\"https:\/\/retouch-nexus.eu\/sk\/2025\/07\/09\/%f0%9f%8c%8a-achieving-water-benefits-at-business-parks-a-retouch-nexus-belgian-case-study-event\/\" title=\"\ud83c\udf0a Achieving Water Benefits at Business Parks \u2013 A RETOUCH NEXUS Belgian Case Study Event\">\n\t\t\t\t\t\t\t\t\t\t\t\t\ud83c\udf0a Achieving Water Benefits at Business Parks \u2013 A RETOUCH NEXUS Belgian Case Study Event\t\t\t\t\t\t\t\t\t\t\t<\/a>\n\t\t\t\t\t\t\t\t\t<\/h2>\n\t\t\t\t\t\t\t\t<\/header>\n\t\t\t\t\t\t\n\t\t\t\t\t\t\t\t\t\t\t\t\t<div class=\"dsm-entry-meta\">\n\t\t\t\t\t\t\t\t\t\t\t\t\t\t\t\t\t\t\t\t\t\t\t\t\t<span class=\"dsm-meta-seperator\">|<\/span>\n\t\t\t\t\t\t\t\t\t<span class=\"dsm-posted-on\"><time datetime=\"j\u00fal 9, 2025\">j\u00fal 9, 2025<\/time><\/span>\n\t\t\t\t\t\t\t\t\t\t\t\t\t\t\t\t\t\t\t\t\t\t\t<\/div>\n\t\t\t\t\t\t\t\n\t\t\t\t\t\t\t\t\t\t\t\t\t\t<div class=\"dsm-entry-content\">\n\t\t\t\t\t\t\t\t<div class=\"dsm-post-excerpt\">\n\t\t\t\t\t\t\t\t\t<p>&lt;p&gt;On 20th June 2025, VITO, together with the City of Ghent, North Sea Port and VLAIO organized an interactive<\/p>\n\t\t\t\t\t\t\t\t<\/div>\n\t\t\t\t\t\t\t<\/div>\n\t\t\t\t\t\t\t\n\t\t\t\t\t\t\t\t\t\t\t\t\t\t\t\t\t<div class=\"dsm-readmore-wrap et_pb_bg_layout_light\">\n\t\t\t\t\t\t\t\t\t\t<a href=\"https:\/\/retouch-nexus.eu\/sk\/2025\/07\/09\/%f0%9f%8c%8a-achieving-water-benefits-at-business-parks-a-retouch-nexus-belgian-case-study-event\/\" class=\"dsm-readmore-btn  et_pb_custom_button_icon\" data-icon=\"5\" target=\"\">Seguir leyendo<\/a>\n\t\t\t\t\t\t\t\t\t<\/div>\n\t\t\t\t\t\t\t\t\n\t\t\t\t\t\t\t\t\t\t\t\t\t<\/div>\n\t\t\t\t\t<\/div>\n\t\t\t\t<\/article>\n\n\t\t\t\t\n\t\t\t\t<article class=\"dsm-blog-carousel-item swiper-slide\">\n\t\t\t\t\t<div class=\"dsm-grid-post-holder-inner\">\n\t\t\t\t\t\t\t\t\t\t\t\t\t<div class=\"dsm-entry-image\">\n\t\t\t\t\t\t\t\t\t\t\t\t\t\t\t\t<div class=\"dsm-entry-thumbnail\">\n\t\t\t\t\t\t\t\t\t<a href=\"https:\/\/retouch-nexus.eu\/sk\/2025\/07\/04\/%f0%9f%8c%bf-nature-based-solutions-in-action-local-engagement-for-water-resilience-in-kulmbach-and-leuchau\/\">\n\t\t\t\t\t\t\t\t\t\t<img width=\"1080\" height=\"675\" src=\"https:\/\/retouch-nexus.eu\/wp-content\/uploads\/2025\/07\/German-CS-Workshop-June-2025-1080x675.png\" class=\"attachment-1080x675 size-1080x675 wp-post-image\" alt=\"\" decoding=\"async\" loading=\"lazy\" srcset=\"https:\/\/retouch-nexus.eu\/wp-content\/uploads\/2025\/07\/German-CS-Workshop-June-2025-980x408.png 980w, https:\/\/retouch-nexus.eu\/wp-content\/uploads\/2025\/07\/German-CS-Workshop-June-2025-480x200.png 480w\" sizes=\"(min-width: 0px) and (max-width: 480px) 480px, (min-width: 481px) and (max-width: 980px) 980px, (min-width: 981px) 1080px, 100vw\" \/>\t\t\t\t\t\t\t\t\t<\/a>\n\t\t\t\t\t\t\t\t<\/div>\n\t\t\t\t\t\t\t<\/div>\n\t\t\t\t\t\t\n\t\t\t\t\t\t<div class=\"dsm-entry-wrapper\">\n\t\t\t\t\t\t\t\t\t\t\t\t\t\t<header class=\"dsm-entry-header\">\n\t\t\t\t\t\t\t\t\t\t<h2 class=\"dsm-entry-title\">\n\t\t\t\t\t\t\t\t\t\t\t<a href=\"https:\/\/retouch-nexus.eu\/sk\/2025\/07\/04\/%f0%9f%8c%bf-nature-based-solutions-in-action-local-engagement-for-water-resilience-in-kulmbach-and-leuchau\/\" title=\"\ud83c\udf3f Nature-Based Solutions in Action: Local Engagement for Water Resilience in Kulmbach and Leuchau\">\n\t\t\t\t\t\t\t\t\t\t\t\t\ud83c\udf3f Nature-Based Solutions in Action: Local Engagement for Water Resilience in Kulmbach and Leuchau\t\t\t\t\t\t\t\t\t\t\t<\/a>\n\t\t\t\t\t\t\t\t\t<\/h2>\n\t\t\t\t\t\t\t\t<\/header>\n\t\t\t\t\t\t\n\t\t\t\t\t\t\t\t\t\t\t\t\t<div class=\"dsm-entry-meta\">\n\t\t\t\t\t\t\t\t\t\t\t\t\t\t\t\t\t\t\t\t\t\t\t\t\t<span class=\"dsm-meta-seperator\">|<\/span>\n\t\t\t\t\t\t\t\t\t<span class=\"dsm-posted-on\"><time datetime=\"j\u00fal 4, 2025\">j\u00fal 4, 2025<\/time><\/span>\n\t\t\t\t\t\t\t\t\t\t\t\t\t\t\t\t\t\t\t\t\t\t\t<\/div>\n\t\t\t\t\t\t\t\n\t\t\t\t\t\t\t\t\t\t\t\t\t\t<div class=\"dsm-entry-content\">\n\t\t\t\t\t\t\t\t<div class=\"dsm-post-excerpt\">\n\t\t\t\t\t\t\t\t\t<p>&lt;p&gt;On 18&ndash;19 June 2025, our German Case Study hosted two workshops in the Upper Main region (Germany) to promote,<\/p>\n\t\t\t\t\t\t\t\t<\/div>\n\t\t\t\t\t\t\t<\/div>\n\t\t\t\t\t\t\t\n\t\t\t\t\t\t\t\t\t\t\t\t\t\t\t\t\t<div class=\"dsm-readmore-wrap et_pb_bg_layout_light\">\n\t\t\t\t\t\t\t\t\t\t<a href=\"https:\/\/retouch-nexus.eu\/sk\/2025\/07\/04\/%f0%9f%8c%bf-nature-based-solutions-in-action-local-engagement-for-water-resilience-in-kulmbach-and-leuchau\/\" class=\"dsm-readmore-btn  et_pb_custom_button_icon\" data-icon=\"5\" target=\"\">Seguir leyendo<\/a>\n\t\t\t\t\t\t\t\t\t<\/div>\n\t\t\t\t\t\t\t\t\n\t\t\t\t\t\t\t\t\t\t\t\t\t<\/div>\n\t\t\t\t\t<\/div>\n\t\t\t\t<\/article>\n\n\t\t\t\t\n\t\t\t\t<article class=\"dsm-blog-carousel-item swiper-slide\">\n\t\t\t\t\t<div class=\"dsm-grid-post-holder-inner\">\n\t\t\t\t\t\t\t\t\t\t\t\t\t<div class=\"dsm-entry-image\">\n\t\t\t\t\t\t\t\t\t\t\t\t\t\t\t\t<div class=\"dsm-entry-thumbnail\">\n\t\t\t\t\t\t\t\t\t<a href=\"https:\/\/retouch-nexus.eu\/sk\/2025\/04\/15\/4405892\/\">\n\t\t\t\t\t\t\t\t\t\t<img width=\"1080\" height=\"675\" src=\"https:\/\/retouch-nexus.eu\/wp-content\/uploads\/2025\/04\/Podcast-Series-RETOUCH-NEXUS-website-cover-1-1080x675.png\" class=\"attachment-1080x675 size-1080x675 wp-post-image\" alt=\"\" decoding=\"async\" loading=\"lazy\" srcset=\"https:\/\/retouch-nexus.eu\/wp-content\/uploads\/2025\/04\/Podcast-Series-RETOUCH-NEXUS-website-cover-1-980x408.png 980w, https:\/\/retouch-nexus.eu\/wp-content\/uploads\/2025\/04\/Podcast-Series-RETOUCH-NEXUS-website-cover-1-480x200.png 480w\" sizes=\"(min-width: 0px) and (max-width: 480px) 480px, (min-width: 481px) and (max-width: 980px) 980px, (min-width: 981px) 1080px, 100vw\" \/>\t\t\t\t\t\t\t\t\t<\/a>\n\t\t\t\t\t\t\t\t<\/div>\n\t\t\t\t\t\t\t<\/div>\n\t\t\t\t\t\t\n\t\t\t\t\t\t<div class=\"dsm-entry-wrapper\">\n\t\t\t\t\t\t\t\t\t\t\t\t\t\t<header class=\"dsm-entry-header\">\n\t\t\t\t\t\t\t\t\t\t<h2 class=\"dsm-entry-title\">\n\t\t\t\t\t\t\t\t\t\t\t<a href=\"https:\/\/retouch-nexus.eu\/sk\/2025\/04\/15\/4405892\/\" title=\"Valencia Hosts Key Workshop on Climate Change Adaptation in the J\u00facar River Basin\">\n\t\t\t\t\t\t\t\t\t\t\t\tValencia Hosts Key Workshop on Climate Change Adaptation in the J\u00facar River Basin\t\t\t\t\t\t\t\t\t\t\t<\/a>\n\t\t\t\t\t\t\t\t\t<\/h2>\n\t\t\t\t\t\t\t\t<\/header>\n\t\t\t\t\t\t\n\t\t\t\t\t\t\t\t\t\t\t\t\t<div class=\"dsm-entry-meta\">\n\t\t\t\t\t\t\t\t\t\t\t\t\t\t\t\t\t\t\t\t\t\t\t\t\t<span class=\"dsm-meta-seperator\">|<\/span>\n\t\t\t\t\t\t\t\t\t<span class=\"dsm-posted-on\"><time datetime=\"apr 15, 2025\">apr 15, 2025<\/time><\/span>\n\t\t\t\t\t\t\t\t\t\t\t\t\t\t\t\t\t\t\t\t\t\t\t<\/div>\n\t\t\t\t\t\t\t\n\t\t\t\t\t\t\t\t\t\t\t\t\t\t<div class=\"dsm-entry-content\">\n\t\t\t\t\t\t\t\t<div class=\"dsm-post-excerpt\">\n\t\t\t\t\t\t\t\t\t<p>&lt;p&gt;Experts, policymakers, and environmental stakeholders gathered on April 4th at the IIAMA-UPV headquarters in Valencia for a workshop titled<\/p>\n\t\t\t\t\t\t\t\t<\/div>\n\t\t\t\t\t\t\t<\/div>\n\t\t\t\t\t\t\t\n\t\t\t\t\t\t\t\t\t\t\t\t\t\t\t\t\t<div class=\"dsm-readmore-wrap et_pb_bg_layout_light\">\n\t\t\t\t\t\t\t\t\t\t<a href=\"https:\/\/retouch-nexus.eu\/sk\/2025\/04\/15\/4405892\/\" class=\"dsm-readmore-btn  et_pb_custom_button_icon\" data-icon=\"5\" target=\"\">Seguir leyendo<\/a>\n\t\t\t\t\t\t\t\t\t<\/div>\n\t\t\t\t\t\t\t\t\n\t\t\t\t\t\t\t\t\t\t\t\t\t<\/div>\n\t\t\t\t\t<\/div>\n\t\t\t\t<\/article>\n\n\t\t\t\t\n\t\t\t\t<article class=\"dsm-blog-carousel-item swiper-slide\">\n\t\t\t\t\t<div class=\"dsm-grid-post-holder-inner\">\n\t\t\t\t\t\t\t\t\t\t\t\t\t<div class=\"dsm-entry-image\">\n\t\t\t\t\t\t\t\t\t\t\t\t\t\t\t\t<div class=\"dsm-entry-thumbnail\">\n\t\t\t\t\t\t\t\t\t<a href=\"https:\/\/retouch-nexus.eu\/sk\/2025\/01\/16\/promoting-stakeholder-engagement-for-improved-water-management-in-flanders-with-the-flemish-poultry-test-farm\/\">\n\t\t\t\t\t\t\t\t\t\t<img width=\"1000\" height=\"500\" src=\"https:\/\/retouch-nexus.eu\/wp-content\/uploads\/2025\/01\/Article-Promoting-Stakeholder-Engagement-for-Improved-Water-Management-in-Flanders-with-the-Flemish-Poultry-Test-Farm-.png\" class=\"attachment-1080x675 size-1080x675 wp-post-image\" alt=\"\" decoding=\"async\" loading=\"lazy\" srcset=\"https:\/\/retouch-nexus.eu\/wp-content\/uploads\/2025\/01\/Article-Promoting-Stakeholder-Engagement-for-Improved-Water-Management-in-Flanders-with-the-Flemish-Poultry-Test-Farm-.png 1000w, https:\/\/retouch-nexus.eu\/wp-content\/uploads\/2025\/01\/Article-Promoting-Stakeholder-Engagement-for-Improved-Water-Management-in-Flanders-with-the-Flemish-Poultry-Test-Farm--980x490.png 980w, https:\/\/retouch-nexus.eu\/wp-content\/uploads\/2025\/01\/Article-Promoting-Stakeholder-Engagement-for-Improved-Water-Management-in-Flanders-with-the-Flemish-Poultry-Test-Farm--480x240.png 480w\" sizes=\"(min-width: 0px) and (max-width: 480px) 480px, (min-width: 481px) and (max-width: 980px) 980px, (min-width: 981px) 1000px, 100vw\" \/>\t\t\t\t\t\t\t\t\t<\/a>\n\t\t\t\t\t\t\t\t<\/div>\n\t\t\t\t\t\t\t<\/div>\n\t\t\t\t\t\t\n\t\t\t\t\t\t<div class=\"dsm-entry-wrapper\">\n\t\t\t\t\t\t\t\t\t\t\t\t\t\t<header class=\"dsm-entry-header\">\n\t\t\t\t\t\t\t\t\t\t<h2 class=\"dsm-entry-title\">\n\t\t\t\t\t\t\t\t\t\t\t<a href=\"https:\/\/retouch-nexus.eu\/sk\/2025\/01\/16\/promoting-stakeholder-engagement-for-improved-water-management-in-flanders-with-the-flemish-poultry-test-farm\/\" title=\"Promoting Stakeholder Engagement for Improved Water Management in Flanders with the Flemish Poultry Test Farm\u00a0\">\n\t\t\t\t\t\t\t\t\t\t\t\tPromoting Stakeholder Engagement for Improved Water Management in Flanders with the Flemish Poultry Test Farm\u00a0\t\t\t\t\t\t\t\t\t\t\t<\/a>\n\t\t\t\t\t\t\t\t\t<\/h2>\n\t\t\t\t\t\t\t\t<\/header>\n\t\t\t\t\t\t\n\t\t\t\t\t\t\t\t\t\t\t\t\t<div class=\"dsm-entry-meta\">\n\t\t\t\t\t\t\t\t\t\t\t\t\t\t\t\t\t\t\t\t\t\t\t\t\t<span class=\"dsm-meta-seperator\">|<\/span>\n\t\t\t\t\t\t\t\t\t<span class=\"dsm-posted-on\"><time datetime=\"jan 16, 2025\">jan 16, 2025<\/time><\/span>\n\t\t\t\t\t\t\t\t\t\t\t\t\t\t\t\t\t\t\t\t\t\t\t<\/div>\n\t\t\t\t\t\t\t\n\t\t\t\t\t\t\t\t\t\t\t\t\t\t<div class=\"dsm-entry-content\">\n\t\t\t\t\t\t\t\t<div class=\"dsm-post-excerpt\">\n\t\t\t\t\t\t\t\t\t<p>&lt;p&gt;The RETOUCH NEXUS project is excited to announce an upcoming stakeholder engagement activity as part of the Belgian Case<\/p>\n\t\t\t\t\t\t\t\t<\/div>\n\t\t\t\t\t\t\t<\/div>\n\t\t\t\t\t\t\t\n\t\t\t\t\t\t\t\t\t\t\t\t\t\t\t\t\t<div class=\"dsm-readmore-wrap et_pb_bg_layout_light\">\n\t\t\t\t\t\t\t\t\t\t<a href=\"https:\/\/retouch-nexus.eu\/sk\/2025\/01\/16\/promoting-stakeholder-engagement-for-improved-water-management-in-flanders-with-the-flemish-poultry-test-farm\/\" class=\"dsm-readmore-btn  et_pb_custom_button_icon\" data-icon=\"5\" target=\"\">Seguir leyendo<\/a>\n\t\t\t\t\t\t\t\t\t<\/div>\n\t\t\t\t\t\t\t\t\n\t\t\t\t\t\t\t\t\t\t\t\t\t<\/div>\n\t\t\t\t\t<\/div>\n\t\t\t\t<\/article>\n\n\t\t\t\t\n\t\t\t\t<article class=\"dsm-blog-carousel-item swiper-slide\">\n\t\t\t\t\t<div class=\"dsm-grid-post-holder-inner\">\n\t\t\t\t\t\t\t\t\t\t\t\t\t<div class=\"dsm-entry-image\">\n\t\t\t\t\t\t\t\t\t\t\t\t\t\t\t\t<div class=\"dsm-entry-thumbnail\">\n\t\t\t\t\t\t\t\t\t<a href=\"https:\/\/retouch-nexus.eu\/sk\/2024\/11\/18\/dialogforum-wasserkontroversen-iv-water-retention-in-the-landscape-feasibility-ecological-benefits-and-legal-implications\/\">\n\t\t\t\t\t\t\t\t\t\t<img width=\"1000\" height=\"500\" src=\"https:\/\/retouch-nexus.eu\/wp-content\/uploads\/2024\/12\/Dialogforum-Wasserkontroversen-IV-Water-Retention-in-the-Landscape-\u2013-Feasibility-Ecological-Benefits-and-Legal-Implications2.png\" class=\"attachment-1080x675 size-1080x675 wp-post-image\" alt=\"\" decoding=\"async\" loading=\"lazy\" srcset=\"https:\/\/retouch-nexus.eu\/wp-content\/uploads\/2024\/12\/Dialogforum-Wasserkontroversen-IV-Water-Retention-in-the-Landscape-\u2013-Feasibility-Ecological-Benefits-and-Legal-Implications2.png 1000w, https:\/\/retouch-nexus.eu\/wp-content\/uploads\/2024\/12\/Dialogforum-Wasserkontroversen-IV-Water-Retention-in-the-Landscape-\u2013-Feasibility-Ecological-Benefits-and-Legal-Implications2-300x150.png 300w, https:\/\/retouch-nexus.eu\/wp-content\/uploads\/2024\/12\/Dialogforum-Wasserkontroversen-IV-Water-Retention-in-the-Landscape-\u2013-Feasibility-Ecological-Benefits-and-Legal-Implications2-768x384.png 768w, https:\/\/retouch-nexus.eu\/wp-content\/uploads\/2024\/12\/Dialogforum-Wasserkontroversen-IV-Water-Retention-in-the-Landscape-\u2013-Feasibility-Ecological-Benefits-and-Legal-Implications2-18x9.png 18w, https:\/\/retouch-nexus.eu\/wp-content\/uploads\/2024\/12\/Dialogforum-Wasserkontroversen-IV-Water-Retention-in-the-Landscape-\u2013-Feasibility-Ecological-Benefits-and-Legal-Implications2-980x490.png 980w, https:\/\/retouch-nexus.eu\/wp-content\/uploads\/2024\/12\/Dialogforum-Wasserkontroversen-IV-Water-Retention-in-the-Landscape-\u2013-Feasibility-Ecological-Benefits-and-Legal-Implications2-480x240.png 480w\" sizes=\"(max-width: 1000px) 100vw, 1000px\" \/>\t\t\t\t\t\t\t\t\t<\/a>\n\t\t\t\t\t\t\t\t<\/div>\n\t\t\t\t\t\t\t<\/div>\n\t\t\t\t\t\t\n\t\t\t\t\t\t<div class=\"dsm-entry-wrapper\">\n\t\t\t\t\t\t\t\t\t\t\t\t\t\t<header class=\"dsm-entry-header\">\n\t\t\t\t\t\t\t\t\t\t<h2 class=\"dsm-entry-title\">\n\t\t\t\t\t\t\t\t\t\t\t<a href=\"https:\/\/retouch-nexus.eu\/sk\/2024\/11\/18\/dialogforum-wasserkontroversen-iv-water-retention-in-the-landscape-feasibility-ecological-benefits-and-legal-implications\/\" title=\"Dialogforum Wasserkontroversen IV: Water Retention in the Landscape \u2013 Feasibility, Ecological Benefits, and Legal Implications\">\n\t\t\t\t\t\t\t\t\t\t\t\tDialogforum Wasserkontroversen IV: Water Retention in the Landscape \u2013 Feasibility, Ecological Benefits, and Legal Implications\t\t\t\t\t\t\t\t\t\t\t<\/a>\n\t\t\t\t\t\t\t\t\t<\/h2>\n\t\t\t\t\t\t\t\t<\/header>\n\t\t\t\t\t\t\n\t\t\t\t\t\t\t\t\t\t\t\t\t<div class=\"dsm-entry-meta\">\n\t\t\t\t\t\t\t\t\t\t\t\t\t\t\t\t\t\t\t\t\t\t\t\t\t<span class=\"dsm-meta-seperator\">|<\/span>\n\t\t\t\t\t\t\t\t\t<span class=\"dsm-posted-on\"><time datetime=\"nov 18, 2024\">nov 18, 2024<\/time><\/span>\n\t\t\t\t\t\t\t\t\t\t\t\t\t\t\t\t\t\t\t\t\t\t\t<\/div>\n\t\t\t\t\t\t\t\n\t\t\t\t\t\t\t\t\t\t\t\t\t\t<div class=\"dsm-entry-content\">\n\t\t\t\t\t\t\t\t<div class=\"dsm-post-excerpt\">\n\t\t\t\t\t\t\t\t\t<p>&lt;p&gt;The &quot;Wasserkontroversen&quot; dialog forum, a key event in the ongoing discussion of water-related issues, took place on November 8,<\/p>\n\t\t\t\t\t\t\t\t<\/div>\n\t\t\t\t\t\t\t<\/div>\n\t\t\t\t\t\t\t\n\t\t\t\t\t\t\t\t\t\t\t\t\t\t\t\t\t<div class=\"dsm-readmore-wrap et_pb_bg_layout_light\">\n\t\t\t\t\t\t\t\t\t\t<a href=\"https:\/\/retouch-nexus.eu\/sk\/2024\/11\/18\/dialogforum-wasserkontroversen-iv-water-retention-in-the-landscape-feasibility-ecological-benefits-and-legal-implications\/\" class=\"dsm-readmore-btn  et_pb_custom_button_icon\" data-icon=\"5\" target=\"\">Seguir leyendo<\/a>\n\t\t\t\t\t\t\t\t\t<\/div>\n\t\t\t\t\t\t\t\t\n\t\t\t\t\t\t\t\t\t\t\t\t\t<\/div>\n\t\t\t\t\t<\/div>\n\t\t\t\t<\/article>\n\n\t\t\t\t\n\t\t\t\t<article class=\"dsm-blog-carousel-item swiper-slide\">\n\t\t\t\t\t<div class=\"dsm-grid-post-holder-inner\">\n\t\t\t\t\t\t\t\t\t\t\t\t\t<div class=\"dsm-entry-image\">\n\t\t\t\t\t\t\t\t\t\t\t\t\t\t\t\t<div class=\"dsm-entry-thumbnail\">\n\t\t\t\t\t\t\t\t\t<a href=\"https:\/\/retouch-nexus.eu\/sk\/2024\/11\/10\/retouch-nexus-at-the-slovak-water-tour-2024-advancing-nature-based-solutions-for-resilient-water-management\/\">\n\t\t\t\t\t\t\t\t\t\t<img width=\"1000\" height=\"500\" src=\"https:\/\/retouch-nexus.eu\/wp-content\/uploads\/2024\/12\/RETOUCH-NEXUS-at-the-Slovak-Water-Tour-2024-Advancing-Nature-Based-Solutions-for-Resilient-Water-Management.png\" class=\"attachment-1080x675 size-1080x675 wp-post-image\" alt=\"\" decoding=\"async\" loading=\"lazy\" srcset=\"https:\/\/retouch-nexus.eu\/wp-content\/uploads\/2024\/12\/RETOUCH-NEXUS-at-the-Slovak-Water-Tour-2024-Advancing-Nature-Based-Solutions-for-Resilient-Water-Management.png 1000w, https:\/\/retouch-nexus.eu\/wp-content\/uploads\/2024\/12\/RETOUCH-NEXUS-at-the-Slovak-Water-Tour-2024-Advancing-Nature-Based-Solutions-for-Resilient-Water-Management-980x490.png 980w, https:\/\/retouch-nexus.eu\/wp-content\/uploads\/2024\/12\/RETOUCH-NEXUS-at-the-Slovak-Water-Tour-2024-Advancing-Nature-Based-Solutions-for-Resilient-Water-Management-480x240.png 480w\" sizes=\"(min-width: 0px) and (max-width: 480px) 480px, (min-width: 481px) and (max-width: 980px) 980px, (min-width: 981px) 1000px, 100vw\" \/>\t\t\t\t\t\t\t\t\t<\/a>\n\t\t\t\t\t\t\t\t<\/div>\n\t\t\t\t\t\t\t<\/div>\n\t\t\t\t\t\t\n\t\t\t\t\t\t<div class=\"dsm-entry-wrapper\">\n\t\t\t\t\t\t\t\t\t\t\t\t\t\t<header class=\"dsm-entry-header\">\n\t\t\t\t\t\t\t\t\t\t<h2 class=\"dsm-entry-title\">\n\t\t\t\t\t\t\t\t\t\t\t<a href=\"https:\/\/retouch-nexus.eu\/sk\/2024\/11\/10\/retouch-nexus-at-the-slovak-water-tour-2024-advancing-nature-based-solutions-for-resilient-water-management\/\" title=\"RETOUCH NEXUS at the Slovak Water Tour 2024: Advancing Nature-Based Solutions for Resilient Water Management\">\n\t\t\t\t\t\t\t\t\t\t\t\tRETOUCH NEXUS at the Slovak Water Tour 2024: Advancing Nature-Based Solutions for Resilient Water Management\t\t\t\t\t\t\t\t\t\t\t<\/a>\n\t\t\t\t\t\t\t\t\t<\/h2>\n\t\t\t\t\t\t\t\t<\/header>\n\t\t\t\t\t\t\n\t\t\t\t\t\t\t\t\t\t\t\t\t<div class=\"dsm-entry-meta\">\n\t\t\t\t\t\t\t\t\t\t\t\t\t\t\t\t\t\t\t\t\t\t\t\t\t<span class=\"dsm-meta-seperator\">|<\/span>\n\t\t\t\t\t\t\t\t\t<span class=\"dsm-posted-on\"><time datetime=\"nov 10, 2024\">nov 10, 2024<\/time><\/span>\n\t\t\t\t\t\t\t\t\t\t\t\t\t\t\t\t\t\t\t\t\t\t\t<\/div>\n\t\t\t\t\t\t\t\n\t\t\t\t\t\t\t\t\t\t\t\t\t\t<div class=\"dsm-entry-content\">\n\t\t\t\t\t\t\t\t<div class=\"dsm-post-excerpt\">\n\t\t\t\t\t\t\t\t\t<p>&lt;p&gt;From October 28 to 31, 2024, the Slovak Water Tour brought together experts from across Europe to explore the<\/p>\n\t\t\t\t\t\t\t\t<\/div>\n\t\t\t\t\t\t\t<\/div>\n\t\t\t\t\t\t\t\n\t\t\t\t\t\t\t\t\t\t\t\t\t\t\t\t\t<div class=\"dsm-readmore-wrap et_pb_bg_layout_light\">\n\t\t\t\t\t\t\t\t\t\t<a href=\"https:\/\/retouch-nexus.eu\/sk\/2024\/11\/10\/retouch-nexus-at-the-slovak-water-tour-2024-advancing-nature-based-solutions-for-resilient-water-management\/\" class=\"dsm-readmore-btn  et_pb_custom_button_icon\" data-icon=\"5\" target=\"\">Seguir leyendo<\/a>\n\t\t\t\t\t\t\t\t\t<\/div>\n\t\t\t\t\t\t\t\t\n\t\t\t\t\t\t\t\t\t\t\t\t\t<\/div>\n\t\t\t\t\t<\/div>\n\t\t\t\t<\/article>\n\n\t\t\t\t\n\t\t\t\t<article class=\"dsm-blog-carousel-item swiper-slide\">\n\t\t\t\t\t<div class=\"dsm-grid-post-holder-inner\">\n\t\t\t\t\t\t\t\t\t\t\t\t\t<div class=\"dsm-entry-image\">\n\t\t\t\t\t\t\t\t\t\t\t\t\t\t\t\t<div class=\"dsm-entry-thumbnail\">\n\t\t\t\t\t\t\t\t\t<a href=\"https:\/\/retouch-nexus.eu\/sk\/2024\/10\/15\/second-workshop-organized-by-sua-a-successful-gathering-of-150-participants\/\">\n\t\t\t\t\t\t\t\t\t\t<img width=\"1000\" height=\"500\" src=\"https:\/\/retouch-nexus.eu\/wp-content\/uploads\/2024\/10\/2nd-Worskhop-Slovak-Case-study-RETOUCH-NEXUS.png\" class=\"attachment-1080x675 size-1080x675 wp-post-image\" alt=\"\" decoding=\"async\" loading=\"lazy\" srcset=\"https:\/\/retouch-nexus.eu\/wp-content\/uploads\/2024\/10\/2nd-Worskhop-Slovak-Case-study-RETOUCH-NEXUS.png 1000w, https:\/\/retouch-nexus.eu\/wp-content\/uploads\/2024\/10\/2nd-Worskhop-Slovak-Case-study-RETOUCH-NEXUS-980x490.png 980w, https:\/\/retouch-nexus.eu\/wp-content\/uploads\/2024\/10\/2nd-Worskhop-Slovak-Case-study-RETOUCH-NEXUS-480x240.png 480w\" sizes=\"(min-width: 0px) and (max-width: 480px) 480px, (min-width: 481px) and (max-width: 980px) 980px, (min-width: 981px) 1000px, 100vw\" \/>\t\t\t\t\t\t\t\t\t<\/a>\n\t\t\t\t\t\t\t\t<\/div>\n\t\t\t\t\t\t\t<\/div>\n\t\t\t\t\t\t\n\t\t\t\t\t\t<div class=\"dsm-entry-wrapper\">\n\t\t\t\t\t\t\t\t\t\t\t\t\t\t<header class=\"dsm-entry-header\">\n\t\t\t\t\t\t\t\t\t\t<h2 class=\"dsm-entry-title\">\n\t\t\t\t\t\t\t\t\t\t\t<a href=\"https:\/\/retouch-nexus.eu\/sk\/2024\/10\/15\/second-workshop-organized-by-sua-a-successful-gathering-of-150-participants\/\" title=\"Second Workshop Organized by SUA: Enhancing Inclusive Stakeholder Engagement!\">\n\t\t\t\t\t\t\t\t\t\t\t\tSecond Workshop Organized by SUA: Enhancing Inclusive Stakeholder Engagement!\t\t\t\t\t\t\t\t\t\t\t<\/a>\n\t\t\t\t\t\t\t\t\t<\/h2>\n\t\t\t\t\t\t\t\t<\/header>\n\t\t\t\t\t\t\n\t\t\t\t\t\t\t\t\t\t\t\t\t<div class=\"dsm-entry-meta\">\n\t\t\t\t\t\t\t\t\t\t\t\t\t\t\t\t\t\t\t\t\t\t\t\t\t<span class=\"dsm-meta-seperator\">|<\/span>\n\t\t\t\t\t\t\t\t\t<span class=\"dsm-posted-on\"><time datetime=\"okt 15, 2024\">okt 15, 2024<\/time><\/span>\n\t\t\t\t\t\t\t\t\t\t\t\t\t\t\t\t\t\t\t\t\t\t\t<\/div>\n\t\t\t\t\t\t\t\n\t\t\t\t\t\t\t\t\t\t\t\t\t\t<div class=\"dsm-entry-content\">\n\t\t\t\t\t\t\t\t<div class=\"dsm-post-excerpt\">\n\t\t\t\t\t\t\t\t\t<p>&lt;p&gt;The RETOUCH NEXUS project recently celebrated a significant milestone with the successful hosting of its second training session organized<\/p>\n\t\t\t\t\t\t\t\t<\/div>\n\t\t\t\t\t\t\t<\/div>\n\t\t\t\t\t\t\t\n\t\t\t\t\t\t\t\t\t\t\t\t\t\t\t\t\t<div class=\"dsm-readmore-wrap et_pb_bg_layout_light\">\n\t\t\t\t\t\t\t\t\t\t<a href=\"https:\/\/retouch-nexus.eu\/sk\/2024\/10\/15\/second-workshop-organized-by-sua-a-successful-gathering-of-150-participants\/\" class=\"dsm-readmore-btn  et_pb_custom_button_icon\" data-icon=\"5\" target=\"\">Seguir leyendo<\/a>\n\t\t\t\t\t\t\t\t\t<\/div>\n\t\t\t\t\t\t\t\t\n\t\t\t\t\t\t\t\t\t\t\t\t\t<\/div>\n\t\t\t\t\t<\/div>\n\t\t\t\t<\/article>\n\n\t\t\t\t\n\t\t\t\t<article class=\"dsm-blog-carousel-item swiper-slide\">\n\t\t\t\t\t<div class=\"dsm-grid-post-holder-inner\">\n\t\t\t\t\t\t\t\t\t\t\t\t\t<div class=\"dsm-entry-image\">\n\t\t\t\t\t\t\t\t\t\t\t\t\t\t\t\t<div class=\"dsm-entry-thumbnail\">\n\t\t\t\t\t\t\t\t\t<a href=\"https:\/\/retouch-nexus.eu\/sk\/2024\/09\/25\/resident-information-session-on-sustainable-water-systems-at-agnetenpark-peer\/\">\n\t\t\t\t\t\t\t\t\t\t<img width=\"1000\" height=\"500\" src=\"https:\/\/retouch-nexus.eu\/wp-content\/uploads\/2024\/09\/Belgium-CS_-Discussions-on-Agnetenpark-Peer-at-the-Bibliotheek-en-Cultuurcentrum-Peer-Library-and-Cultural-Center.png\" class=\"attachment-1080x675 size-1080x675 wp-post-image\" alt=\"\" decoding=\"async\" loading=\"lazy\" srcset=\"https:\/\/retouch-nexus.eu\/wp-content\/uploads\/2024\/09\/Belgium-CS_-Discussions-on-Agnetenpark-Peer-at-the-Bibliotheek-en-Cultuurcentrum-Peer-Library-and-Cultural-Center.png 1000w, https:\/\/retouch-nexus.eu\/wp-content\/uploads\/2024\/09\/Belgium-CS_-Discussions-on-Agnetenpark-Peer-at-the-Bibliotheek-en-Cultuurcentrum-Peer-Library-and-Cultural-Center-980x490.png 980w, https:\/\/retouch-nexus.eu\/wp-content\/uploads\/2024\/09\/Belgium-CS_-Discussions-on-Agnetenpark-Peer-at-the-Bibliotheek-en-Cultuurcentrum-Peer-Library-and-Cultural-Center-480x240.png 480w\" sizes=\"(min-width: 0px) and (max-width: 480px) 480px, (min-width: 481px) and (max-width: 980px) 980px, (min-width: 981px) 1000px, 100vw\" \/>\t\t\t\t\t\t\t\t\t<\/a>\n\t\t\t\t\t\t\t\t<\/div>\n\t\t\t\t\t\t\t<\/div>\n\t\t\t\t\t\t\n\t\t\t\t\t\t<div class=\"dsm-entry-wrapper\">\n\t\t\t\t\t\t\t\t\t\t\t\t\t\t<header class=\"dsm-entry-header\">\n\t\t\t\t\t\t\t\t\t\t<h2 class=\"dsm-entry-title\">\n\t\t\t\t\t\t\t\t\t\t\t<a href=\"https:\/\/retouch-nexus.eu\/sk\/2024\/09\/25\/resident-information-session-on-sustainable-water-systems-at-agnetenpark-peer\/\" title=\"Resident Information Session on Sustainable Water Systems at Agnetenpark Peer\">\n\t\t\t\t\t\t\t\t\t\t\t\tResident Information Session on Sustainable Water Systems at Agnetenpark Peer\t\t\t\t\t\t\t\t\t\t\t<\/a>\n\t\t\t\t\t\t\t\t\t<\/h2>\n\t\t\t\t\t\t\t\t<\/header>\n\t\t\t\t\t\t\n\t\t\t\t\t\t\t\t\t\t\t\t\t<div class=\"dsm-entry-meta\">\n\t\t\t\t\t\t\t\t\t\t\t\t\t\t\t\t\t\t\t\t\t\t\t\t\t<span class=\"dsm-meta-seperator\">|<\/span>\n\t\t\t\t\t\t\t\t\t<span class=\"dsm-posted-on\"><time datetime=\"sep 25, 2024\">sep 25, 2024<\/time><\/span>\n\t\t\t\t\t\t\t\t\t\t\t\t\t\t\t\t\t\t\t\t\t\t\t<\/div>\n\t\t\t\t\t\t\t\n\t\t\t\t\t\t\t\t\t\t\t\t\t\t<div class=\"dsm-entry-content\">\n\t\t\t\t\t\t\t\t<div class=\"dsm-post-excerpt\">\n\t\t\t\t\t\t\t\t\t<p>&lt;p&gt;On September 3, 2024, a resident information meeting was held at Peer Library, bringing together the future co-owners of<\/p>\n\t\t\t\t\t\t\t\t<\/div>\n\t\t\t\t\t\t\t<\/div>\n\t\t\t\t\t\t\t\n\t\t\t\t\t\t\t\t\t\t\t\t\t\t\t\t\t<div class=\"dsm-readmore-wrap et_pb_bg_layout_light\">\n\t\t\t\t\t\t\t\t\t\t<a href=\"https:\/\/retouch-nexus.eu\/sk\/2024\/09\/25\/resident-information-session-on-sustainable-water-systems-at-agnetenpark-peer\/\" class=\"dsm-readmore-btn  et_pb_custom_button_icon\" data-icon=\"5\" target=\"\">Seguir leyendo<\/a>\n\t\t\t\t\t\t\t\t\t<\/div>\n\t\t\t\t\t\t\t\t\n\t\t\t\t\t\t\t\t\t\t\t\t\t<\/div>\n\t\t\t\t\t<\/div>\n\t\t\t\t<\/article>\n\n\t\t\t\t\n\t\t\t\t<article class=\"dsm-blog-carousel-item swiper-slide\">\n\t\t\t\t\t<div class=\"dsm-grid-post-holder-inner\">\n\t\t\t\t\t\t\t\t\t\t\t\t\t<div class=\"dsm-entry-image\">\n\t\t\t\t\t\t\t\t\t\t\t\t\t\t\t\t<div class=\"dsm-entry-thumbnail\">\n\t\t\t\t\t\t\t\t\t<a href=\"https:\/\/retouch-nexus.eu\/sk\/2024\/09\/19\/promoting-collaboration-highlights-from-the-4th-maltese-stakeholder-engagement-meeting\/\">\n\t\t\t\t\t\t\t\t\t\t<img width=\"1000\" height=\"500\" src=\"https:\/\/retouch-nexus.eu\/wp-content\/uploads\/2024\/09\/RETOUCH-NEXUS-Malta-4th-Stakeholder-Meeting.png\" class=\"attachment-1080x675 size-1080x675 wp-post-image\" alt=\"\" decoding=\"async\" loading=\"lazy\" srcset=\"https:\/\/retouch-nexus.eu\/wp-content\/uploads\/2024\/09\/RETOUCH-NEXUS-Malta-4th-Stakeholder-Meeting.png 1000w, https:\/\/retouch-nexus.eu\/wp-content\/uploads\/2024\/09\/RETOUCH-NEXUS-Malta-4th-Stakeholder-Meeting-980x490.png 980w, https:\/\/retouch-nexus.eu\/wp-content\/uploads\/2024\/09\/RETOUCH-NEXUS-Malta-4th-Stakeholder-Meeting-480x240.png 480w\" sizes=\"(min-width: 0px) and (max-width: 480px) 480px, (min-width: 481px) and (max-width: 980px) 980px, (min-width: 981px) 1000px, 100vw\" \/>\t\t\t\t\t\t\t\t\t<\/a>\n\t\t\t\t\t\t\t\t<\/div>\n\t\t\t\t\t\t\t<\/div>\n\t\t\t\t\t\t\n\t\t\t\t\t\t<div class=\"dsm-entry-wrapper\">\n\t\t\t\t\t\t\t\t\t\t\t\t\t\t<header class=\"dsm-entry-header\">\n\t\t\t\t\t\t\t\t\t\t<h2 class=\"dsm-entry-title\">\n\t\t\t\t\t\t\t\t\t\t\t<a href=\"https:\/\/retouch-nexus.eu\/sk\/2024\/09\/19\/promoting-collaboration-highlights-from-the-4th-maltese-stakeholder-engagement-meeting\/\" title=\"Promoting Collaboration : Highlights from the 4th Maltese Stakeholder Engagement Meeting!\">\n\t\t\t\t\t\t\t\t\t\t\t\tPromoting Collaboration : Highlights from the 4th Maltese Stakeholder Engagement Meeting!\t\t\t\t\t\t\t\t\t\t\t<\/a>\n\t\t\t\t\t\t\t\t\t<\/h2>\n\t\t\t\t\t\t\t\t<\/header>\n\t\t\t\t\t\t\n\t\t\t\t\t\t\t\t\t\t\t\t\t<div class=\"dsm-entry-meta\">\n\t\t\t\t\t\t\t\t\t\t\t\t\t\t\t\t\t\t\t\t\t\t\t\t\t<span class=\"dsm-meta-seperator\">|<\/span>\n\t\t\t\t\t\t\t\t\t<span class=\"dsm-posted-on\"><time datetime=\"sep 19, 2024\">sep 19, 2024<\/time><\/span>\n\t\t\t\t\t\t\t\t\t\t\t\t\t\t\t\t\t\t\t\t\t\t\t<\/div>\n\t\t\t\t\t\t\t\n\t\t\t\t\t\t\t\t\t\t\t\t\t\t<div class=\"dsm-entry-content\">\n\t\t\t\t\t\t\t\t<div class=\"dsm-post-excerpt\">\n\t\t\t\t\t\t\t\t\t<p>&lt;p&gt;We are thrilled to announce the successful conclusion of the 4th Stakeholder Engagement Meeting for the RETOUCH NEXUS project!Over<\/p>\n\t\t\t\t\t\t\t\t<\/div>\n\t\t\t\t\t\t\t<\/div>\n\t\t\t\t\t\t\t\n\t\t\t\t\t\t\t\t\t\t\t\t\t\t\t\t\t<div class=\"dsm-readmore-wrap et_pb_bg_layout_light\">\n\t\t\t\t\t\t\t\t\t\t<a href=\"https:\/\/retouch-nexus.eu\/sk\/2024\/09\/19\/promoting-collaboration-highlights-from-the-4th-maltese-stakeholder-engagement-meeting\/\" class=\"dsm-readmore-btn  et_pb_custom_button_icon\" data-icon=\"5\" target=\"\">Seguir leyendo<\/a>\n\t\t\t\t\t\t\t\t\t<\/div>\n\t\t\t\t\t\t\t\t\n\t\t\t\t\t\t\t\t\t\t\t\t\t<\/div>\n\t\t\t\t\t<\/div>\n\t\t\t\t<\/article>\n\n\t\t\t\t\n\t\t\t\t<article class=\"dsm-blog-carousel-item swiper-slide\">\n\t\t\t\t\t<div class=\"dsm-grid-post-holder-inner\">\n\t\t\t\t\t\t\t\t\t\t\t\t\t<div class=\"dsm-entry-image\">\n\t\t\t\t\t\t\t\t\t\t\t\t\t\t\t\t<div class=\"dsm-entry-thumbnail\">\n\t\t\t\t\t\t\t\t\t<a href=\"https:\/\/retouch-nexus.eu\/sk\/2024\/09\/05\/innovative-water-management-site-visit-to-business-park-tielt-noord\/\">\n\t\t\t\t\t\t\t\t\t\t<img width=\"1000\" height=\"500\" src=\"https:\/\/retouch-nexus.eu\/wp-content\/uploads\/2024\/12\/Belgium-CS_-Innovative-Water-Management-Site-Visit-to-Business-Park-Tielt-Noord.png\" class=\"attachment-1080x675 size-1080x675 wp-post-image\" alt=\"\" decoding=\"async\" loading=\"lazy\" srcset=\"https:\/\/retouch-nexus.eu\/wp-content\/uploads\/2024\/12\/Belgium-CS_-Innovative-Water-Management-Site-Visit-to-Business-Park-Tielt-Noord.png 1000w, https:\/\/retouch-nexus.eu\/wp-content\/uploads\/2024\/12\/Belgium-CS_-Innovative-Water-Management-Site-Visit-to-Business-Park-Tielt-Noord-980x490.png 980w, https:\/\/retouch-nexus.eu\/wp-content\/uploads\/2024\/12\/Belgium-CS_-Innovative-Water-Management-Site-Visit-to-Business-Park-Tielt-Noord-480x240.png 480w\" sizes=\"(min-width: 0px) and (max-width: 480px) 480px, (min-width: 481px) and (max-width: 980px) 980px, (min-width: 981px) 1000px, 100vw\" \/>\t\t\t\t\t\t\t\t\t<\/a>\n\t\t\t\t\t\t\t\t<\/div>\n\t\t\t\t\t\t\t<\/div>\n\t\t\t\t\t\t\n\t\t\t\t\t\t<div class=\"dsm-entry-wrapper\">\n\t\t\t\t\t\t\t\t\t\t\t\t\t\t<header class=\"dsm-entry-header\">\n\t\t\t\t\t\t\t\t\t\t<h2 class=\"dsm-entry-title\">\n\t\t\t\t\t\t\t\t\t\t\t<a href=\"https:\/\/retouch-nexus.eu\/sk\/2024\/09\/05\/innovative-water-management-site-visit-to-business-park-tielt-noord\/\" title=\"Innovative Water Management: Site Visit to Business Park Tielt Noord\">\n\t\t\t\t\t\t\t\t\t\t\t\tInnovative Water Management: Site Visit to Business Park Tielt Noord\t\t\t\t\t\t\t\t\t\t\t<\/a>\n\t\t\t\t\t\t\t\t\t<\/h2>\n\t\t\t\t\t\t\t\t<\/header>\n\t\t\t\t\t\t\n\t\t\t\t\t\t\t\t\t\t\t\t\t<div class=\"dsm-entry-meta\">\n\t\t\t\t\t\t\t\t\t\t\t\t\t\t\t\t\t\t\t\t\t\t\t\t\t<span class=\"dsm-meta-seperator\">|<\/span>\n\t\t\t\t\t\t\t\t\t<span class=\"dsm-posted-on\"><time datetime=\"sep 5, 2024\">sep 5, 2024<\/time><\/span>\n\t\t\t\t\t\t\t\t\t\t\t\t\t\t\t\t\t\t\t\t\t\t\t<\/div>\n\t\t\t\t\t\t\t\n\t\t\t\t\t\t\t\t\t\t\t\t\t\t<div class=\"dsm-entry-content\">\n\t\t\t\t\t\t\t\t<div class=\"dsm-post-excerpt\">\n\t\t\t\t\t\t\t\t\t<p>&lt;p&gt;On August 23, 2024, the RETOUCH NEXUS Belgium case study hosted a stakeholder event at Tielt Noord Business Park,<\/p>\n\t\t\t\t\t\t\t\t<\/div>\n\t\t\t\t\t\t\t<\/div>\n\t\t\t\t\t\t\t\n\t\t\t\t\t\t\t\t\t\t\t\t\t\t\t\t\t<div class=\"dsm-readmore-wrap et_pb_bg_layout_light\">\n\t\t\t\t\t\t\t\t\t\t<a href=\"https:\/\/retouch-nexus.eu\/sk\/2024\/09\/05\/innovative-water-management-site-visit-to-business-park-tielt-noord\/\" class=\"dsm-readmore-btn  et_pb_custom_button_icon\" data-icon=\"5\" target=\"\">Seguir leyendo<\/a>\n\t\t\t\t\t\t\t\t\t<\/div>\n\t\t\t\t\t\t\t\t\n\t\t\t\t\t\t\t\t\t\t\t\t\t<\/div>\n\t\t\t\t\t<\/div>\n\t\t\t\t<\/article>\n\n\t\t\t\t\n\t\t\t\t<article class=\"dsm-blog-carousel-item swiper-slide\">\n\t\t\t\t\t<div class=\"dsm-grid-post-holder-inner\">\n\t\t\t\t\t\t\t\t\t\t\t\t\t<div class=\"dsm-entry-image\">\n\t\t\t\t\t\t\t\t\t\t\t\t\t\t\t\t<div class=\"dsm-entry-thumbnail\">\n\t\t\t\t\t\t\t\t\t<a href=\"https:\/\/retouch-nexus.eu\/sk\/2024\/08\/26\/the-maltese-case-study-of-the-retouch-nexus-project-held-its-third-stakeholder-engagement-workshop\/\">\n\t\t\t\t\t\t\t\t\t\t<img width=\"1000\" height=\"500\" src=\"https:\/\/retouch-nexus.eu\/wp-content\/uploads\/2024\/08\/NexusNet-Regional-stakeholder-forum-May-2024-2.png\" class=\"attachment-1080x675 size-1080x675 wp-post-image\" alt=\"\" decoding=\"async\" loading=\"lazy\" srcset=\"https:\/\/retouch-nexus.eu\/wp-content\/uploads\/2024\/08\/NexusNet-Regional-stakeholder-forum-May-2024-2.png 1000w, https:\/\/retouch-nexus.eu\/wp-content\/uploads\/2024\/08\/NexusNet-Regional-stakeholder-forum-May-2024-2-980x490.png 980w, https:\/\/retouch-nexus.eu\/wp-content\/uploads\/2024\/08\/NexusNet-Regional-stakeholder-forum-May-2024-2-480x240.png 480w\" sizes=\"(min-width: 0px) and (max-width: 480px) 480px, (min-width: 481px) and (max-width: 980px) 980px, (min-width: 981px) 1000px, 100vw\" \/>\t\t\t\t\t\t\t\t\t<\/a>\n\t\t\t\t\t\t\t\t<\/div>\n\t\t\t\t\t\t\t<\/div>\n\t\t\t\t\t\t\n\t\t\t\t\t\t<div class=\"dsm-entry-wrapper\">\n\t\t\t\t\t\t\t\t\t\t\t\t\t\t<header class=\"dsm-entry-header\">\n\t\t\t\t\t\t\t\t\t\t<h2 class=\"dsm-entry-title\">\n\t\t\t\t\t\t\t\t\t\t\t<a href=\"https:\/\/retouch-nexus.eu\/sk\/2024\/08\/26\/the-maltese-case-study-of-the-retouch-nexus-project-held-its-third-stakeholder-engagement-workshop\/\" title=\"The Maltese case study of the RETOUCH NEXUS project held its Third stakeholder engagement workshop!\">\n\t\t\t\t\t\t\t\t\t\t\t\tThe Maltese case study of the RETOUCH NEXUS project held its Third stakeholder engagement workshop!\t\t\t\t\t\t\t\t\t\t\t<\/a>\n\t\t\t\t\t\t\t\t\t<\/h2>\n\t\t\t\t\t\t\t\t<\/header>\n\t\t\t\t\t\t\n\t\t\t\t\t\t\t\t\t\t\t\t\t<div class=\"dsm-entry-meta\">\n\t\t\t\t\t\t\t\t\t\t\t\t\t\t\t\t\t\t\t\t\t\t\t\t\t<span class=\"dsm-meta-seperator\">|<\/span>\n\t\t\t\t\t\t\t\t\t<span class=\"dsm-posted-on\"><time datetime=\"aug 26, 2024\">aug 26, 2024<\/time><\/span>\n\t\t\t\t\t\t\t\t\t\t\t\t\t\t\t\t\t\t\t\t\t\t\t<\/div>\n\t\t\t\t\t\t\t\n\t\t\t\t\t\t\t\t\t\t\t\t\t\t<div class=\"dsm-entry-content\">\n\t\t\t\t\t\t\t\t<div class=\"dsm-post-excerpt\">\n\t\t\t\t\t\t\t\t\t<p>&lt;p&gt;Our Maltese case-study leader, The Energy and Water Agency held its third Stakeholder Engagement Workshop on July 12, 2024!&nbsp;The<\/p>\n\t\t\t\t\t\t\t\t<\/div>\n\t\t\t\t\t\t\t<\/div>\n\t\t\t\t\t\t\t\n\t\t\t\t\t\t\t\t\t\t\t\t\t\t\t\t\t<div class=\"dsm-readmore-wrap et_pb_bg_layout_light\">\n\t\t\t\t\t\t\t\t\t\t<a href=\"https:\/\/retouch-nexus.eu\/sk\/2024\/08\/26\/the-maltese-case-study-of-the-retouch-nexus-project-held-its-third-stakeholder-engagement-workshop\/\" class=\"dsm-readmore-btn  et_pb_custom_button_icon\" data-icon=\"5\" target=\"\">Seguir leyendo<\/a>\n\t\t\t\t\t\t\t\t\t<\/div>\n\t\t\t\t\t\t\t\t\n\t\t\t\t\t\t\t\t\t\t\t\t\t<\/div>\n\t\t\t\t\t<\/div>\n\t\t\t\t<\/article>\n\n\t\t\t\t\n\t\t\t\t<article class=\"dsm-blog-carousel-item swiper-slide\">\n\t\t\t\t\t<div class=\"dsm-grid-post-holder-inner\">\n\t\t\t\t\t\t\t\t\t\t\t\t\t<div class=\"dsm-entry-image\">\n\t\t\t\t\t\t\t\t\t\t\t\t\t\t\t\t<div class=\"dsm-entry-thumbnail\">\n\t\t\t\t\t\t\t\t\t<a href=\"https:\/\/retouch-nexus.eu\/sk\/2024\/08\/23\/the-maltese-case-study-of-the-retouch-nexus-project-held-its-second-stakeholder-engagement-workshop\/\">\n\t\t\t\t\t\t\t\t\t\t<img width=\"1000\" height=\"500\" src=\"https:\/\/retouch-nexus.eu\/wp-content\/uploads\/2024\/08\/Website-post-covers-RETOUCH-NEXUS.png\" class=\"attachment-1080x675 size-1080x675 wp-post-image\" alt=\"\" decoding=\"async\" loading=\"lazy\" srcset=\"https:\/\/retouch-nexus.eu\/wp-content\/uploads\/2024\/08\/Website-post-covers-RETOUCH-NEXUS.png 1000w, https:\/\/retouch-nexus.eu\/wp-content\/uploads\/2024\/08\/Website-post-covers-RETOUCH-NEXUS-980x490.png 980w, https:\/\/retouch-nexus.eu\/wp-content\/uploads\/2024\/08\/Website-post-covers-RETOUCH-NEXUS-480x240.png 480w\" sizes=\"(min-width: 0px) and (max-width: 480px) 480px, (min-width: 481px) and (max-width: 980px) 980px, (min-width: 981px) 1000px, 100vw\" \/>\t\t\t\t\t\t\t\t\t<\/a>\n\t\t\t\t\t\t\t\t<\/div>\n\t\t\t\t\t\t\t<\/div>\n\t\t\t\t\t\t\n\t\t\t\t\t\t<div class=\"dsm-entry-wrapper\">\n\t\t\t\t\t\t\t\t\t\t\t\t\t\t<header class=\"dsm-entry-header\">\n\t\t\t\t\t\t\t\t\t\t<h2 class=\"dsm-entry-title\">\n\t\t\t\t\t\t\t\t\t\t\t<a href=\"https:\/\/retouch-nexus.eu\/sk\/2024\/08\/23\/the-maltese-case-study-of-the-retouch-nexus-project-held-its-second-stakeholder-engagement-workshop\/\" title=\"The Maltese case study of the RETOUCH NEXUS project held its Second stakeholder engagement workshop!\">\n\t\t\t\t\t\t\t\t\t\t\t\tThe Maltese case study of the RETOUCH NEXUS project held its Second stakeholder engagement workshop!\t\t\t\t\t\t\t\t\t\t\t<\/a>\n\t\t\t\t\t\t\t\t\t<\/h2>\n\t\t\t\t\t\t\t\t<\/header>\n\t\t\t\t\t\t\n\t\t\t\t\t\t\t\t\t\t\t\t\t<div class=\"dsm-entry-meta\">\n\t\t\t\t\t\t\t\t\t\t\t\t\t\t\t\t\t\t\t\t\t\t\t\t\t<span class=\"dsm-meta-seperator\">|<\/span>\n\t\t\t\t\t\t\t\t\t<span class=\"dsm-posted-on\"><time datetime=\"aug 23, 2024\">aug 23, 2024<\/time><\/span>\n\t\t\t\t\t\t\t\t\t\t\t\t\t\t\t\t\t\t\t\t\t\t\t<\/div>\n\t\t\t\t\t\t\t\n\t\t\t\t\t\t\t\t\t\t\t\t\t\t<div class=\"dsm-entry-content\">\n\t\t\t\t\t\t\t\t<div class=\"dsm-post-excerpt\">\n\t\t\t\t\t\t\t\t\t<p>&lt;p&gt;Our Maltese case study leader, The Energy and Water Agency was more than excited to welcome key stakeholders to<\/p>\n\t\t\t\t\t\t\t\t<\/div>\n\t\t\t\t\t\t\t<\/div>\n\t\t\t\t\t\t\t\n\t\t\t\t\t\t\t\t\t\t\t\t\t\t\t\t\t<div class=\"dsm-readmore-wrap et_pb_bg_layout_light\">\n\t\t\t\t\t\t\t\t\t\t<a href=\"https:\/\/retouch-nexus.eu\/sk\/2024\/08\/23\/the-maltese-case-study-of-the-retouch-nexus-project-held-its-second-stakeholder-engagement-workshop\/\" class=\"dsm-readmore-btn  et_pb_custom_button_icon\" data-icon=\"5\" target=\"\">Seguir leyendo<\/a>\n\t\t\t\t\t\t\t\t\t<\/div>\n\t\t\t\t\t\t\t\t\n\t\t\t\t\t\t\t\t\t\t\t\t\t<\/div>\n\t\t\t\t\t<\/div>\n\t\t\t\t<\/article>\n\n\t\t\t\t\n\t\t\t\t<article class=\"dsm-blog-carousel-item swiper-slide\">\n\t\t\t\t\t<div class=\"dsm-grid-post-holder-inner\">\n\t\t\t\t\t\t\t\t\t\t\t\t\t<div class=\"dsm-entry-image\">\n\t\t\t\t\t\t\t\t\t\t\t\t\t\t\t\t<div class=\"dsm-entry-thumbnail\">\n\t\t\t\t\t\t\t\t\t<a href=\"https:\/\/retouch-nexus.eu\/sk\/2024\/07\/19\/retouch-nexus-german-case-study-at-the-swat-conference-pioneering-wefe-based-modeling-for-resilient-water-governance-in-the-upper-main-catchment\/\">\n\t\t\t\t\t\t\t\t\t\t<img width=\"1000\" height=\"500\" src=\"https:\/\/retouch-nexus.eu\/wp-content\/uploads\/2024\/12\/RETOUCH-NEXUS_German-Case-study-SWAT-conference.png\" class=\"attachment-1080x675 size-1080x675 wp-post-image\" alt=\"\" decoding=\"async\" loading=\"lazy\" srcset=\"https:\/\/retouch-nexus.eu\/wp-content\/uploads\/2024\/12\/RETOUCH-NEXUS_German-Case-study-SWAT-conference.png 1000w, https:\/\/retouch-nexus.eu\/wp-content\/uploads\/2024\/12\/RETOUCH-NEXUS_German-Case-study-SWAT-conference-980x490.png 980w, https:\/\/retouch-nexus.eu\/wp-content\/uploads\/2024\/12\/RETOUCH-NEXUS_German-Case-study-SWAT-conference-480x240.png 480w\" sizes=\"(min-width: 0px) and (max-width: 480px) 480px, (min-width: 481px) and (max-width: 980px) 980px, (min-width: 981px) 1000px, 100vw\" \/>\t\t\t\t\t\t\t\t\t<\/a>\n\t\t\t\t\t\t\t\t<\/div>\n\t\t\t\t\t\t\t<\/div>\n\t\t\t\t\t\t\n\t\t\t\t\t\t<div class=\"dsm-entry-wrapper\">\n\t\t\t\t\t\t\t\t\t\t\t\t\t\t<header class=\"dsm-entry-header\">\n\t\t\t\t\t\t\t\t\t\t<h2 class=\"dsm-entry-title\">\n\t\t\t\t\t\t\t\t\t\t\t<a href=\"https:\/\/retouch-nexus.eu\/sk\/2024\/07\/19\/retouch-nexus-german-case-study-at-the-swat-conference-pioneering-wefe-based-modeling-for-resilient-water-governance-in-the-upper-main-catchment\/\" title=\"RETOUCH NEXUS German Case Study at the SWAT Conference: Pioneering WEFE-Based Modeling for Resilient Water Governance in the Upper Main Catchment\">\n\t\t\t\t\t\t\t\t\t\t\t\tRETOUCH NEXUS German Case Study at the SWAT Conference: Pioneering WEFE-Based Modeling for Resilient Water Governance in the Upper Main Catchment\t\t\t\t\t\t\t\t\t\t\t<\/a>\n\t\t\t\t\t\t\t\t\t<\/h2>\n\t\t\t\t\t\t\t\t<\/header>\n\t\t\t\t\t\t\n\t\t\t\t\t\t\t\t\t\t\t\t\t<div class=\"dsm-entry-meta\">\n\t\t\t\t\t\t\t\t\t\t\t\t\t\t\t\t\t\t\t\t\t\t\t\t\t<span class=\"dsm-meta-seperator\">|<\/span>\n\t\t\t\t\t\t\t\t\t<span class=\"dsm-posted-on\"><time datetime=\"j\u00fal 19, 2024\">j\u00fal 19, 2024<\/time><\/span>\n\t\t\t\t\t\t\t\t\t\t\t\t\t\t\t\t\t\t\t\t\t\t\t<\/div>\n\t\t\t\t\t\t\t\n\t\t\t\t\t\t\t\t\t\t\t\t\t\t<div class=\"dsm-entry-content\">\n\t\t\t\t\t\t\t\t<div class=\"dsm-post-excerpt\">\n\t\t\t\t\t\t\t\t\t<p>&lt;p&gt;From July 8th to 12th, 2024, the RETOUCH NEXUS project proudly participated in the SWAT Conference held at the<\/p>\n\t\t\t\t\t\t\t\t<\/div>\n\t\t\t\t\t\t\t<\/div>\n\t\t\t\t\t\t\t\n\t\t\t\t\t\t\t\t\t\t\t\t\t\t\t\t\t<div class=\"dsm-readmore-wrap et_pb_bg_layout_light\">\n\t\t\t\t\t\t\t\t\t\t<a href=\"https:\/\/retouch-nexus.eu\/sk\/2024\/07\/19\/retouch-nexus-german-case-study-at-the-swat-conference-pioneering-wefe-based-modeling-for-resilient-water-governance-in-the-upper-main-catchment\/\" class=\"dsm-readmore-btn  et_pb_custom_button_icon\" data-icon=\"5\" target=\"\">Seguir leyendo<\/a>\n\t\t\t\t\t\t\t\t\t<\/div>\n\t\t\t\t\t\t\t\t\n\t\t\t\t\t\t\t\t\t\t\t\t\t<\/div>\n\t\t\t\t\t<\/div>\n\t\t\t\t<\/article>\n\n\t\t\t\t\n\t\t\t\t<article class=\"dsm-blog-carousel-item swiper-slide\">\n\t\t\t\t\t<div class=\"dsm-grid-post-holder-inner\">\n\t\t\t\t\t\t\t\t\t\t\t\t\t<div class=\"dsm-entry-image\">\n\t\t\t\t\t\t\t\t\t\t\t\t\t\t\t\t<div class=\"dsm-entry-thumbnail\">\n\t\t\t\t\t\t\t\t\t<a href=\"https:\/\/retouch-nexus.eu\/sk\/2024\/07\/05\/the-german-case-study-of-the-retouch-nexus-project-held-its-first-stakeholder-workshop\/\">\n\t\t\t\t\t\t\t\t\t\t<img width=\"1080\" height=\"675\" src=\"https:\/\/retouch-nexus.eu\/wp-content\/uploads\/2024\/07\/2024-06-25-16.11.38-3-1080x675.jpg\" class=\"attachment-1080x675 size-1080x675 wp-post-image\" alt=\"\" decoding=\"async\" loading=\"lazy\" srcset=\"https:\/\/retouch-nexus.eu\/wp-content\/uploads\/2024\/07\/2024-06-25-16.11.38-3-980x551.jpg 980w, https:\/\/retouch-nexus.eu\/wp-content\/uploads\/2024\/07\/2024-06-25-16.11.38-3-480x270.jpg 480w\" sizes=\"(min-width: 0px) and (max-width: 480px) 480px, (min-width: 481px) and (max-width: 980px) 980px, (min-width: 981px) 1080px, 100vw\" \/>\t\t\t\t\t\t\t\t\t<\/a>\n\t\t\t\t\t\t\t\t<\/div>\n\t\t\t\t\t\t\t<\/div>\n\t\t\t\t\t\t\n\t\t\t\t\t\t<div class=\"dsm-entry-wrapper\">\n\t\t\t\t\t\t\t\t\t\t\t\t\t\t<header class=\"dsm-entry-header\">\n\t\t\t\t\t\t\t\t\t\t<h2 class=\"dsm-entry-title\">\n\t\t\t\t\t\t\t\t\t\t\t<a href=\"https:\/\/retouch-nexus.eu\/sk\/2024\/07\/05\/the-german-case-study-of-the-retouch-nexus-project-held-its-first-stakeholder-workshop\/\" title=\"The German case study of the RETOUCH NEXUS project held its First stakeholder engagement in Upper Main!\">\n\t\t\t\t\t\t\t\t\t\t\t\tThe German case study of the RETOUCH NEXUS project held its First stakeholder engagement in Upper Main!\t\t\t\t\t\t\t\t\t\t\t<\/a>\n\t\t\t\t\t\t\t\t\t<\/h2>\n\t\t\t\t\t\t\t\t<\/header>\n\t\t\t\t\t\t\n\t\t\t\t\t\t\t\t\t\t\t\t\t<div class=\"dsm-entry-meta\">\n\t\t\t\t\t\t\t\t\t\t\t\t\t\t\t\t\t\t\t\t\t\t\t\t\t<span class=\"dsm-meta-seperator\">|<\/span>\n\t\t\t\t\t\t\t\t\t<span class=\"dsm-posted-on\"><time datetime=\"j\u00fal 5, 2024\">j\u00fal 5, 2024<\/time><\/span>\n\t\t\t\t\t\t\t\t\t\t\t\t\t\t\t\t\t\t\t\t\t\t\t<\/div>\n\t\t\t\t\t\t\t\n\t\t\t\t\t\t\t\t\t\t\t\t\t\t<div class=\"dsm-entry-content\">\n\t\t\t\t\t\t\t\t<div class=\"dsm-post-excerpt\">\n\t\t\t\t\t\t\t\t\t<p>&lt;p&gt;On 25 June 2024, the German case study of the RETOUCH NEXUS project hosted its first stakeholder engagement workshop<\/p>\n\t\t\t\t\t\t\t\t<\/div>\n\t\t\t\t\t\t\t<\/div>\n\t\t\t\t\t\t\t\n\t\t\t\t\t\t\t\t\t\t\t\t\t\t\t\t\t<div class=\"dsm-readmore-wrap et_pb_bg_layout_light\">\n\t\t\t\t\t\t\t\t\t\t<a href=\"https:\/\/retouch-nexus.eu\/sk\/2024\/07\/05\/the-german-case-study-of-the-retouch-nexus-project-held-its-first-stakeholder-workshop\/\" class=\"dsm-readmore-btn  et_pb_custom_button_icon\" data-icon=\"5\" target=\"\">Seguir leyendo<\/a>\n\t\t\t\t\t\t\t\t\t<\/div>\n\t\t\t\t\t\t\t\t\n\t\t\t\t\t\t\t\t\t\t\t\t\t<\/div>\n\t\t\t\t\t<\/div>\n\t\t\t\t<\/article>\n\n\t\t\t\t\n\t\t\t\t<article class=\"dsm-blog-carousel-item swiper-slide\">\n\t\t\t\t\t<div class=\"dsm-grid-post-holder-inner\">\n\t\t\t\t\t\t\t\t\t\t\t\t\t<div class=\"dsm-entry-image\">\n\t\t\t\t\t\t\t\t\t\t\t\t\t\t\t\t<div class=\"dsm-entry-thumbnail\">\n\t\t\t\t\t\t\t\t\t<a href=\"https:\/\/retouch-nexus.eu\/sk\/2024\/06\/22\/visit-to-the-waterproof-experience-container-a-collaborative-exchange-for-the-retouch-nexus-project\/\">\n\t\t\t\t\t\t\t\t\t\t<img width=\"1000\" height=\"500\" src=\"https:\/\/retouch-nexus.eu\/wp-content\/uploads\/2024\/10\/RETOUCH-NEXUS_Visit-of-the-WaterProof-container-experience_Belgium-Case-study.png\" class=\"attachment-1080x675 size-1080x675 wp-post-image\" alt=\"\" decoding=\"async\" loading=\"lazy\" srcset=\"https:\/\/retouch-nexus.eu\/wp-content\/uploads\/2024\/10\/RETOUCH-NEXUS_Visit-of-the-WaterProof-container-experience_Belgium-Case-study.png 1000w, https:\/\/retouch-nexus.eu\/wp-content\/uploads\/2024\/10\/RETOUCH-NEXUS_Visit-of-the-WaterProof-container-experience_Belgium-Case-study-980x490.png 980w, https:\/\/retouch-nexus.eu\/wp-content\/uploads\/2024\/10\/RETOUCH-NEXUS_Visit-of-the-WaterProof-container-experience_Belgium-Case-study-480x240.png 480w\" sizes=\"(min-width: 0px) and (max-width: 480px) 480px, (min-width: 481px) and (max-width: 980px) 980px, (min-width: 981px) 1000px, 100vw\" \/>\t\t\t\t\t\t\t\t\t<\/a>\n\t\t\t\t\t\t\t\t<\/div>\n\t\t\t\t\t\t\t<\/div>\n\t\t\t\t\t\t\n\t\t\t\t\t\t<div class=\"dsm-entry-wrapper\">\n\t\t\t\t\t\t\t\t\t\t\t\t\t\t<header class=\"dsm-entry-header\">\n\t\t\t\t\t\t\t\t\t\t<h2 class=\"dsm-entry-title\">\n\t\t\t\t\t\t\t\t\t\t\t<a href=\"https:\/\/retouch-nexus.eu\/sk\/2024\/06\/22\/visit-to-the-waterproof-experience-container-a-collaborative-exchange-for-the-retouch-nexus-project\/\" title=\"Visit to the WaterProof Experience Container: A Collaborative Exchange for the RETOUCH NEXUS Project\">\n\t\t\t\t\t\t\t\t\t\t\t\tVisit to the WaterProof Experience Container: A Collaborative Exchange for the RETOUCH NEXUS Project\t\t\t\t\t\t\t\t\t\t\t<\/a>\n\t\t\t\t\t\t\t\t\t<\/h2>\n\t\t\t\t\t\t\t\t<\/header>\n\t\t\t\t\t\t\n\t\t\t\t\t\t\t\t\t\t\t\t\t<div class=\"dsm-entry-meta\">\n\t\t\t\t\t\t\t\t\t\t\t\t\t\t\t\t\t\t\t\t\t\t\t\t\t<span class=\"dsm-meta-seperator\">|<\/span>\n\t\t\t\t\t\t\t\t\t<span class=\"dsm-posted-on\"><time datetime=\"j\u00fan 22, 2024\">j\u00fan 22, 2024<\/time><\/span>\n\t\t\t\t\t\t\t\t\t\t\t\t\t\t\t\t\t\t\t\t\t\t\t<\/div>\n\t\t\t\t\t\t\t\n\t\t\t\t\t\t\t\t\t\t\t\t\t\t<div class=\"dsm-entry-content\">\n\t\t\t\t\t\t\t\t<div class=\"dsm-post-excerpt\">\n\t\t\t\t\t\t\t\t\t<p>&lt;p&gt;On Tuesday, June 18, 2024, representatives from various RETOUCH project case studies gathered in Ostend for a unique visit<\/p>\n\t\t\t\t\t\t\t\t<\/div>\n\t\t\t\t\t\t\t<\/div>\n\t\t\t\t\t\t\t\n\t\t\t\t\t\t\t\t\t\t\t\t\t\t\t\t\t<div class=\"dsm-readmore-wrap et_pb_bg_layout_light\">\n\t\t\t\t\t\t\t\t\t\t<a href=\"https:\/\/retouch-nexus.eu\/sk\/2024\/06\/22\/visit-to-the-waterproof-experience-container-a-collaborative-exchange-for-the-retouch-nexus-project\/\" class=\"dsm-readmore-btn  et_pb_custom_button_icon\" data-icon=\"5\" target=\"\">Seguir leyendo<\/a>\n\t\t\t\t\t\t\t\t\t<\/div>\n\t\t\t\t\t\t\t\t\n\t\t\t\t\t\t\t\t\t\t\t\t\t<\/div>\n\t\t\t\t\t<\/div>\n\t\t\t\t<\/article>\n\n\t\t\t\t\n\t\t\t\t<article class=\"dsm-blog-carousel-item swiper-slide\">\n\t\t\t\t\t<div class=\"dsm-grid-post-holder-inner\">\n\t\t\t\t\t\t\t\t\t\t\t\t\t<div class=\"dsm-entry-image\">\n\t\t\t\t\t\t\t\t\t\t\t\t\t\t\t\t<div class=\"dsm-entry-thumbnail\">\n\t\t\t\t\t\t\t\t\t<a href=\"https:\/\/retouch-nexus.eu\/sk\/2024\/04\/22\/kick-off-workshop-to-present-the-slovak-case-study-to-local-stakeholders\/\">\n\t\t\t\t\t\t\t\t\t\t<img width=\"1080\" height=\"675\" src=\"https:\/\/retouch-nexus.eu\/wp-content\/uploads\/2024\/04\/Pictures_slovak-workshop_SUA_RETOUCH-NEXUS-1080x675.jpeg\" class=\"attachment-1080x675 size-1080x675 wp-post-image\" alt=\"\" decoding=\"async\" loading=\"lazy\" srcset=\"https:\/\/retouch-nexus.eu\/wp-content\/uploads\/2024\/04\/Pictures_slovak-workshop_SUA_RETOUCH-NEXUS-980x651.jpeg 980w, https:\/\/retouch-nexus.eu\/wp-content\/uploads\/2024\/04\/Pictures_slovak-workshop_SUA_RETOUCH-NEXUS-480x319.jpeg 480w\" sizes=\"(min-width: 0px) and (max-width: 480px) 480px, (min-width: 481px) and (max-width: 980px) 980px, (min-width: 981px) 1080px, 100vw\" \/>\t\t\t\t\t\t\t\t\t<\/a>\n\t\t\t\t\t\t\t\t<\/div>\n\t\t\t\t\t\t\t<\/div>\n\t\t\t\t\t\t\n\t\t\t\t\t\t<div class=\"dsm-entry-wrapper\">\n\t\t\t\t\t\t\t\t\t\t\t\t\t\t<header class=\"dsm-entry-header\">\n\t\t\t\t\t\t\t\t\t\t<h2 class=\"dsm-entry-title\">\n\t\t\t\t\t\t\t\t\t\t\t<a href=\"https:\/\/retouch-nexus.eu\/sk\/2024\/04\/22\/kick-off-workshop-to-present-the-slovak-case-study-to-local-stakeholders\/\" title=\"The Slovak case study of the RETOUCH NEXUS project held its first stakeholder workshop on climate-resilient water management for agriculture, citizens and ecosystems!\">\n\t\t\t\t\t\t\t\t\t\t\t\tThe Slovak case study of the RETOUCH NEXUS project held its first stakeholder workshop on climate-resilient water management for agriculture, citizens and ecosystems!\t\t\t\t\t\t\t\t\t\t\t<\/a>\n\t\t\t\t\t\t\t\t\t<\/h2>\n\t\t\t\t\t\t\t\t<\/header>\n\t\t\t\t\t\t\n\t\t\t\t\t\t\t\t\t\t\t\t\t<div class=\"dsm-entry-meta\">\n\t\t\t\t\t\t\t\t\t\t\t\t\t\t\t\t\t\t\t\t\t\t\t\t\t<span class=\"dsm-meta-seperator\">|<\/span>\n\t\t\t\t\t\t\t\t\t<span class=\"dsm-posted-on\"><time datetime=\"apr 22, 2024\">apr 22, 2024<\/time><\/span>\n\t\t\t\t\t\t\t\t\t\t\t\t\t\t\t\t\t\t\t\t\t\t\t<\/div>\n\t\t\t\t\t\t\t\n\t\t\t\t\t\t\t\t\t\t\t\t\t\t<div class=\"dsm-entry-content\">\n\t\t\t\t\t\t\t\t<div class=\"dsm-post-excerpt\">\n\t\t\t\t\t\t\t\t\t<p>&lt;p&gt;The Slovak case study of the RETOUCH NEXUS project recently hosted its inaugural stakeholder workshop, focusing on climate-resilient water<\/p>\n\t\t\t\t\t\t\t\t<\/div>\n\t\t\t\t\t\t\t<\/div>\n\t\t\t\t\t\t\t\n\t\t\t\t\t\t\t\t\t\t\t\t\t\t\t\t\t<div class=\"dsm-readmore-wrap et_pb_bg_layout_light\">\n\t\t\t\t\t\t\t\t\t\t<a href=\"https:\/\/retouch-nexus.eu\/sk\/2024\/04\/22\/kick-off-workshop-to-present-the-slovak-case-study-to-local-stakeholders\/\" class=\"dsm-readmore-btn  et_pb_custom_button_icon\" data-icon=\"5\" target=\"\">Seguir leyendo<\/a>\n\t\t\t\t\t\t\t\t\t<\/div>\n\t\t\t\t\t\t\t\t\n\t\t\t\t\t\t\t\t\t\t\t\t\t<\/div>\n\t\t\t\t\t<\/div>\n\t\t\t\t<\/article>\n\n\t\t\t\t\n\t\t\t\t<article class=\"dsm-blog-carousel-item swiper-slide\">\n\t\t\t\t\t<div class=\"dsm-grid-post-holder-inner\">\n\t\t\t\t\t\t\t\t\t\t\t\t\t<div class=\"dsm-entry-image\">\n\t\t\t\t\t\t\t\t\t\t\t\t\t\t\t\t<div class=\"dsm-entry-thumbnail\">\n\t\t\t\t\t\t\t\t\t<a href=\"https:\/\/retouch-nexus.eu\/sk\/2024\/03\/05\/the-belgian-case-study-of-the-retouch-nexus-project-held-its-first-stakeholder-engagement-workshop\/\">\n\t\t\t\t\t\t\t\t\t\t<img width=\"1000\" height=\"500\" src=\"https:\/\/retouch-nexus.eu\/wp-content\/uploads\/2024\/08\/NexusNet-Regional-stakeholder-forum-May-2024-5.png\" class=\"attachment-1080x675 size-1080x675 wp-post-image\" alt=\"\" decoding=\"async\" loading=\"lazy\" srcset=\"https:\/\/retouch-nexus.eu\/wp-content\/uploads\/2024\/08\/NexusNet-Regional-stakeholder-forum-May-2024-5.png 1000w, https:\/\/retouch-nexus.eu\/wp-content\/uploads\/2024\/08\/NexusNet-Regional-stakeholder-forum-May-2024-5-980x490.png 980w, https:\/\/retouch-nexus.eu\/wp-content\/uploads\/2024\/08\/NexusNet-Regional-stakeholder-forum-May-2024-5-480x240.png 480w\" sizes=\"(min-width: 0px) and (max-width: 480px) 480px, (min-width: 481px) and (max-width: 980px) 980px, (min-width: 981px) 1000px, 100vw\" \/>\t\t\t\t\t\t\t\t\t<\/a>\n\t\t\t\t\t\t\t\t<\/div>\n\t\t\t\t\t\t\t<\/div>\n\t\t\t\t\t\t\n\t\t\t\t\t\t<div class=\"dsm-entry-wrapper\">\n\t\t\t\t\t\t\t\t\t\t\t\t\t\t<header class=\"dsm-entry-header\">\n\t\t\t\t\t\t\t\t\t\t<h2 class=\"dsm-entry-title\">\n\t\t\t\t\t\t\t\t\t\t\t<a href=\"https:\/\/retouch-nexus.eu\/sk\/2024\/03\/05\/the-belgian-case-study-of-the-retouch-nexus-project-held-its-first-stakeholder-engagement-workshop\/\" title=\"The Belgian case study of the RETOUCH NEXUS project held its First stakeholder engagement workshop!\">\n\t\t\t\t\t\t\t\t\t\t\t\tThe Belgian case study of the RETOUCH NEXUS project held its First stakeholder engagement workshop!\t\t\t\t\t\t\t\t\t\t\t<\/a>\n\t\t\t\t\t\t\t\t\t<\/h2>\n\t\t\t\t\t\t\t\t<\/header>\n\t\t\t\t\t\t\n\t\t\t\t\t\t\t\t\t\t\t\t\t<div class=\"dsm-entry-meta\">\n\t\t\t\t\t\t\t\t\t\t\t\t\t\t\t\t\t\t\t\t\t\t\t\t\t<span class=\"dsm-meta-seperator\">|<\/span>\n\t\t\t\t\t\t\t\t\t<span class=\"dsm-posted-on\"><time datetime=\"mar 5, 2024\">mar 5, 2024<\/time><\/span>\n\t\t\t\t\t\t\t\t\t\t\t\t\t\t\t\t\t\t\t\t\t\t\t<\/div>\n\t\t\t\t\t\t\t\n\t\t\t\t\t\t\t\t\t\t\t\t\t\t<div class=\"dsm-entry-content\">\n\t\t\t\t\t\t\t\t<div class=\"dsm-post-excerpt\">\n\t\t\t\t\t\t\t\t\t<p>&lt;p&gt;Our Belgian case study leader, Vlaamse Instelling voor Technologisch Onderzoek (VITO) was more than happy to kick off its<\/p>\n\t\t\t\t\t\t\t\t<\/div>\n\t\t\t\t\t\t\t<\/div>\n\t\t\t\t\t\t\t\n\t\t\t\t\t\t\t\t\t\t\t\t\t\t\t\t\t<div class=\"dsm-readmore-wrap et_pb_bg_layout_light\">\n\t\t\t\t\t\t\t\t\t\t<a href=\"https:\/\/retouch-nexus.eu\/sk\/2024\/03\/05\/the-belgian-case-study-of-the-retouch-nexus-project-held-its-first-stakeholder-engagement-workshop\/\" class=\"dsm-readmore-btn  et_pb_custom_button_icon\" data-icon=\"5\" target=\"\">Seguir leyendo<\/a>\n\t\t\t\t\t\t\t\t\t<\/div>\n\t\t\t\t\t\t\t\t\n\t\t\t\t\t\t\t\t\t\t\t\t\t<\/div>\n\t\t\t\t\t<\/div>\n\t\t\t\t<\/article>\n\n\t\t\t\t\n\t\t\t\t<article class=\"dsm-blog-carousel-item swiper-slide\">\n\t\t\t\t\t<div class=\"dsm-grid-post-holder-inner\">\n\t\t\t\t\t\t\t\t\t\t\t\t\t<div class=\"dsm-entry-image\">\n\t\t\t\t\t\t\t\t\t\t\t\t\t\t\t\t<div class=\"dsm-entry-thumbnail\">\n\t\t\t\t\t\t\t\t\t<a href=\"https:\/\/retouch-nexus.eu\/sk\/2024\/02\/23\/malta-makes-waves-highlights-from-the-islands-first-national-water-conference\/\">\n\t\t\t\t\t\t\t\t\t\t<img width=\"980\" height=\"411\" src=\"https:\/\/retouch-nexus.eu\/wp-content\/uploads\/2024\/02\/Malta-national-water-conference.png\" class=\"attachment-1080x675 size-1080x675 wp-post-image\" alt=\"\" decoding=\"async\" loading=\"lazy\" srcset=\"https:\/\/retouch-nexus.eu\/wp-content\/uploads\/2024\/02\/Malta-national-water-conference.png 980w, https:\/\/retouch-nexus.eu\/wp-content\/uploads\/2024\/02\/Malta-national-water-conference-480x201.png 480w\" sizes=\"(min-width: 0px) and (max-width: 480px) 480px, (min-width: 481px) 980px, 100vw\" \/>\t\t\t\t\t\t\t\t\t<\/a>\n\t\t\t\t\t\t\t\t<\/div>\n\t\t\t\t\t\t\t<\/div>\n\t\t\t\t\t\t\n\t\t\t\t\t\t<div class=\"dsm-entry-wrapper\">\n\t\t\t\t\t\t\t\t\t\t\t\t\t\t<header class=\"dsm-entry-header\">\n\t\t\t\t\t\t\t\t\t\t<h2 class=\"dsm-entry-title\">\n\t\t\t\t\t\t\t\t\t\t\t<a href=\"https:\/\/retouch-nexus.eu\/sk\/2024\/02\/23\/malta-makes-waves-highlights-from-the-islands-first-national-water-conference\/\" title=\"RETOUCH Nexus Unveiled at Malta\u2019s First National Water Conference\">\n\t\t\t\t\t\t\t\t\t\t\t\tRETOUCH Nexus Unveiled at Malta\u2019s First National Water Conference\t\t\t\t\t\t\t\t\t\t\t<\/a>\n\t\t\t\t\t\t\t\t\t<\/h2>\n\t\t\t\t\t\t\t\t<\/header>\n\t\t\t\t\t\t\n\t\t\t\t\t\t\t\t\t\t\t\t\t<div class=\"dsm-entry-meta\">\n\t\t\t\t\t\t\t\t\t\t\t\t\t\t\t\t\t\t\t\t\t\t\t\t\t<span class=\"dsm-meta-seperator\">|<\/span>\n\t\t\t\t\t\t\t\t\t<span class=\"dsm-posted-on\"><time datetime=\"feb 23, 2024\">feb 23, 2024<\/time><\/span>\n\t\t\t\t\t\t\t\t\t\t\t\t\t\t\t\t\t\t\t\t\t\t\t<\/div>\n\t\t\t\t\t\t\t\n\t\t\t\t\t\t\t\t\t\t\t\t\t\t<div class=\"dsm-entry-content\">\n\t\t\t\t\t\t\t\t<div class=\"dsm-post-excerpt\">\n\t\t\t\t\t\t\t\t\t<p>&lt;p&gt;Malta hosted its inaugural National Water Conference on Friday, February 16, 2024, marking a significant milestone in the island&#039;s<\/p>\n\t\t\t\t\t\t\t\t<\/div>\n\t\t\t\t\t\t\t<\/div>\n\t\t\t\t\t\t\t\n\t\t\t\t\t\t\t\t\t\t\t\t\t\t\t\t\t<div class=\"dsm-readmore-wrap et_pb_bg_layout_light\">\n\t\t\t\t\t\t\t\t\t\t<a href=\"https:\/\/retouch-nexus.eu\/sk\/2024\/02\/23\/malta-makes-waves-highlights-from-the-islands-first-national-water-conference\/\" class=\"dsm-readmore-btn  et_pb_custom_button_icon\" data-icon=\"5\" target=\"\">Seguir leyendo<\/a>\n\t\t\t\t\t\t\t\t\t<\/div>\n\t\t\t\t\t\t\t\t\n\t\t\t\t\t\t\t\t\t\t\t\t\t<\/div>\n\t\t\t\t\t<\/div>\n\t\t\t\t<\/article>\n\n\t\t\t\t\n\t\t\t\t<article class=\"dsm-blog-carousel-item swiper-slide\">\n\t\t\t\t\t<div class=\"dsm-grid-post-holder-inner\">\n\t\t\t\t\t\t\t\t\t\t\t\t\t<div class=\"dsm-entry-image\">\n\t\t\t\t\t\t\t\t\t\t\t\t\t\t\t\t<div class=\"dsm-entry-thumbnail\">\n\t\t\t\t\t\t\t\t\t<a href=\"https:\/\/retouch-nexus.eu\/sk\/2024\/02\/15\/lets-meet-around-breaksfast-to-discover-the-maltese-case-study\/\">\n\t\t\t\t\t\t\t\t\t\t<img width=\"705\" height=\"470\" src=\"https:\/\/retouch-nexus.eu\/wp-content\/uploads\/2024\/07\/Manuel-presenting-the-RETOUCH-NEXUS-project.png\" class=\"attachment-1080x675 size-1080x675 wp-post-image\" alt=\"\" decoding=\"async\" loading=\"lazy\" srcset=\"https:\/\/retouch-nexus.eu\/wp-content\/uploads\/2024\/07\/Manuel-presenting-the-RETOUCH-NEXUS-project.png 705w, https:\/\/retouch-nexus.eu\/wp-content\/uploads\/2024\/07\/Manuel-presenting-the-RETOUCH-NEXUS-project-480x320.png 480w\" sizes=\"(min-width: 0px) and (max-width: 480px) 480px, (min-width: 481px) 705px, 100vw\" \/>\t\t\t\t\t\t\t\t\t<\/a>\n\t\t\t\t\t\t\t\t<\/div>\n\t\t\t\t\t\t\t<\/div>\n\t\t\t\t\t\t\n\t\t\t\t\t\t<div class=\"dsm-entry-wrapper\">\n\t\t\t\t\t\t\t\t\t\t\t\t\t\t<header class=\"dsm-entry-header\">\n\t\t\t\t\t\t\t\t\t\t<h2 class=\"dsm-entry-title\">\n\t\t\t\t\t\t\t\t\t\t\t<a href=\"https:\/\/retouch-nexus.eu\/sk\/2024\/02\/15\/lets-meet-around-breaksfast-to-discover-the-maltese-case-study\/\" title=\"Let&#8217;s meet around breaksfast to discover the Maltese case study!\">\n\t\t\t\t\t\t\t\t\t\t\t\tLet&#8217;s meet around breaksfast to discover the Maltese case study!\t\t\t\t\t\t\t\t\t\t\t<\/a>\n\t\t\t\t\t\t\t\t\t<\/h2>\n\t\t\t\t\t\t\t\t<\/header>\n\t\t\t\t\t\t\n\t\t\t\t\t\t\t\t\t\t\t\t\t<div class=\"dsm-entry-meta\">\n\t\t\t\t\t\t\t\t\t\t\t\t\t\t\t\t\t\t\t\t\t\t\t\t\t<span class=\"dsm-meta-seperator\">|<\/span>\n\t\t\t\t\t\t\t\t\t<span class=\"dsm-posted-on\"><time datetime=\"feb 15, 2024\">feb 15, 2024<\/time><\/span>\n\t\t\t\t\t\t\t\t\t\t\t\t\t\t\t\t\t\t\t\t\t\t\t<\/div>\n\t\t\t\t\t\t\t\n\t\t\t\t\t\t\t\t\t\t\t\t\t\t<div class=\"dsm-entry-content\">\n\t\t\t\t\t\t\t\t<div class=\"dsm-post-excerpt\">\n\t\t\t\t\t\t\t\t\t<p>&lt;p&gt;The Energy and Water Agency (EWA) recently launched the stakeholder engagement process for the RETOUCH Nexus project with a<\/p>\n\t\t\t\t\t\t\t\t<\/div>\n\t\t\t\t\t\t\t<\/div>\n\t\t\t\t\t\t\t\n\t\t\t\t\t\t\t\t\t\t\t\t\t\t\t\t\t<div class=\"dsm-readmore-wrap et_pb_bg_layout_light\">\n\t\t\t\t\t\t\t\t\t\t<a href=\"https:\/\/retouch-nexus.eu\/sk\/2024\/02\/15\/lets-meet-around-breaksfast-to-discover-the-maltese-case-study\/\" class=\"dsm-readmore-btn  et_pb_custom_button_icon\" data-icon=\"5\" target=\"\">Seguir leyendo<\/a>\n\t\t\t\t\t\t\t\t\t<\/div>\n\t\t\t\t\t\t\t\t\n\t\t\t\t\t\t\t\t\t\t\t\t\t<\/div>\n\t\t\t\t\t<\/div>\n\t\t\t\t<\/article>\n\n\t\t\t\t\n\t\t\t\t<article class=\"dsm-blog-carousel-item swiper-slide\">\n\t\t\t\t\t<div class=\"dsm-grid-post-holder-inner\">\n\t\t\t\t\t\t\t\t\t\t\t\t\t<div class=\"dsm-entry-image\">\n\t\t\t\t\t\t\t\t\t\t\t\t\t\t\t\t<div class=\"dsm-entry-thumbnail\">\n\t\t\t\t\t\t\t\t\t<a href=\"https:\/\/retouch-nexus.eu\/sk\/2024\/01\/29\/2nd-general-assembly-meeting-valencia\/\">\n\t\t\t\t\t\t\t\t\t\t<img width=\"1080\" height=\"675\" src=\"https:\/\/retouch-nexus.eu\/wp-content\/uploads\/2024\/01\/Group-picture_boat-1080x675.jpg\" class=\"attachment-1080x675 size-1080x675 wp-post-image\" alt=\"\" decoding=\"async\" loading=\"lazy\" srcset=\"https:\/\/retouch-nexus.eu\/wp-content\/uploads\/2024\/01\/Group-picture_boat-980x551.jpg 980w, https:\/\/retouch-nexus.eu\/wp-content\/uploads\/2024\/01\/Group-picture_boat-480x270.jpg 480w\" sizes=\"(min-width: 0px) and (max-width: 480px) 480px, (min-width: 481px) and (max-width: 980px) 980px, (min-width: 981px) 1080px, 100vw\" \/>\t\t\t\t\t\t\t\t\t<\/a>\n\t\t\t\t\t\t\t\t<\/div>\n\t\t\t\t\t\t\t<\/div>\n\t\t\t\t\t\t\n\t\t\t\t\t\t<div class=\"dsm-entry-wrapper\">\n\t\t\t\t\t\t\t\t\t\t\t\t\t\t<header class=\"dsm-entry-header\">\n\t\t\t\t\t\t\t\t\t\t<h2 class=\"dsm-entry-title\">\n\t\t\t\t\t\t\t\t\t\t\t<a href=\"https:\/\/retouch-nexus.eu\/sk\/2024\/01\/29\/2nd-general-assembly-meeting-valencia\/\" title=\"2nd General Assembly meeting: time to explore las aguas de Valencia!\">\n\t\t\t\t\t\t\t\t\t\t\t\t2nd General Assembly meeting: time to explore las aguas de Valencia!\t\t\t\t\t\t\t\t\t\t\t<\/a>\n\t\t\t\t\t\t\t\t\t<\/h2>\n\t\t\t\t\t\t\t\t<\/header>\n\t\t\t\t\t\t\n\t\t\t\t\t\t\t\t\t\t\t\t\t<div class=\"dsm-entry-meta\">\n\t\t\t\t\t\t\t\t\t\t\t\t\t\t\t\t\t\t\t\t\t\t\t\t\t<span class=\"dsm-meta-seperator\">|<\/span>\n\t\t\t\t\t\t\t\t\t<span class=\"dsm-posted-on\"><time datetime=\"jan 29, 2024\">jan 29, 2024<\/time><\/span>\n\t\t\t\t\t\t\t\t\t\t\t\t\t\t\t\t\t\t\t\t\t\t\t<\/div>\n\t\t\t\t\t\t\t\n\t\t\t\t\t\t\t\t\t\t\t\t\t\t<div class=\"dsm-entry-content\">\n\t\t\t\t\t\t\t\t<div class=\"dsm-post-excerpt\">\n\t\t\t\t\t\t\t\t\t<p>&lt;p&gt;One year after the launch of the RETOUCH NEXUS project, what a thrill it is to celebrate the start<\/p>\n\t\t\t\t\t\t\t\t<\/div>\n\t\t\t\t\t\t\t<\/div>\n\t\t\t\t\t\t\t\n\t\t\t\t\t\t\t\t\t\t\t\t\t\t\t\t\t<div class=\"dsm-readmore-wrap et_pb_bg_layout_light\">\n\t\t\t\t\t\t\t\t\t\t<a href=\"https:\/\/retouch-nexus.eu\/sk\/2024\/01\/29\/2nd-general-assembly-meeting-valencia\/\" class=\"dsm-readmore-btn  et_pb_custom_button_icon\" data-icon=\"5\" target=\"\">Seguir leyendo<\/a>\n\t\t\t\t\t\t\t\t\t<\/div>\n\t\t\t\t\t\t\t\t\n\t\t\t\t\t\t\t\t\t\t\t\t\t<\/div>\n\t\t\t\t\t<\/div>\n\t\t\t\t<\/article>\n\n\t\t\t\t\n\t\t\t\t\t<\/div>\n\t\t\t\t<\/div>\n\t\t\t\t<div class=\"swiper-button-next swiper-arrow-button dsm-arrow-button-next1\" data-icon=\"5\"><\/div>\n\t\t\t\t<div class=\"swiper-button-prev swiper-arrow-button dsm-arrow-button-prev1\" data-icon=\"4\"><\/div>\n\t\t\t\t<div class=\"swiper-container-horizontal\">\n\t\t\t\t\t<div class=\"swiper-pagination dsm-pagination1\"><\/div>\n\t\t\t\t<\/div>\n\t\t\t<\/div>\n\t\t\t\t<\/div>\n\t\t\t<\/div><div class=\"et_pb_module dsm_blog_carousel dsm_blog_carousel_2\">\n\t\t\t\t\n\t\t\t\t\n\t\t\t\t\n\t\t\t\t\n\t\t\t\t\n\t\t\t\t\n\t\t\t\t<div class=\"et_pb_module_inner\">\n\t\t\t\t\t<div class=\"dsm-blog-carousel\" data-loop='1' data-speed='500' data-columnsdesktop='&#8221;4&#8243;' data-columnsphone='&#8221;4&#8243;' data-columnstablet='&#8221;4&#8243;' data-autoplay='&#8221;off&#8221;' data-autoplayspeed='5000' data-ordernumber='2' data-spacing='30' data-spacingtablet='30' data-spacingphone='30' data-effect='default' data-effect-shadows='off' data-effect-coverflow-rotate='30' data-effect-coverflow-depth='100' data-centered='off' data-multi-row='off' data-row='1' data-pagi-button-style='bullets' data-pause-on-hover='off' data-touch-move='off' data-grab='on'>\n\t\t\t\t<div class=\"swiper-container\" dir=\"ltr\">\n\t\t\t\t\t<div class=\"dsm-blog-carousel-wrapper swiper-wrapper\">\n\t\t\t\t\t\t\n\t\t\t\t<article class=\"dsm-blog-carousel-item swiper-slide\">\n\t\t\t\t\t<div class=\"dsm-grid-post-holder-inner\">\n\t\t\t\t\t\t\t\t\t\t\t\t\t<div class=\"dsm-entry-image\">\n\t\t\t\t\t\t\t\t\t\t\t\t\t\t\t\t<div class=\"dsm-entry-thumbnail\">\n\t\t\t\t\t\t\t\t\t<a href=\"https:\/\/retouch-nexus.eu\/sk\/2026\/04\/28\/check-out-the-6th-retouch-nexus-newsletter\/\">\n\t\t\t\t\t\t\t\t\t\t<img width=\"1000\" height=\"500\" src=\"https:\/\/retouch-nexus.eu\/wp-content\/uploads\/2023\/10\/RETOUCH-NEXUS-Newsletter1.png\" class=\"attachment-1080x675 size-1080x675 wp-post-image\" alt=\"\" decoding=\"async\" loading=\"lazy\" srcset=\"https:\/\/retouch-nexus.eu\/wp-content\/uploads\/2023\/10\/RETOUCH-NEXUS-Newsletter1.png 1000w, https:\/\/retouch-nexus.eu\/wp-content\/uploads\/2023\/10\/RETOUCH-NEXUS-Newsletter1-980x490.png 980w, https:\/\/retouch-nexus.eu\/wp-content\/uploads\/2023\/10\/RETOUCH-NEXUS-Newsletter1-480x240.png 480w\" sizes=\"(min-width: 0px) and (max-width: 480px) 480px, (min-width: 481px) and (max-width: 980px) 980px, (min-width: 981px) 1000px, 100vw\" \/>\t\t\t\t\t\t\t\t\t<\/a>\n\t\t\t\t\t\t\t\t<\/div>\n\t\t\t\t\t\t\t<\/div>\n\t\t\t\t\t\t\n\t\t\t\t\t\t<div class=\"dsm-entry-wrapper\">\n\t\t\t\t\t\t\t\t\t\t\t\t\t\t<header class=\"dsm-entry-header\">\n\t\t\t\t\t\t\t\t\t\t<h2 class=\"dsm-entry-title\">\n\t\t\t\t\t\t\t\t\t\t\t<a href=\"https:\/\/retouch-nexus.eu\/sk\/2026\/04\/28\/check-out-the-6th-retouch-nexus-newsletter\/\" title=\"Check out the 6th RETOUCH NEXUS newsletter!\">\n\t\t\t\t\t\t\t\t\t\t\t\tCheck out the 6th RETOUCH NEXUS newsletter!\t\t\t\t\t\t\t\t\t\t\t<\/a>\n\t\t\t\t\t\t\t\t\t<\/h2>\n\t\t\t\t\t\t\t\t<\/header>\n\t\t\t\t\t\t\n\t\t\t\t\t\t\t\t\t\t\t\t\t<div class=\"dsm-entry-meta\">\n\t\t\t\t\t\t\t\t\t\t\t\t\t\t\t\t\t\t\t\t\t\t\t\t\t<span class=\"dsm-meta-seperator\">|<\/span>\n\t\t\t\t\t\t\t\t\t<span class=\"dsm-posted-on\"><time datetime=\"apr 28, 2026\">apr 28, 2026<\/time><\/span>\n\t\t\t\t\t\t\t\t\t\t\t\t\t\t\t\t\t\t\t\t\t\t\t<\/div>\n\t\t\t\t\t\t\t\n\t\t\t\t\t\t\t\t\t\t\t\t\t\t<div class=\"dsm-entry-content\">\n\t\t\t\t\t\t\t\t<div class=\"dsm-post-excerpt\">\n\t\t\t\t\t\t\t\t\t<p><\/p>\n\t\t\t\t\t\t\t\t<\/div>\n\t\t\t\t\t\t\t<\/div>\n\t\t\t\t\t\t\t\n\t\t\t\t\t\t\t\t\n\t\t\t\t\t\t\t\t\t\t\t\t\t<\/div>\n\t\t\t\t\t<\/div>\n\t\t\t\t<\/article>\n\n\t\t\t\t\n\t\t\t\t<article class=\"dsm-blog-carousel-item swiper-slide\">\n\t\t\t\t\t<div class=\"dsm-grid-post-holder-inner\">\n\t\t\t\t\t\t\t\t\t\t\t\t\t<div class=\"dsm-entry-image\">\n\t\t\t\t\t\t\t\t\t\t\t\t\t\t\t\t<div class=\"dsm-entry-thumbnail\">\n\t\t\t\t\t\t\t\t\t<a href=\"https:\/\/retouch-nexus.eu\/sk\/2026\/03\/17\/pricing-water-to-protect-nature-our-partner-safa-baccour-presents-at-the-international-conference-on-climate-impacts-in-a-changing-world-2026\/\">\n\t\t\t\t\t\t\t\t\t\t<img width=\"1000\" height=\"500\" src=\"https:\/\/retouch-nexus.eu\/wp-content\/uploads\/2026\/03\/CLIMES-2026.png\" class=\"attachment-1080x675 size-1080x675 wp-post-image\" alt=\"\" decoding=\"async\" loading=\"lazy\" srcset=\"https:\/\/retouch-nexus.eu\/wp-content\/uploads\/2026\/03\/CLIMES-2026.png 1000w, https:\/\/retouch-nexus.eu\/wp-content\/uploads\/2026\/03\/CLIMES-2026-980x490.png 980w, https:\/\/retouch-nexus.eu\/wp-content\/uploads\/2026\/03\/CLIMES-2026-480x240.png 480w\" sizes=\"(min-width: 0px) and (max-width: 480px) 480px, (min-width: 481px) and (max-width: 980px) 980px, (min-width: 981px) 1000px, 100vw\" \/>\t\t\t\t\t\t\t\t\t<\/a>\n\t\t\t\t\t\t\t\t<\/div>\n\t\t\t\t\t\t\t<\/div>\n\t\t\t\t\t\t\n\t\t\t\t\t\t<div class=\"dsm-entry-wrapper\">\n\t\t\t\t\t\t\t\t\t\t\t\t\t\t<header class=\"dsm-entry-header\">\n\t\t\t\t\t\t\t\t\t\t<h2 class=\"dsm-entry-title\">\n\t\t\t\t\t\t\t\t\t\t\t<a href=\"https:\/\/retouch-nexus.eu\/sk\/2026\/03\/17\/pricing-water-to-protect-nature-our-partner-safa-baccour-presents-at-the-international-conference-on-climate-impacts-in-a-changing-world-2026\/\" title=\"Pricing Water to Protect Nature: Our Partner Safa Baccour Presents at the International Conference on Climate Impacts in a Changing World 2026\">\n\t\t\t\t\t\t\t\t\t\t\t\tPricing Water to Protect Nature: Our Partner Safa Baccour Presents at the International Conference on Climate Impacts in a Changing World 2026\t\t\t\t\t\t\t\t\t\t\t<\/a>\n\t\t\t\t\t\t\t\t\t<\/h2>\n\t\t\t\t\t\t\t\t<\/header>\n\t\t\t\t\t\t\n\t\t\t\t\t\t\t\t\t\t\t\t\t<div class=\"dsm-entry-meta\">\n\t\t\t\t\t\t\t\t\t\t\t\t\t\t\t\t\t\t\t\t\t\t\t\t\t<span class=\"dsm-meta-seperator\">|<\/span>\n\t\t\t\t\t\t\t\t\t<span class=\"dsm-posted-on\"><time datetime=\"mar 17, 2026\">mar 17, 2026<\/time><\/span>\n\t\t\t\t\t\t\t\t\t\t\t\t\t\t\t\t\t\t\t\t\t\t\t<\/div>\n\t\t\t\t\t\t\t\n\t\t\t\t\t\t\t\t\t\t\t\t\t\t<div class=\"dsm-entry-content\">\n\t\t\t\t\t\t\t\t<div class=\"dsm-post-excerpt\">\n\t\t\t\t\t\t\t\t\t<p><\/p>\n\t\t\t\t\t\t\t\t<\/div>\n\t\t\t\t\t\t\t<\/div>\n\t\t\t\t\t\t\t\n\t\t\t\t\t\t\t\t\n\t\t\t\t\t\t\t\t\t\t\t\t\t<\/div>\n\t\t\t\t\t<\/div>\n\t\t\t\t<\/article>\n\n\t\t\t\t\n\t\t\t\t<article class=\"dsm-blog-carousel-item swiper-slide\">\n\t\t\t\t\t<div class=\"dsm-grid-post-holder-inner\">\n\t\t\t\t\t\t\t\t\t\t\t\t\t<div class=\"dsm-entry-image\">\n\t\t\t\t\t\t\t\t\t\t\t\t\t\t\t\t<div class=\"dsm-entry-thumbnail\">\n\t\t\t\t\t\t\t\t\t<a href=\"https:\/\/retouch-nexus.eu\/sk\/2026\/02\/18\/new-policy-brief-leveraging-economics-for-water-resilience\/\">\n\t\t\t\t\t\t\t\t\t\t<img width=\"1000\" height=\"500\" src=\"https:\/\/retouch-nexus.eu\/wp-content\/uploads\/2026\/02\/Policy-Brief-WG2027-2026.png\" class=\"attachment-1080x675 size-1080x675 wp-post-image\" alt=\"\" decoding=\"async\" loading=\"lazy\" srcset=\"https:\/\/retouch-nexus.eu\/wp-content\/uploads\/2026\/02\/Policy-Brief-WG2027-2026.png 1000w, https:\/\/retouch-nexus.eu\/wp-content\/uploads\/2026\/02\/Policy-Brief-WG2027-2026-980x490.png 980w, https:\/\/retouch-nexus.eu\/wp-content\/uploads\/2026\/02\/Policy-Brief-WG2027-2026-480x240.png 480w\" sizes=\"(min-width: 0px) and (max-width: 480px) 480px, (min-width: 481px) and (max-width: 980px) 980px, (min-width: 981px) 1000px, 100vw\" \/>\t\t\t\t\t\t\t\t\t<\/a>\n\t\t\t\t\t\t\t\t<\/div>\n\t\t\t\t\t\t\t<\/div>\n\t\t\t\t\t\t\n\t\t\t\t\t\t<div class=\"dsm-entry-wrapper\">\n\t\t\t\t\t\t\t\t\t\t\t\t\t\t<header class=\"dsm-entry-header\">\n\t\t\t\t\t\t\t\t\t\t<h2 class=\"dsm-entry-title\">\n\t\t\t\t\t\t\t\t\t\t\t<a href=\"https:\/\/retouch-nexus.eu\/sk\/2026\/02\/18\/new-policy-brief-leveraging-economics-for-water-resilience\/\" title=\"New Policy Brief: Leveraging Economics for Water Resilience\">\n\t\t\t\t\t\t\t\t\t\t\t\tNew Policy Brief: Leveraging Economics for Water Resilience\t\t\t\t\t\t\t\t\t\t\t<\/a>\n\t\t\t\t\t\t\t\t\t<\/h2>\n\t\t\t\t\t\t\t\t<\/header>\n\t\t\t\t\t\t\n\t\t\t\t\t\t\t\t\t\t\t\t\t<div class=\"dsm-entry-meta\">\n\t\t\t\t\t\t\t\t\t\t\t\t\t\t\t\t\t\t\t\t\t\t\t\t\t<span class=\"dsm-meta-seperator\">|<\/span>\n\t\t\t\t\t\t\t\t\t<span class=\"dsm-posted-on\"><time datetime=\"feb 18, 2026\">feb 18, 2026<\/time><\/span>\n\t\t\t\t\t\t\t\t\t\t\t\t\t\t\t\t\t\t\t\t\t\t\t<\/div>\n\t\t\t\t\t\t\t\n\t\t\t\t\t\t\t\t\t\t\t\t\t\t<div class=\"dsm-entry-content\">\n\t\t\t\t\t\t\t\t<div class=\"dsm-post-excerpt\">\n\t\t\t\t\t\t\t\t\t<p><\/p>\n\t\t\t\t\t\t\t\t<\/div>\n\t\t\t\t\t\t\t<\/div>\n\t\t\t\t\t\t\t\n\t\t\t\t\t\t\t\t\n\t\t\t\t\t\t\t\t\t\t\t\t\t<\/div>\n\t\t\t\t\t<\/div>\n\t\t\t\t<\/article>\n\n\t\t\t\t\n\t\t\t\t<article class=\"dsm-blog-carousel-item swiper-slide\">\n\t\t\t\t\t<div class=\"dsm-grid-post-holder-inner\">\n\t\t\t\t\t\t\t\t\t\t\t\t\t<div class=\"dsm-entry-image\">\n\t\t\t\t\t\t\t\t\t\t\t\t\t\t\t\t<div class=\"dsm-entry-thumbnail\">\n\t\t\t\t\t\t\t\t\t<a href=\"https:\/\/retouch-nexus.eu\/sk\/2026\/02\/18\/experts-convene-to-shape-slovakias-agricultural-future-workshop-on-new-eu-cap-2028-2034\/\">\n\t\t\t\t\t\t\t\t\t\t<img width=\"1000\" height=\"500\" src=\"https:\/\/retouch-nexus.eu\/wp-content\/uploads\/2026\/02\/Workshop-Slovakia-02.2026.png\" class=\"attachment-1080x675 size-1080x675 wp-post-image\" alt=\"\" decoding=\"async\" loading=\"lazy\" srcset=\"https:\/\/retouch-nexus.eu\/wp-content\/uploads\/2026\/02\/Workshop-Slovakia-02.2026.png 1000w, https:\/\/retouch-nexus.eu\/wp-content\/uploads\/2026\/02\/Workshop-Slovakia-02.2026-980x490.png 980w, https:\/\/retouch-nexus.eu\/wp-content\/uploads\/2026\/02\/Workshop-Slovakia-02.2026-480x240.png 480w\" sizes=\"(min-width: 0px) and (max-width: 480px) 480px, (min-width: 481px) and (max-width: 980px) 980px, (min-width: 981px) 1000px, 100vw\" \/>\t\t\t\t\t\t\t\t\t<\/a>\n\t\t\t\t\t\t\t\t<\/div>\n\t\t\t\t\t\t\t<\/div>\n\t\t\t\t\t\t\n\t\t\t\t\t\t<div class=\"dsm-entry-wrapper\">\n\t\t\t\t\t\t\t\t\t\t\t\t\t\t<header class=\"dsm-entry-header\">\n\t\t\t\t\t\t\t\t\t\t<h2 class=\"dsm-entry-title\">\n\t\t\t\t\t\t\t\t\t\t\t<a href=\"https:\/\/retouch-nexus.eu\/sk\/2026\/02\/18\/experts-convene-to-shape-slovakias-agricultural-future-workshop-on-new-eu-cap-2028-2034\/\" title=\"Experts Convene to Shape Slovakia&#8217;s Agricultural Future: Workshop on New EU CAP 2028\u20132034\">\n\t\t\t\t\t\t\t\t\t\t\t\tExperts Convene to Shape Slovakia&#8217;s Agricultural Future: Workshop on New EU CAP 2028\u20132034\t\t\t\t\t\t\t\t\t\t\t<\/a>\n\t\t\t\t\t\t\t\t\t<\/h2>\n\t\t\t\t\t\t\t\t<\/header>\n\t\t\t\t\t\t\n\t\t\t\t\t\t\t\t\t\t\t\t\t<div class=\"dsm-entry-meta\">\n\t\t\t\t\t\t\t\t\t\t\t\t\t\t\t\t\t\t\t\t\t\t\t\t\t<span class=\"dsm-meta-seperator\">|<\/span>\n\t\t\t\t\t\t\t\t\t<span class=\"dsm-posted-on\"><time datetime=\"feb 18, 2026\">feb 18, 2026<\/time><\/span>\n\t\t\t\t\t\t\t\t\t\t\t\t\t\t\t\t\t\t\t\t\t\t\t<\/div>\n\t\t\t\t\t\t\t\n\t\t\t\t\t\t\t\t\t\t\t\t\t\t<div class=\"dsm-entry-content\">\n\t\t\t\t\t\t\t\t<div class=\"dsm-post-excerpt\">\n\t\t\t\t\t\t\t\t\t<p><\/p>\n\t\t\t\t\t\t\t\t<\/div>\n\t\t\t\t\t\t\t<\/div>\n\t\t\t\t\t\t\t\n\t\t\t\t\t\t\t\t\n\t\t\t\t\t\t\t\t\t\t\t\t\t<\/div>\n\t\t\t\t\t<\/div>\n\t\t\t\t<\/article>\n\n\t\t\t\t\n\t\t\t\t<article class=\"dsm-blog-carousel-item swiper-slide\">\n\t\t\t\t\t<div class=\"dsm-grid-post-holder-inner\">\n\t\t\t\t\t\t\t\t\t\t\t\t\t<div class=\"dsm-entry-image\">\n\t\t\t\t\t\t\t\t\t\t\t\t\t\t\t\t<div class=\"dsm-entry-thumbnail\">\n\t\t\t\t\t\t\t\t\t<a href=\"https:\/\/retouch-nexus.eu\/sk\/2026\/02\/17\/new-policy-brief-what-nexus-towards-resource-nexus-standardization\/\">\n\t\t\t\t\t\t\t\t\t\t<img width=\"1000\" height=\"500\" src=\"https:\/\/retouch-nexus.eu\/wp-content\/uploads\/2026\/02\/Policy-Brief-PRIMA-x-UN-University.png\" class=\"attachment-1080x675 size-1080x675 wp-post-image\" alt=\"\" decoding=\"async\" loading=\"lazy\" srcset=\"https:\/\/retouch-nexus.eu\/wp-content\/uploads\/2026\/02\/Policy-Brief-PRIMA-x-UN-University.png 1000w, https:\/\/retouch-nexus.eu\/wp-content\/uploads\/2026\/02\/Policy-Brief-PRIMA-x-UN-University-980x490.png 980w, https:\/\/retouch-nexus.eu\/wp-content\/uploads\/2026\/02\/Policy-Brief-PRIMA-x-UN-University-480x240.png 480w\" sizes=\"(min-width: 0px) and (max-width: 480px) 480px, (min-width: 481px) and (max-width: 980px) 980px, (min-width: 981px) 1000px, 100vw\" \/>\t\t\t\t\t\t\t\t\t<\/a>\n\t\t\t\t\t\t\t\t<\/div>\n\t\t\t\t\t\t\t<\/div>\n\t\t\t\t\t\t\n\t\t\t\t\t\t<div class=\"dsm-entry-wrapper\">\n\t\t\t\t\t\t\t\t\t\t\t\t\t\t<header class=\"dsm-entry-header\">\n\t\t\t\t\t\t\t\t\t\t<h2 class=\"dsm-entry-title\">\n\t\t\t\t\t\t\t\t\t\t\t<a href=\"https:\/\/retouch-nexus.eu\/sk\/2026\/02\/17\/new-policy-brief-what-nexus-towards-resource-nexus-standardization\/\" title=\"New Policy Brief: What &#8220;Nexus&#8221;? Towards Resource Nexus Standardization\">\n\t\t\t\t\t\t\t\t\t\t\t\tNew Policy Brief: What &#8220;Nexus&#8221;? Towards Resource Nexus Standardization\t\t\t\t\t\t\t\t\t\t\t<\/a>\n\t\t\t\t\t\t\t\t\t<\/h2>\n\t\t\t\t\t\t\t\t<\/header>\n\t\t\t\t\t\t\n\t\t\t\t\t\t\t\t\t\t\t\t\t<div class=\"dsm-entry-meta\">\n\t\t\t\t\t\t\t\t\t\t\t\t\t\t\t\t\t\t\t\t\t\t\t\t\t<span class=\"dsm-meta-seperator\">|<\/span>\n\t\t\t\t\t\t\t\t\t<span class=\"dsm-posted-on\"><time datetime=\"feb 17, 2026\">feb 17, 2026<\/time><\/span>\n\t\t\t\t\t\t\t\t\t\t\t\t\t\t\t\t\t\t\t\t\t\t\t<\/div>\n\t\t\t\t\t\t\t\n\t\t\t\t\t\t\t\t\t\t\t\t\t\t<div class=\"dsm-entry-content\">\n\t\t\t\t\t\t\t\t<div class=\"dsm-post-excerpt\">\n\t\t\t\t\t\t\t\t\t<p><\/p>\n\t\t\t\t\t\t\t\t<\/div>\n\t\t\t\t\t\t\t<\/div>\n\t\t\t\t\t\t\t\n\t\t\t\t\t\t\t\t\n\t\t\t\t\t\t\t\t\t\t\t\t\t<\/div>\n\t\t\t\t\t<\/div>\n\t\t\t\t<\/article>\n\n\t\t\t\t\n\t\t\t\t<article class=\"dsm-blog-carousel-item swiper-slide\">\n\t\t\t\t\t<div class=\"dsm-grid-post-holder-inner\">\n\t\t\t\t\t\t\t\t\t\t\t\t\t<div class=\"dsm-entry-image\">\n\t\t\t\t\t\t\t\t\t\t\t\t\t\t\t\t<div class=\"dsm-entry-thumbnail\">\n\t\t\t\t\t\t\t\t\t<a href=\"https:\/\/retouch-nexus.eu\/sk\/2026\/02\/10\/building-resilience-economic-instruments-for-sustainable-river-basin-management\/\">\n\t\t\t\t\t\t\t\t\t\t<img width=\"640\" height=\"200\" src=\"https:\/\/retouch-nexus.eu\/wp-content\/uploads\/2026\/02\/Webinar-Economic-instruments-for-resilient-River-Basin-management-26-Feb-2026-Recibidos_full.png\" class=\"attachment-1080x675 size-1080x675 wp-post-image\" alt=\"\" decoding=\"async\" loading=\"lazy\" srcset=\"https:\/\/retouch-nexus.eu\/wp-content\/uploads\/2026\/02\/Webinar-Economic-instruments-for-resilient-River-Basin-management-26-Feb-2026-Recibidos_full.png 640w, https:\/\/retouch-nexus.eu\/wp-content\/uploads\/2026\/02\/Webinar-Economic-instruments-for-resilient-River-Basin-management-26-Feb-2026-Recibidos_full-480x150.png 480w\" sizes=\"(min-width: 0px) and (max-width: 480px) 480px, (min-width: 481px) 640px, 100vw\" \/>\t\t\t\t\t\t\t\t\t<\/a>\n\t\t\t\t\t\t\t\t<\/div>\n\t\t\t\t\t\t\t<\/div>\n\t\t\t\t\t\t\n\t\t\t\t\t\t<div class=\"dsm-entry-wrapper\">\n\t\t\t\t\t\t\t\t\t\t\t\t\t\t<header class=\"dsm-entry-header\">\n\t\t\t\t\t\t\t\t\t\t<h2 class=\"dsm-entry-title\">\n\t\t\t\t\t\t\t\t\t\t\t<a href=\"https:\/\/retouch-nexus.eu\/sk\/2026\/02\/10\/building-resilience-economic-instruments-for-sustainable-river-basin-management\/\" title=\"Building Resilience: Economic Instruments for Sustainable River Basin Management\">\n\t\t\t\t\t\t\t\t\t\t\t\tBuilding Resilience: Economic Instruments for Sustainable River Basin Management\t\t\t\t\t\t\t\t\t\t\t<\/a>\n\t\t\t\t\t\t\t\t\t<\/h2>\n\t\t\t\t\t\t\t\t<\/header>\n\t\t\t\t\t\t\n\t\t\t\t\t\t\t\t\t\t\t\t\t<div class=\"dsm-entry-meta\">\n\t\t\t\t\t\t\t\t\t\t\t\t\t\t\t\t\t\t\t\t\t\t\t\t\t<span class=\"dsm-meta-seperator\">|<\/span>\n\t\t\t\t\t\t\t\t\t<span class=\"dsm-posted-on\"><time datetime=\"feb 10, 2026\">feb 10, 2026<\/time><\/span>\n\t\t\t\t\t\t\t\t\t\t\t\t\t\t\t\t\t\t\t\t\t\t\t<\/div>\n\t\t\t\t\t\t\t\n\t\t\t\t\t\t\t\t\t\t\t\t\t\t<div class=\"dsm-entry-content\">\n\t\t\t\t\t\t\t\t<div class=\"dsm-post-excerpt\">\n\t\t\t\t\t\t\t\t\t<p><\/p>\n\t\t\t\t\t\t\t\t<\/div>\n\t\t\t\t\t\t\t<\/div>\n\t\t\t\t\t\t\t\n\t\t\t\t\t\t\t\t\n\t\t\t\t\t\t\t\t\t\t\t\t\t<\/div>\n\t\t\t\t\t<\/div>\n\t\t\t\t<\/article>\n\n\t\t\t\t\n\t\t\t\t<article class=\"dsm-blog-carousel-item swiper-slide\">\n\t\t\t\t\t<div class=\"dsm-grid-post-holder-inner\">\n\t\t\t\t\t\t\t\t\t\t\t\t\t<div class=\"dsm-entry-image\">\n\t\t\t\t\t\t\t\t\t\t\t\t\t\t\t\t<div class=\"dsm-entry-thumbnail\">\n\t\t\t\t\t\t\t\t\t<a href=\"https:\/\/retouch-nexus.eu\/sk\/2026\/01\/28\/retouch-nexus-presented-at-the-international-workshop-weare-eaarn-ficotur-in-cordoba\/\">\n\t\t\t\t\t\t\t\t\t\t<img width=\"1000\" height=\"500\" src=\"https:\/\/retouch-nexus.eu\/wp-content\/uploads\/2026\/01\/Workshop-WEARE-EAARN-FICOTUR.png\" class=\"attachment-1080x675 size-1080x675 wp-post-image\" alt=\"\" decoding=\"async\" loading=\"lazy\" srcset=\"https:\/\/retouch-nexus.eu\/wp-content\/uploads\/2026\/01\/Workshop-WEARE-EAARN-FICOTUR.png 1000w, https:\/\/retouch-nexus.eu\/wp-content\/uploads\/2026\/01\/Workshop-WEARE-EAARN-FICOTUR-980x490.png 980w, https:\/\/retouch-nexus.eu\/wp-content\/uploads\/2026\/01\/Workshop-WEARE-EAARN-FICOTUR-480x240.png 480w\" sizes=\"(min-width: 0px) and (max-width: 480px) 480px, (min-width: 481px) and (max-width: 980px) 980px, (min-width: 981px) 1000px, 100vw\" \/>\t\t\t\t\t\t\t\t\t<\/a>\n\t\t\t\t\t\t\t\t<\/div>\n\t\t\t\t\t\t\t<\/div>\n\t\t\t\t\t\t\n\t\t\t\t\t\t<div class=\"dsm-entry-wrapper\">\n\t\t\t\t\t\t\t\t\t\t\t\t\t\t<header class=\"dsm-entry-header\">\n\t\t\t\t\t\t\t\t\t\t<h2 class=\"dsm-entry-title\">\n\t\t\t\t\t\t\t\t\t\t\t<a href=\"https:\/\/retouch-nexus.eu\/sk\/2026\/01\/28\/retouch-nexus-presented-at-the-international-workshop-weare-eaarn-ficotur-in-cordoba\/\" title=\"RETOUCH NEXUS Presented at the International Workshop WEARE-EAARN-FICOTUR in C\u00f3rdoba\">\n\t\t\t\t\t\t\t\t\t\t\t\tRETOUCH NEXUS Presented at the International Workshop WEARE-EAARN-FICOTUR in C\u00f3rdoba\t\t\t\t\t\t\t\t\t\t\t<\/a>\n\t\t\t\t\t\t\t\t\t<\/h2>\n\t\t\t\t\t\t\t\t<\/header>\n\t\t\t\t\t\t\n\t\t\t\t\t\t\t\t\t\t\t\t\t<div class=\"dsm-entry-meta\">\n\t\t\t\t\t\t\t\t\t\t\t\t\t\t\t\t\t\t\t\t\t\t\t\t\t<span class=\"dsm-meta-seperator\">|<\/span>\n\t\t\t\t\t\t\t\t\t<span class=\"dsm-posted-on\"><time datetime=\"jan 28, 2026\">jan 28, 2026<\/time><\/span>\n\t\t\t\t\t\t\t\t\t\t\t\t\t\t\t\t\t\t\t\t\t\t\t<\/div>\n\t\t\t\t\t\t\t\n\t\t\t\t\t\t\t\t\t\t\t\t\t\t<div class=\"dsm-entry-content\">\n\t\t\t\t\t\t\t\t<div class=\"dsm-post-excerpt\">\n\t\t\t\t\t\t\t\t\t<p><\/p>\n\t\t\t\t\t\t\t\t<\/div>\n\t\t\t\t\t\t\t<\/div>\n\t\t\t\t\t\t\t\n\t\t\t\t\t\t\t\t\n\t\t\t\t\t\t\t\t\t\t\t\t\t<\/div>\n\t\t\t\t\t<\/div>\n\t\t\t\t<\/article>\n\n\t\t\t\t\n\t\t\t\t<article class=\"dsm-blog-carousel-item swiper-slide\">\n\t\t\t\t\t<div class=\"dsm-grid-post-holder-inner\">\n\t\t\t\t\t\t\t\t\t\t\t\t\t<div class=\"dsm-entry-image\">\n\t\t\t\t\t\t\t\t\t\t\t\t\t\t\t\t<div class=\"dsm-entry-thumbnail\">\n\t\t\t\t\t\t\t\t\t<a href=\"https:\/\/retouch-nexus.eu\/sk\/2026\/01\/23\/new-policy-brief-pathways-towards-improved-integrated-water-governance-in-malta\/\">\n\t\t\t\t\t\t\t\t\t\t<img width=\"1000\" height=\"500\" src=\"https:\/\/retouch-nexus.eu\/wp-content\/uploads\/2026\/01\/Belgian-PB.png\" class=\"attachment-1080x675 size-1080x675 wp-post-image\" alt=\"\" decoding=\"async\" loading=\"lazy\" srcset=\"https:\/\/retouch-nexus.eu\/wp-content\/uploads\/2026\/01\/Belgian-PB.png 1000w, https:\/\/retouch-nexus.eu\/wp-content\/uploads\/2026\/01\/Belgian-PB-980x490.png 980w, https:\/\/retouch-nexus.eu\/wp-content\/uploads\/2026\/01\/Belgian-PB-480x240.png 480w\" sizes=\"(min-width: 0px) and (max-width: 480px) 480px, (min-width: 481px) and (max-width: 980px) 980px, (min-width: 981px) 1000px, 100vw\" \/>\t\t\t\t\t\t\t\t\t<\/a>\n\t\t\t\t\t\t\t\t<\/div>\n\t\t\t\t\t\t\t<\/div>\n\t\t\t\t\t\t\n\t\t\t\t\t\t<div class=\"dsm-entry-wrapper\">\n\t\t\t\t\t\t\t\t\t\t\t\t\t\t<header class=\"dsm-entry-header\">\n\t\t\t\t\t\t\t\t\t\t<h2 class=\"dsm-entry-title\">\n\t\t\t\t\t\t\t\t\t\t\t<a href=\"https:\/\/retouch-nexus.eu\/sk\/2026\/01\/23\/new-policy-brief-pathways-towards-improved-integrated-water-governance-in-malta\/\" title=\"New Policy Brief: Pathways Towards Improved Integrated Water Governance in Malta\">\n\t\t\t\t\t\t\t\t\t\t\t\tNew Policy Brief: Pathways Towards Improved Integrated Water Governance in Malta\t\t\t\t\t\t\t\t\t\t\t<\/a>\n\t\t\t\t\t\t\t\t\t<\/h2>\n\t\t\t\t\t\t\t\t<\/header>\n\t\t\t\t\t\t\n\t\t\t\t\t\t\t\t\t\t\t\t\t<div class=\"dsm-entry-meta\">\n\t\t\t\t\t\t\t\t\t\t\t\t\t\t\t\t\t\t\t\t\t\t\t\t\t<span class=\"dsm-meta-seperator\">|<\/span>\n\t\t\t\t\t\t\t\t\t<span class=\"dsm-posted-on\"><time datetime=\"jan 23, 2026\">jan 23, 2026<\/time><\/span>\n\t\t\t\t\t\t\t\t\t\t\t\t\t\t\t\t\t\t\t\t\t\t\t<\/div>\n\t\t\t\t\t\t\t\n\t\t\t\t\t\t\t\t\t\t\t\t\t\t<div class=\"dsm-entry-content\">\n\t\t\t\t\t\t\t\t<div class=\"dsm-post-excerpt\">\n\t\t\t\t\t\t\t\t\t<p><\/p>\n\t\t\t\t\t\t\t\t<\/div>\n\t\t\t\t\t\t\t<\/div>\n\t\t\t\t\t\t\t\n\t\t\t\t\t\t\t\t\n\t\t\t\t\t\t\t\t\t\t\t\t\t<\/div>\n\t\t\t\t\t<\/div>\n\t\t\t\t<\/article>\n\n\t\t\t\t\n\t\t\t\t<article class=\"dsm-blog-carousel-item swiper-slide\">\n\t\t\t\t\t<div class=\"dsm-grid-post-holder-inner\">\n\t\t\t\t\t\t\t\t\t\t\t\t\t<div class=\"dsm-entry-image\">\n\t\t\t\t\t\t\t\t\t\t\t\t\t\t\t\t<div class=\"dsm-entry-thumbnail\">\n\t\t\t\t\t\t\t\t\t<a href=\"https:\/\/retouch-nexus.eu\/sk\/2026\/01\/23\/new-policy-brief-integrated-water-governance-flanders-blue-deal-into-action\/\">\n\t\t\t\t\t\t\t\t\t\t<img width=\"1000\" height=\"500\" src=\"https:\/\/retouch-nexus.eu\/wp-content\/uploads\/2026\/01\/Belgian-PB-1.png\" class=\"attachment-1080x675 size-1080x675 wp-post-image\" alt=\"\" decoding=\"async\" loading=\"lazy\" srcset=\"https:\/\/retouch-nexus.eu\/wp-content\/uploads\/2026\/01\/Belgian-PB-1.png 1000w, https:\/\/retouch-nexus.eu\/wp-content\/uploads\/2026\/01\/Belgian-PB-1-980x490.png 980w, https:\/\/retouch-nexus.eu\/wp-content\/uploads\/2026\/01\/Belgian-PB-1-480x240.png 480w\" sizes=\"(min-width: 0px) and (max-width: 480px) 480px, (min-width: 481px) and (max-width: 980px) 980px, (min-width: 981px) 1000px, 100vw\" \/>\t\t\t\t\t\t\t\t\t<\/a>\n\t\t\t\t\t\t\t\t<\/div>\n\t\t\t\t\t\t\t<\/div>\n\t\t\t\t\t\t\n\t\t\t\t\t\t<div class=\"dsm-entry-wrapper\">\n\t\t\t\t\t\t\t\t\t\t\t\t\t\t<header class=\"dsm-entry-header\">\n\t\t\t\t\t\t\t\t\t\t<h2 class=\"dsm-entry-title\">\n\t\t\t\t\t\t\t\t\t\t\t<a href=\"https:\/\/retouch-nexus.eu\/sk\/2026\/01\/23\/new-policy-brief-integrated-water-governance-flanders-blue-deal-into-action\/\" title=\"New Policy Brief: Integrated Water Governance &#8211; Flanders&#8217; Blue Deal into Action\">\n\t\t\t\t\t\t\t\t\t\t\t\tNov\u00fd politick\u00fd dokument: Integrovan\u00e9 riadenie vodn\u00fdch zdrojov \u2013 Flandersk\u00e1 modr\u00e1 dohoda v praxi\t\t\t\t\t\t\t\t\t\t\t<\/a>\n\t\t\t\t\t\t\t\t\t<\/h2>\n\t\t\t\t\t\t\t\t<\/header>\n\t\t\t\t\t\t\n\t\t\t\t\t\t\t\t\t\t\t\t\t<div class=\"dsm-entry-meta\">\n\t\t\t\t\t\t\t\t\t\t\t\t\t\t\t\t\t\t\t\t\t\t\t\t\t<span class=\"dsm-meta-seperator\">|<\/span>\n\t\t\t\t\t\t\t\t\t<span class=\"dsm-posted-on\"><time datetime=\"jan 23, 2026\">jan 23, 2026<\/time><\/span>\n\t\t\t\t\t\t\t\t\t\t\t\t\t\t\t\t\t\t\t\t\t\t\t<\/div>\n\t\t\t\t\t\t\t\n\t\t\t\t\t\t\t\t\t\t\t\t\t\t<div class=\"dsm-entry-content\">\n\t\t\t\t\t\t\t\t<div class=\"dsm-post-excerpt\">\n\t\t\t\t\t\t\t\t\t<p><\/p>\n\t\t\t\t\t\t\t\t<\/div>\n\t\t\t\t\t\t\t<\/div>\n\t\t\t\t\t\t\t\n\t\t\t\t\t\t\t\t\n\t\t\t\t\t\t\t\t\t\t\t\t\t<\/div>\n\t\t\t\t\t<\/div>\n\t\t\t\t<\/article>\n\n\t\t\t\t\n\t\t\t\t<article class=\"dsm-blog-carousel-item swiper-slide\">\n\t\t\t\t\t<div class=\"dsm-grid-post-holder-inner\">\n\t\t\t\t\t\t\t\t\t\t\t\t\t<div class=\"dsm-entry-image\">\n\t\t\t\t\t\t\t\t\t\t\t\t\t\t\t\t<div class=\"dsm-entry-thumbnail\">\n\t\t\t\t\t\t\t\t\t<a href=\"https:\/\/retouch-nexus.eu\/sk\/2026\/01\/23\/new-policy-brief-pathways-towards-improved-integrated-water-governance-in-slovakia\/\">\n\t\t\t\t\t\t\t\t\t\t<img width=\"1000\" height=\"500\" src=\"https:\/\/retouch-nexus.eu\/wp-content\/uploads\/2026\/01\/Slovakian-PB.png\" class=\"attachment-1080x675 size-1080x675 wp-post-image\" alt=\"\" decoding=\"async\" loading=\"lazy\" srcset=\"https:\/\/retouch-nexus.eu\/wp-content\/uploads\/2026\/01\/Slovakian-PB.png 1000w, https:\/\/retouch-nexus.eu\/wp-content\/uploads\/2026\/01\/Slovakian-PB-980x490.png 980w, https:\/\/retouch-nexus.eu\/wp-content\/uploads\/2026\/01\/Slovakian-PB-480x240.png 480w\" sizes=\"(min-width: 0px) and (max-width: 480px) 480px, (min-width: 481px) and (max-width: 980px) 980px, (min-width: 981px) 1000px, 100vw\" \/>\t\t\t\t\t\t\t\t\t<\/a>\n\t\t\t\t\t\t\t\t<\/div>\n\t\t\t\t\t\t\t<\/div>\n\t\t\t\t\t\t\n\t\t\t\t\t\t<div class=\"dsm-entry-wrapper\">\n\t\t\t\t\t\t\t\t\t\t\t\t\t\t<header class=\"dsm-entry-header\">\n\t\t\t\t\t\t\t\t\t\t<h2 class=\"dsm-entry-title\">\n\t\t\t\t\t\t\t\t\t\t\t<a href=\"https:\/\/retouch-nexus.eu\/sk\/2026\/01\/23\/new-policy-brief-pathways-towards-improved-integrated-water-governance-in-slovakia\/\" title=\"Nov\u00fd politick\u00fd dokument: Cesty k lep\u0161iemu integrovan\u00e9mu riadeniu vodn\u00e9ho hospod\u00e1rstva na Slovensku\">\n\t\t\t\t\t\t\t\t\t\t\t\tNov\u00fd politick\u00fd dokument: Cesty k lep\u0161iemu integrovan\u00e9mu riadeniu vodn\u00e9ho hospod\u00e1rstva na Slovensku\t\t\t\t\t\t\t\t\t\t\t<\/a>\n\t\t\t\t\t\t\t\t\t<\/h2>\n\t\t\t\t\t\t\t\t<\/header>\n\t\t\t\t\t\t\n\t\t\t\t\t\t\t\t\t\t\t\t\t<div class=\"dsm-entry-meta\">\n\t\t\t\t\t\t\t\t\t\t\t\t\t\t\t\t\t\t\t\t\t\t\t\t\t<span class=\"dsm-meta-seperator\">|<\/span>\n\t\t\t\t\t\t\t\t\t<span class=\"dsm-posted-on\"><time datetime=\"jan 23, 2026\">jan 23, 2026<\/time><\/span>\n\t\t\t\t\t\t\t\t\t\t\t\t\t\t\t\t\t\t\t\t\t\t\t<\/div>\n\t\t\t\t\t\t\t\n\t\t\t\t\t\t\t\t\t\t\t\t\t\t<div class=\"dsm-entry-content\">\n\t\t\t\t\t\t\t\t<div class=\"dsm-post-excerpt\">\n\t\t\t\t\t\t\t\t\t<p><\/p>\n\t\t\t\t\t\t\t\t<\/div>\n\t\t\t\t\t\t\t<\/div>\n\t\t\t\t\t\t\t\n\t\t\t\t\t\t\t\t\n\t\t\t\t\t\t\t\t\t\t\t\t\t<\/div>\n\t\t\t\t\t<\/div>\n\t\t\t\t<\/article>\n\n\t\t\t\t\n\t\t\t\t\t<\/div>\n\t\t\t\t<\/div>\n\t\t\t\t<div class=\"swiper-button-next swiper-arrow-button dsm-arrow-button-next2\" data-icon=\"5\"><\/div>\n\t\t\t\t<div class=\"swiper-button-prev swiper-arrow-button dsm-arrow-button-prev2\" data-icon=\"4\"><\/div>\n\t\t\t\t<div class=\"swiper-container-horizontal\">\n\t\t\t\t\t<div class=\"swiper-pagination dsm-pagination2\"><\/div>\n\t\t\t\t<\/div>\n\t\t\t<\/div>\n\t\t\t\t<\/div>\n\t\t\t<\/div><\/p>","protected":false},"author":2,"featured_media":0,"parent":0,"menu_order":0,"comment_status":"closed","ping_status":"closed","template":"","meta":{"_acf_changed":false,"_et_pb_use_builder":"on","_et_pb_old_content":"","_et_gb_content_width":"","_uf_show_specific_survey":0,"_uf_disable_surveys":false,"footnotes":""},"class_list":["post-4405157","page","type-page","status-publish","hentry"],"acf":[],"aioseo_notices":[],"_links":{"self":[{"href":"https:\/\/retouch-nexus.eu\/sk\/wp-json\/wp\/v2\/pages\/4405157","targetHints":{"allow":["GET"]}}],"collection":[{"href":"https:\/\/retouch-nexus.eu\/sk\/wp-json\/wp\/v2\/pages"}],"about":[{"href":"https:\/\/retouch-nexus.eu\/sk\/wp-json\/wp\/v2\/types\/page"}],"author":[{"embeddable":true,"href":"https:\/\/retouch-nexus.eu\/sk\/wp-json\/wp\/v2\/users\/2"}],"replies":[{"embeddable":true,"href":"https:\/\/retouch-nexus.eu\/sk\/wp-json\/wp\/v2\/comments?post=4405157"}],"version-history":[{"count":3,"href":"https:\/\/retouch-nexus.eu\/sk\/wp-json\/wp\/v2\/pages\/4405157\/revisions"}],"predecessor-version":[{"id":4405162,"href":"https:\/\/retouch-nexus.eu\/sk\/wp-json\/wp\/v2\/pages\/4405157\/revisions\/4405162"}],"wp:attachment":[{"href":"https:\/\/retouch-nexus.eu\/sk\/wp-json\/wp\/v2\/media?parent=4405157"}],"curies":[{"name":"wp","href":"https:\/\/api.w.org\/{rel}","templated":true}]}}